{"id":95,"date":"2017-07-05T11:11:45","date_gmt":"2017-07-05T09:11:45","guid":{"rendered":"http:\/\/www.imf.asso.fr\/pages\/?page_id=95"},"modified":"2026-03-12T11:25:41","modified_gmt":"2026-03-12T10:25:41","slug":"dees","status":"publish","type":"page","link":"https:\/\/www.imf.asso.fr\/pages\/?page_id=95","title":{"rendered":"DEES"},"content":{"rendered":"<div class=\"post_sous-title\"><a title=\"Permalien vers DEES\" href=\"\/pages\/?page_id=95\" rel=\"bookmark\">Dipl\u00f4me d&rsquo;Etat d&rsquo;Educateur Sp\u00e9cialise<\/a><\/div>\n<p><span style=\"font-size: 12pt; padding: 0 0 0 7px;\"> Niveau du dipl\u00f4me : <strong>Niveau 6 <em>(anciennement II) <\/em><\/strong><\/span><!--more--><\/p>\n<div style=\"margin: 0 30px 0 0; max-width: 600px; height: 100%; float: left;\">\n<p><span style=\"color: #1d60ab;\"><strong>L\u2019\u00e9ducateur sp\u00e9cialis\u00e9 intervient dans l\u2019accompagnement \u00e9ducatif et social d\u2019enfants et d\u2019adolescents ou au soutien d\u2019adultes pr\u00e9sentant un handicap, des troubles du comportement ou qui ont des difficult\u00e9s d\u2019insertion. <\/strong><\/span><\/p>\n<p align=\"JUSTIFY\">Par le soutien qu\u2019il apporte et par les projets qu\u2019il \u00e9labore, il aide les personnes en difficult\u00e9 \u00e0 restaurer ou \u00e0 pr\u00e9server leur autonomie, \u00e0 d\u00e9velopper leurs capacit\u00e9s de socialisation, d\u2019int\u00e9gration et d\u2019insertion. Il favorise \u00e9galement les actions de pr\u00e9vention. Son intervention se situe aussi bien dans le champ du handicap, de la protection de l\u2019enfance, de l\u2019insertion sociale et professionnelle, de la pr\u00e9vention sp\u00e9cialis\u00e9e. Il est \u00e9galement de plus en plus appel\u00e9 \u00e0 intervenir dans le cadre de projets de d\u00e9veloppement local.<\/p>\n<p align=\"JUSTIFY\"><strong>Ses comp\u00e9tences sont sollicit\u00e9es :<\/strong><\/p>\n<ul>\n<li>en milieu ouvert\u00a0: association de pr\u00e9vention (dont centres sociaux), action \u00e9ducative en milieu ouvert (AEMO), aide sociale \u00e0 l\u2019enfance, suivi des b\u00e9n\u00e9ficiaires du RSA, service d&rsquo;\u00e9ducation sp\u00e9ciale et de soins \u00e0 domicile (SESSAD), centres m\u00e9dico-psycho-p\u00e9dagogiques\u00a0(CMPP)&#8230;<\/li>\n<li>en \u00e9tablissement, que ce soit en internat ou en externat : foyers de jeunes travailleurs, \u00e9tablissements et services d\u2019aide par le travail (ESAT), instituts m\u00e9dico-\u00e9ducatifs (IME), centres d\u2019h\u00e9bergement et de r\u00e9insertion sociale (CHRS), maisons d\u2019accueil sp\u00e9cialis\u00e9 (MAS), maisons d\u2019enfants \u00e0 caract\u00e8re social (MECS)&#8230;\u00a0<\/li>\n<\/ul>\n<\/div>\n<div style=\"width: 200px; float: left; margin: 20px 0 0 0;\">\n<p><a style=\"background-color: #fff; padding: 10px 10px; border-radius: 45px; border: 1px solid #cb6ce6;\" href=\"https:\/\/www.imf.asso.fr\/pages\/?page_id=614\"><strong>Se pr\u00e9-inscrire<\/strong><\/a><\/p>\n<p><a style=\"background-color: #fff; padding: 10px 10px; border-radius: 45px; border: 1px solid #cb6ce6;\" href=\"https:\/\/www.imf.asso.fr\/pages\/?page_id=189\"><strong>La formation en d\u00e9tail<\/strong><\/a><\/p>\n<p><a style=\"background-color: #fff; padding: 10px 10px; border-radius: 45px; border: 1px solid #cb6ce6;\" href=\"https:\/\/www.imf.asso.fr\/pages\/wp-content\/uploads\/f_dees_260305.pdf\"><strong>La fiche formation (pdf)<\/strong><\/a><\/p>\n<p><a style=\"background-color: #fff; padding: 10px 10px; border-radius: 45px; border: 1px solid #cb6ce6;\" href=\"https:\/\/www.imf.asso.fr\/pages\/?page_id=1641\"><strong>Les taux de r\u00e9ussite\u00a0<\/strong><\/a><\/p>\n<p>RNCP <em><strong>37676<\/strong><\/em><br \/>\nFormacode <em>44072<\/em><br \/>\nCode NSF <strong>332<br \/>\n<span style=\"font-size: 8pt; line-height: 1px;\">Cette fiche prend en consid\u00e9ration <br \/>\n<span style=\"color: #1d60ab;\">la r\u00e9forme des formations de niveau 6<\/span>, qui entrera en vigueur <span style=\"color: #1d60ab;\">en septembre 2026<\/span>.<\/span><br \/>\n<\/strong><\/p>\n<p><img decoding=\"async\" loading=\"lazy\" class=\"wp-image-4332 aligncenter\" src=\"\/pages\/wp-content\/uploads\/DL_05_Grade_L-260x300.gif\" alt=\"\" width=\"139\" height=\"161\" \/><\/p>\n<\/div>\n<p style=\"clear: both;\">\u00a0<\/p>\n<div class=\"factice-child-page\"><a href=\"https:\/\/www.imf.asso.fr\/pages\/?page_id=614\">La s\u00e9lection<\/a><\/div>\n","protected":false},"excerpt":{"rendered":"<div class=\"post_sous-title\"><a title=\"Permalien vers DEES\" href=\"\/pages\/?page_id=95\" rel=\"bookmark\">Dipl\u00f4me d&rsquo;Etat d&rsquo;Educateur Sp\u00e9cialise<\/a><\/div>\n<p><span style=\"font-size: 12pt; padding: 0 0 0 7px;\"> Niveau du dipl\u00f4me : <strong>Niveau 6 <em>(anciennement II) <\/em><\/strong><\/span><\/p><p><a class=\"more-link btn\" href=\"https:\/\/www.imf.asso.fr\/pages\/?page_id=95\">Lire la suite<\/a><\/p>\n","protected":false},"author":1,"featured_media":0,"parent":85,"menu_order":6,"comment_status":"closed","ping_status":"closed","template":"template-twocolumnsleft.php","meta":{"footnotes":""},"_links":{"self":[{"href":"https:\/\/www.imf.asso.fr\/pages\/index.php?rest_route=\/wp\/v2\/pages\/95"}],"collection":[{"href":"https:\/\/www.imf.asso.fr\/pages\/index.php?rest_route=\/wp\/v2\/pages"}],"about":[{"href":"https:\/\/www.imf.asso.fr\/pages\/index.php?rest_route=\/wp\/v2\/types\/page"}],"author":[{"embeddable":true,"href":"https:\/\/www.imf.asso.fr\/pages\/index.php?rest_route=\/wp\/v2\/users\/1"}],"replies":[{"embeddable":true,"href":"https:\/\/www.imf.asso.fr\/pages\/index.php?rest_route=%2Fwp%2Fv2%2Fcomments&post=95"}],"version-history":[{"count":4,"href":"https:\/\/www.imf.asso.fr\/pages\/index.php?rest_route=\/wp\/v2\/pages\/95\/revisions"}],"predecessor-version":[{"id":16566,"href":"https:\/\/www.imf.asso.fr\/pages\/index.php?rest_route=\/wp\/v2\/pages\/95\/revisions\/16566"}],"up":[{"embeddable":true,"href":"https:\/\/www.imf.asso.fr\/pages\/index.php?rest_route=\/wp\/v2\/pages\/85"}],"wp:attachment":[{"href":"https:\/\/www.imf.asso.fr\/pages\/index.php?rest_route=%2Fwp%2Fv2%2Fmedia&parent=95"}],"curies":[{"name":"wp","href":"https:\/\/api.w.org\/{rel}","templated":true}]}}