{"id":83,"date":"2017-07-05T11:08:24","date_gmt":"2017-07-05T09:08:24","guid":{"rendered":"http:\/\/www.imf.asso.fr\/pages\/?page_id=83"},"modified":"2026-04-13T14:50:22","modified_gmt":"2026-04-13T12:50:22","slug":"deis","status":"publish","type":"page","link":"https:\/\/www.imf.asso.fr\/pages\/?page_id=83","title":{"rendered":"DEIS"},"content":{"rendered":"<div class=\"post_sous-title\"><a title=\"Permalien vers DEIS\" href=\"\/pages\/?page_id=83\" rel=\"bookmark\">Dipl\u00f4me d&rsquo;Etat d&rsquo;Ing\u00e9nierie Sociale<\/a><\/div>\n<p><span style=\"font-size: 12pt; padding: 0 0 0 7px;\"> Niveau du dipl\u00f4me : <strong>Bac+5 ou Niveau 7<\/strong><\/span> <!--more--><\/p>\n<div style=\"margin: 0 30px 0 0; max-width: 600px; height: 100%; float: left;\">\n<p><span style=\"color: #1d60ab;\"><strong><span data-ogsc=\"rgb(0, 0, 0)\" data-olk-copy-source=\"MessageBody\">Les titulaires du DEIS ont la capacit\u00e9 de rep\u00e9rer d&rsquo;expliciter et d&rsquo;organiser des r\u00e9ponses \u00e0 partir d&rsquo;une expertise technique \u00e0 vis\u00e9e sociale.<\/span> <\/strong><\/span><span data-ogsc=\"rgb(0, 0, 0)\" data-olk-copy-source=\"MessageBody\">\u00a0Le secteur de l&rsquo;intervention sociale, les politiques publiques et l&rsquo;ancrage territorial sont les contenus de ce nouveau m\u00e9tier. Les titulaires de ce dipl\u00f4me sont tout d&rsquo;abord des experts des politiques sociales, de l&rsquo;action sociale et m\u00e9dico-sociale. Ils sont donc en mesure d&rsquo;exploiter les r\u00e9f\u00e9rences professionnelles et les connaissances pluridisciplinaires acquises, de tenir compte des diff\u00e9rentes politiques publiques pour analyser et probl\u00e9matiser des questions sociales, interroger les politiques et les actions, proposer et conduire des programmes ou des projets complexes Ces comp\u00e9tences sont \u00e9galement transf\u00e9rables dans le domaine de la formation. Leurs comp\u00e9tences les am\u00e8nent \u00e0 occuper des fonctions de type charg\u00e9 de mission, conseiller technique, charg\u00e9 de d\u00e9veloppement, charg\u00e9 d&rsquo;\u00e9tude coordonnateur de projet.<\/span><\/p>\n<p><span data-ogsc=\"rgb(0, 0, 0)\"><strong>La Sp\u00e9cificit\u00e9 de notre action<\/strong> : l&rsquo;int\u00e9gration d&rsquo;une dimension internationale : Orient\u00e9e en particulier vers les pays du sud de la M\u00e9diterran\u00e9e. Cette ouverture \u00e0 l&rsquo;Internationale permet la pr\u00e9paration des futurs cadres d\u00e9veloppeurs \u00e0 r\u00e9pondre aux enjeux de la mondialisation dans le secteur de l&rsquo;Ing\u00e9nierie Sociale.<\/span><\/p>\n<p><span data-ogsc=\"rgb(0, 0, 0)\">Il consolide une fonction cadre in\u00e9dite dans le travail social qui vient compl\u00e9ter celles port\u00e9es par le <\/span><span data-ogsc=\"rgb(0, 0, 0)\">CAFERUIS et le CAFDES, Le dipl\u00f4me est enregistr\u00e9 au niveau 7 du r\u00e9pertoire national des <\/span><span data-ogsc=\"rgb(0, 0, 0)\">certifications professionnelles (RNCP) La formation est organisee dans le cadre dune convention de <\/span><span data-ogsc=\"rgb(0, 0, 0)\">coop\u00e9ration entre une universit\u00e9 ou un \u00e9tablissement d&rsquo;enseignement sup\u00e9rieur et un \u00e9tablissement de formation pr\u00e9parant aux dipl\u00f4mes de travail social.<\/span><\/p>\n<p><img decoding=\"async\" loading=\"lazy\" class=\"alignnone size-full wp-image-17098\" src=\"https:\/\/www.imf.asso.fr\/pages\/wp-content\/uploads\/1776075109807.jpg\" alt=\"\" width=\"800\" height=\"800\" srcset=\"https:\/\/www.imf.asso.fr\/pages\/wp-content\/uploads\/1776075109807.jpg 800w, https:\/\/www.imf.asso.fr\/pages\/wp-content\/uploads\/1776075109807-300x300.jpg 300w, https:\/\/www.imf.asso.fr\/pages\/wp-content\/uploads\/1776075109807-150x150.jpg 150w, https:\/\/www.imf.asso.fr\/pages\/wp-content\/uploads\/1776075109807-768x768.jpg 768w\" sizes=\"(max-width: 800px) 100vw, 800px\" \/><\/p>\n<\/div>\n<div style=\"width: 200px; float: left; margin: 20px 0 0 0;\">\n<p><a style=\"background-color: #fff; padding: 10px 10px; border-radius: 45px; border: 1px solid #cb6ce6;\" href=\"https:\/\/www.imf.asso.fr\/pages\/?page_id=630\"><strong>Se pr\u00e9-inscrire<\/strong><\/a><\/p>\n<p><a style=\"background-color: #fff; padding: 10px 10px; border-radius: 45px; border: 1px solid #cb6ce6;\" href=\"https:\/\/www.imf.asso.fr\/pages\/?page_id=179\"><strong>La formation en d\u00e9tail<\/strong><\/a><\/p>\n<p><a style=\"background-color: #fff; padding: 10px 10px; border-radius: 45px; border: 1px solid #cb6ce6;\" href=\"https:\/\/www.imf.asso.fr\/pages\/wp-content\/uploads\/DEIS-2026-2028.pdf\"><strong>Le calendrier 2026-2028<\/strong><\/a><\/p>\n<p><a style=\"background-color: #fff; padding: 10px 10px; border-radius: 45px; border: 1px solid #cb6ce6;\" href=\"https:\/\/www.imf.asso.fr\/pages\/wp-content\/uploads\/f_deis_260305.pdf\"><strong>La fiche formation (pdf)<\/strong><\/a><\/p>\n<p><a style=\"background-color: #fff; padding: 10px 10px; border-radius: 45px; border: 1px solid #cb6ce6;\" href=\"https:\/\/www.imf.asso.fr\/pages\/?page_id=1641\"><strong>Les taux de r\u00e9ussite\u00a0<\/strong><\/a><\/p>\n<p>RNCP <em><strong><span data-olk-copy-source=\"MessageBody\">39644<\/span><\/strong><\/em><br \/>\nFormacode <em>44004<\/em><br \/>\nCode NSF <em>332<\/em><\/p>\n<\/div>\n<p style=\"clear: both;\">\u00a0<\/p>\n<p>&nbsp;<\/p>\n<div>\u00a0<\/div>\n<div class=\"factice-child-page\"><a href=\"https:\/\/www.imf.asso.fr\/pages\/?page_id=630\">La s\u00e9lection<\/a><\/div>\n","protected":false},"excerpt":{"rendered":"<div class=\"post_sous-title\"><a title=\"Permalien vers DEIS\" href=\"\/pages\/?page_id=83\" rel=\"bookmark\">Dipl\u00f4me d&rsquo;Etat d&rsquo;Ing\u00e9nierie Sociale<\/a><\/div>\n<p><span style=\"font-size: 12pt; padding: 0 0 0 7px;\"> Niveau du dipl\u00f4me : <strong>Bac+5 ou Niveau 7<\/strong><\/span> <\/p><p><a class=\"more-link btn\" href=\"https:\/\/www.imf.asso.fr\/pages\/?page_id=83\">Lire la suite<\/a><\/p>\n","protected":false},"author":1,"featured_media":0,"parent":85,"menu_order":2,"comment_status":"closed","ping_status":"closed","template":"template-twocolumnsleft.php","meta":{"footnotes":""},"_links":{"self":[{"href":"https:\/\/www.imf.asso.fr\/pages\/index.php?rest_route=\/wp\/v2\/pages\/83"}],"collection":[{"href":"https:\/\/www.imf.asso.fr\/pages\/index.php?rest_route=\/wp\/v2\/pages"}],"about":[{"href":"https:\/\/www.imf.asso.fr\/pages\/index.php?rest_route=\/wp\/v2\/types\/page"}],"author":[{"embeddable":true,"href":"https:\/\/www.imf.asso.fr\/pages\/index.php?rest_route=\/wp\/v2\/users\/1"}],"replies":[{"embeddable":true,"href":"https:\/\/www.imf.asso.fr\/pages\/index.php?rest_route=%2Fwp%2Fv2%2Fcomments&post=83"}],"version-history":[{"count":3,"href":"https:\/\/www.imf.asso.fr\/pages\/index.php?rest_route=\/wp\/v2\/pages\/83\/revisions"}],"predecessor-version":[{"id":17100,"href":"https:\/\/www.imf.asso.fr\/pages\/index.php?rest_route=\/wp\/v2\/pages\/83\/revisions\/17100"}],"up":[{"embeddable":true,"href":"https:\/\/www.imf.asso.fr\/pages\/index.php?rest_route=\/wp\/v2\/pages\/85"}],"wp:attachment":[{"href":"https:\/\/www.imf.asso.fr\/pages\/index.php?rest_route=%2Fwp%2Fv2%2Fmedia&parent=83"}],"curies":[{"name":"wp","href":"https:\/\/api.w.org\/{rel}","templated":true}]}}