{"id":79,"date":"2017-07-05T11:05:59","date_gmt":"2017-07-05T09:05:59","guid":{"rendered":"http:\/\/www.imf.asso.fr\/pages\/?page_id=79"},"modified":"2024-07-24T10:17:15","modified_gmt":"2024-07-24T08:17:15","slug":"accompagnement-et-conseil","status":"publish","type":"page","link":"https:\/\/www.imf.asso.fr\/pages\/?page_id=79","title":{"rendered":"Accompagnement et conseil"},"content":{"rendered":"<p><!--more--><\/p>\n<table class=\"cell_align_content\">\n<tbody>\n<tr class=\"cell_background_title\">\n<td><span style=\"font-size: 14pt;\"><strong><span style=\"color: #1d60ab;\">4 points d\u2019appui<\/span><\/strong><\/span><\/td>\n<\/tr>\n<tr>\n<td>\n<ol>\n<li><strong>Une finalit\u00e9 :<\/strong> \u00eatre aux c\u00f4t\u00e9s des professionnels, au service de votre dynamique apprenante. Le savoir est \u00e0 l\u2019endroit o\u00f9 l\u2019action s\u2019exerce, savoir que notre intervention a pour objet d\u2019aider \u00e0 rendre visible.<\/li>\n<li><strong>Une volont\u00e9 :<\/strong> partir des attentes de chaque site et construire ensemble ce qui peut soutenir au mieux votre capacit\u00e9 \u00e0 r\u00e9pondre \u00e0 vos missions. Celles-ci vous confrontent \u00e0 la nouveaut\u00e9, \u00e0 des\u00a0 innovations qui r\u00e9clament du \u00ab\u00a0sur mesure\u00a0\u00bb.<\/li>\n<li><strong>Une \u00e9thique :<\/strong> valoriser la singularit\u00e9 de chaque structure dans son approche des difficult\u00e9s des personnes accueillies et la mise en \u0153uvre de r\u00e9ponses toujours mieux adapt\u00e9es. La standardisation n\u2019a pas sa place dans les m\u00e9tiers de l\u2019humain.<\/li>\n<li><strong>Une charte :<\/strong> la qualit\u00e9 se construit en avan\u00e7ant avec les professionnels. Au-del\u00e0 des logiques de satisfaction, elle se mesure par l\u2019impact sur les pratiques et les effets aupr\u00e8s des professionnels et des publics qui mobilisent vos comp\u00e9tences.<\/li>\n<\/ol>\n<p>L\u2019<strong>IMF RIS<\/strong> s\u2019engage \u00e0 assurer une ad\u00e9quation entre vos objectifs et les moyens que nous mettons en \u0153uvre : analyse de la demande, qualification des intervenants, dynamique interactive avec les participants, exigence partag\u00e9e et p\u00e9dagogie adapt\u00e9e.<\/p>\n<\/td>\n<\/tr>\n<\/tbody>\n<\/table>\n<table class=\"cell_align_content\">\n<tbody>\n<tr class=\"cell_background_title\">\n<td><strong><span style=\"font-size: 14pt; color: #1d60ab;\">Une r\u00e9ponse d\u00e9clin\u00e9e selon les objectifs propres \u00e0 chaque situation<\/span><\/strong><\/td>\n<\/tr>\n<tr>\n<td>\n<p>L\u2019<strong>IMF RIS<\/strong> r\u00e9pond aux sp\u00e9cificit\u00e9s de chaque structure, \u00e0 la diversit\u00e9 de ses objectifs\u00a0 et des actions qu\u2019elle souhaite conduire\u00a0 par une offre diversifi\u00e9e, d\u00e9clin\u00e9e et hi\u00e9rarchis\u00e9e selon la r\u00e9alit\u00e9 des besoins :<\/p>\n<ul>\n<li>Appui \u00e0 l\u2019action \u00e9ducative<\/li>\n<li>Analyse des pratiques au service de la professionnalisation<\/li>\n<li>Aide \u00e0 la r\u00e9daction de projets<\/li>\n<li>Co-\u00e9laboration d\u2019une m\u00e9thodologie d\u2019intervention<\/li>\n<li>Aide au diagnostic<\/li>\n<li>Accompagnement au changement<\/li>\n<li>Evaluation des projets et des pratiques (\u00e9valuation interne et externe)<\/li>\n<li>D\u00e9veloppement d\u2019une capacit\u00e9 r\u00e9flexive d\u2019une \u00e9quipe (\u00e9quipe de direction incluse)<\/li>\n<li>Conseil aux \u00e9tablissements et services<\/li>\n<li>Etude, recherche<\/li>\n<\/ul>\n<\/td>\n<\/tr>\n<\/tbody>\n<\/table>\n<table border=\"0\" width=\"100%\" cellspacing=\"0\" cellpadding=\"0\" align=\"center\">\n<tbody>\n<tr class=\"cell_background_title\">\n<td><span style=\"color: #1d60ab; font-size: 14pt;\"><strong>Contact<\/strong><\/span><\/td>\n<\/tr>\n<tr>\n<td>Pour plus d&rsquo;information, veuillez prendre contact avec notre\u00a0<a href=\"mailto:imf.poledev@imf.asso.fr\">P\u00f4le D\u00e9veloppement &amp; Projets<\/a><\/td>\n<\/tr>\n<\/tbody>\n<\/table>\n<p>&nbsp;<\/p>\n","protected":false},"excerpt":{"rendered":"","protected":false},"author":1,"featured_media":0,"parent":0,"menu_order":0,"comment_status":"closed","ping_status":"closed","template":"template-twocolumnsleft.php","meta":{"footnotes":""},"_links":{"self":[{"href":"https:\/\/www.imf.asso.fr\/pages\/index.php?rest_route=\/wp\/v2\/pages\/79"}],"collection":[{"href":"https:\/\/www.imf.asso.fr\/pages\/index.php?rest_route=\/wp\/v2\/pages"}],"about":[{"href":"https:\/\/www.imf.asso.fr\/pages\/index.php?rest_route=\/wp\/v2\/types\/page"}],"author":[{"embeddable":true,"href":"https:\/\/www.imf.asso.fr\/pages\/index.php?rest_route=\/wp\/v2\/users\/1"}],"replies":[{"embeddable":true,"href":"https:\/\/www.imf.asso.fr\/pages\/index.php?rest_route=%2Fwp%2Fv2%2Fcomments&post=79"}],"version-history":[{"count":2,"href":"https:\/\/www.imf.asso.fr\/pages\/index.php?rest_route=\/wp\/v2\/pages\/79\/revisions"}],"predecessor-version":[{"id":11357,"href":"https:\/\/www.imf.asso.fr\/pages\/index.php?rest_route=\/wp\/v2\/pages\/79\/revisions\/11357"}],"wp:attachment":[{"href":"https:\/\/www.imf.asso.fr\/pages\/index.php?rest_route=%2Fwp%2Fv2%2Fmedia&parent=79"}],"curies":[{"name":"wp","href":"https:\/\/api.w.org\/{rel}","templated":true}]}}