{"id":7535,"date":"2021-09-02T12:06:54","date_gmt":"2021-09-02T10:06:54","guid":{"rendered":"https:\/\/www.imf.asso.fr\/pages\/?page_id=7535"},"modified":"2025-11-06T11:13:09","modified_gmt":"2025-11-06T10:13:09","slug":"les-referentiels-de-formation","status":"publish","type":"page","link":"https:\/\/www.imf.asso.fr\/pages\/?page_id=7535","title":{"rendered":"Les r\u00e9f\u00e9rentiels de formation"},"content":{"rendered":"<table style=\"border-collapse: collapse; width: 100%;\">\n<tbody>\n<tr>\n<td style=\"width: 100%;\">\n<p><span style=\"color: #ff6600;\"><strong>DEAES &#8211; ACCOMPAGNANT EDUCATIF ET SOCIAL<\/strong><\/span><\/p>\n<p><a href=\"https:\/\/www.legifrance.gouv.fr\/jorf\/id\/JORFTEXT000045366005\"><span style=\"text-decoration: underline;\"><strong>Arr\u00eat\u00e9<\/strong> <\/span>du 28 f\u00e9vrier 2022 modifiant l&rsquo;arr\u00eat\u00e9 du 30 ao\u00fbt 2021<\/a> relatif au dipl\u00f4me d&rsquo;Etat d&rsquo;accompagnant \u00e9ducatif et social<\/p>\n<p><a href=\"https:\/\/www.legifrance.gouv.fr\/jorf\/id\/JORFTEXT000043990824\"><span style=\"text-decoration: underline;\"><strong>Arr\u00eat\u00e9<\/strong><\/span> du 30 ao\u00fbt 2021<\/a> relatif au dipl\u00f4me d&rsquo;Etat d&rsquo;accompagnant \u00e9ducatif et social<\/p>\n<p><a href=\"https:\/\/www.legifrance.gouv.fr\/jorf\/id\/JORFTEXT000043990747\"><strong>D\u00e9cret<\/strong> n\u00b0 2021-1133 du 30 ao\u00fbt 2021<\/a> relatif au dipl\u00f4me d&rsquo;Etat d&rsquo;accompagnant \u00e9ducatif et social<\/p>\n<\/td>\n<\/tr>\n<tr>\n<td style=\"width: 100%;\">\n<p><span style=\"color: #ff6600;\"><strong>DEASS &#8211; ASSISTANT DE SERVICE SOCIAL<\/strong><\/span><\/p>\n<p><span style=\"font-size: 12pt;\"><span class=\"tit1_notCourte\"><a href=\"https:\/\/www.legifrance.gouv.fr\/jorf\/id\/JORFTEXT000046214075\"><span style=\"text-decoration: underline;\"><strong>Arr\u00eat\u00e9<\/strong> <\/span>du 9 ao\u00fbt 2022 portant modification des arr\u00eat\u00e9s du 22 ao\u00fbt 2018<\/a> relatifs au dipl\u00f4me d\u2019Etat d\u2019assistant de service social, au dipl\u00f4me d\u2019Etat d\u2019\u00e9ducateur sp\u00e9cialis\u00e9, au dipl\u00f4me d\u2019Etat d\u2019\u00e9ducateur de jeunes enfants, au dipl\u00f4me d\u2019Etat d\u2019\u00e9ducateur technique sp\u00e9cialis\u00e9 et au dipl\u00f4me d\u2019Etat de conseiller en \u00e9conomie sociale familiale<\/span><\/span><\/p>\n<p><a href=\"https:\/\/www.legifrance.gouv.fr\/loda\/id\/JORFTEXT000037324644\/\"><span style=\"text-decoration: underline;\"><strong>Arr\u00eat\u00e9<\/strong><\/span> du 22 ao\u00fbt 2018<\/a> relatif au dipl\u00f4me d&rsquo;Etat d&rsquo;assistant de service social (DEASS) + annexes &#8211; R\u00e9f\u00e9rentiels<\/p>\n<p><strong><span style=\"text-decoration: underline;\">Annexes &#8211; R\u00e9f\u00e9rentiels<br \/>\n<\/span><\/strong><a href=\"https:\/\/solidarites-sante.gouv.fr\/metiers-et-concours\/les-metiers-du-travail-social\/reforme-des-diplomes-en-travail-social\/article\/diplome-d-etat-d-assistant-de-service-social\" target=\"_blank\" rel=\"noopener\">https:\/\/solidarites-sante.gouv.fr\/metiers-et-concours\/les-metiers-du-travail-social\/reforme-des-diplomes-en-travail-social\/article\/diplome-d-etat-d-assistant-de-service-social<\/a><\/p>\n<\/td>\n<\/tr>\n<tr>\n<td style=\"width: 100%;\">\n<p><span style=\"color: #ff6600;\"><strong>DEIS &#8211; DIPLOME D&rsquo;ETAT D&rsquo;INGENIERIE SOCIALE<\/strong><\/span><\/p>\n<p class=\"main-title\"><a href=\"https:\/\/www.legifrance.gouv.fr\/jorf\/id\/JORFTEXT000049780162\"><span style=\"text-decoration: underline;\"><strong>Arr\u00eat\u00e9<\/strong> <\/span>du 17 juin 2024<\/a> portant modification de l&rsquo;arr\u00eat\u00e9 du 2 ao\u00fbt 2006 relatif au dipl\u00f4me d&rsquo;Etat d&rsquo;ing\u00e9nierie sociale<\/p>\n<p><a href=\"https:\/\/www.legifrance.gouv.fr\/jorf\/id\/JORFTEXT000000271730\"><span style=\"text-decoration: underline;\"><strong>Arr\u00eat\u00e9<\/strong><\/span> du 2 ao\u00fbt 2006<\/a> relatif au dipl\u00f4me d&rsquo;Etat d&rsquo;ing\u00e9nierie sociale<\/p>\n<\/td>\n<\/tr>\n<tr>\n<td style=\"width: 100%;\">\n<p><span style=\"color: #ff6600;\"><strong>DEEJE &#8211; EDUCATEUR DE JEUNES ENFANTS<\/strong><\/span><\/p>\n<p><a href=\"https:\/\/www.legifrance.gouv.fr\/affichTexte.do?cidTexte=JORFTEXT000037324590&amp;dateTexte=&amp;categorieLien=id\"><span style=\"text-decoration: underline;\"><strong>Arr\u00eat\u00e9<\/strong><\/span> du 22 ao\u00fbt 2018<\/a> relatif au dipl\u00f4me d&rsquo;Etat d\u2019\u00e9ducateur de jeunes enfants (DEEJE)<\/p>\n<p><strong><span style=\"text-decoration: underline;\">Annexes &#8211; R\u00e9f\u00e9rentiels<br \/>\n<\/span><\/strong><a href=\"https:\/\/solidarites-sante.gouv.fr\/metiers-et-concours\/les-metiers-du-travail-social\/reforme-des-diplomes-en-travail-social\/article\/diplome-d-etat-d-educateur-de-jeunes-enfants\">https:\/\/solidarites-sante.gouv.fr\/metiers-et-concours\/les-metiers-du-travail-social\/reforme-des-diplomes-en-travail-social\/article\/diplome-d-etat-d-educateur-de-jeunes-enfants<\/a><\/p>\n<\/td>\n<\/tr>\n<tr>\n<td style=\"width: 100%;\">\n<p><span style=\"color: #ff6600;\"><strong>DEES &#8211; EDUCATEUR SPECIALISE<\/strong><\/span><\/p>\n<p><a href=\"https:\/\/www.legifrance.gouv.fr\/affichTexte.do?cidTexte=JORFTEXT000037324563&amp;dateTexte=20181016\"><span style=\"text-decoration: underline;\"><strong>Arr\u00eat\u00e9<\/strong><\/span> du 22 ao\u00fbt 2018<\/a> relatif au dipl\u00f4me d&rsquo;Etat d&rsquo;\u00e9ducateur sp\u00e9cialis\u00e9 (DEES)<\/p>\n<p><span style=\"text-decoration: underline;\"><strong>Annexes &#8211; R\u00e9f\u00e9rentiels <br \/>\n<\/strong><\/span><a href=\"https:\/\/solidarites-sante.gouv.fr\/metiers-et-concours\/les-metiers-du-travail-social\/reforme-des-diplomes-en-travail-social\/article\/diplome-d-etat-d-educateur-specialise\" target=\"_blank\" rel=\"noopener\">https:\/\/solidarites-sante.gouv.fr\/metiers-et-concours\/les-metiers-du-travail-social\/reforme-des-diplomes-en-travail-social\/article\/diplome-d-etat-d-educateur-specialise<\/a><\/p>\n<\/td>\n<\/tr>\n<tr>\n<td style=\"width: 100%;\">\n<p><span style=\"color: #ff6600;\"><strong>DEME &#8211; MONITEUR EDUCATEUR<\/strong><\/span><\/p>\n<p><a href=\"https:\/\/www.legifrance.gouv.fr\/jorf\/id\/JORFTEXT000051357601\"><strong>Arr\u00eat\u00e9 du 18 mars 2025<\/strong> <\/a>modifiant l&rsquo;arr\u00eat\u00e9 du 5 juillet 2024<\/p>\n<p class=\"main-title\"><span style=\"font-size: 12pt;\"><a href=\"https:\/\/www.legifrance.gouv.fr\/jorf\/id\/JORFTEXT000049889174\"><span style=\"text-decoration: underline;\"><strong>Arr\u00eat\u00e9<\/strong> <\/span>du 5 juillet 2024<\/a> relatif au dipl\u00f4me d&rsquo;Etat de moniteur \u00e9ducateur<\/span><\/p>\n<p class=\"main-title\"><span style=\"font-size: 12pt;\"><a href=\"https:\/\/www.legifrance.gouv.fr\/jorf\/id\/JORFTEXT000049888982\"><span style=\"text-decoration: underline;\"><strong>D\u00e9cret<\/strong> <\/span>n\u00b0 2024-696 du 5 juillet 2024<\/a> relatif au dipl\u00f4me d&rsquo;Etat de moniteur \u00e9ducateur<\/span><\/p>\n<\/td>\n<\/tr>\n<tr>\n<td style=\"width: 100%;\">\n<p><span style=\"color: #ff6600;\"><strong>CAFDES &#8211; CERTIFICAT D&rsquo;APTITUDE AUX FONCTIONS DE DIRECTEUR D&rsquo;ETABLISSEMENT OU DE SERVICE D&rsquo;INTERVENTION SOCIALE<\/strong><\/span><\/p>\n<p><a href=\"https:\/\/www.legifrance.gouv.fr\/jorf\/id\/JORFTEXT000046221975\" target=\"_blank\" rel=\"noopener\"><strong><span style=\"text-decoration: underline;\">Arr\u00eat\u00e9<\/span><\/strong> du 27 ao\u00fbt 2022<\/a> relatif au certificat d&rsquo;aptitude aux fonctions aux fonctions de directeur d&rsquo;\u00e9tablissement ou de service d&rsquo;intervention sociale<\/p>\n<p><a href=\"https:\/\/www.legifrance.gouv.fr\/jorf\/id\/JORFTEXT000046221948\" target=\"_blank\" rel=\"noopener\"><span style=\"text-decoration: underline;\"><strong>D\u00e9cret<\/strong><\/span> n\u00b0 2022-1190 du 27 ao\u00fbt 2022<\/a> relatif au certificat d&rsquo;aptitude aux fonctions de directeur d&rsquo;\u00e9tablissement ou de service d&rsquo;intervention sociale<\/p>\n<p><a href=\"\/pages\/formations\/form_diplo\/cafdes\/arrete_dispense_EHESP-2019.pdf\" target=\"_blank\" rel=\"noopener noreferrer\"><span style=\"text-decoration: underline;\"><strong>Arr\u00eat\u00e9<\/strong><\/span> dispense EHESP 2019<\/a><\/p>\n<p><a href=\"http:\/\/www.sante.gouv.fr\/fichiers\/bo\/2007\/07-09\/a0090281.htm\" target=\"_blank\" rel=\"noopener noreferrer\"><span style=\"text-decoration: underline;\"><strong>Circulaire<\/strong> <\/span>N\u00b0DGAS\/SD4A\/2007\/310 du 06 ao\u00fbt 2007<\/a> relative aux modalit\u00e9s de la formation pr\u00e9paratoire et d&rsquo;obtention du certificat d&rsquo;aptitude aux fonctions de directeur d&rsquo;\u00e9tablissement ou de service d&rsquo;intervention sociale<\/p>\n<p><a href=\"https:\/\/www.legifrance.gouv.fr\/loda\/id\/JORFTEXT000000278231\/\"><span style=\"text-decoration: underline;\"><strong>Arr\u00eat\u00e9<\/strong><\/span> du 5 juin 2007<\/a> relatif au certificat d&rsquo;aptitude aux fonctions de directeur d&rsquo;\u00e9tablissement ou de service d&rsquo;intervention sociale (CAFDES) + Annexes &#8211; R\u00e9f\u00e9rentiel<\/p>\n<p><a href=\"https:\/\/www.legifrance.gouv.fr\/loda\/id\/JORFTEXT000000243854\/\"><span style=\"text-decoration: underline;\"><strong>D\u00e9cret<\/strong><\/span> n\u00b02007-577 du 19 avril 2007<\/a> relatif au certificat d&rsquo;aptitude aux fonctions de directeur d&rsquo;\u00e9tablissement ou de service d&rsquo;intervention sociale et modifiant le code de l&rsquo;action sociale et des familles (partie r\u00e9glementaire)<\/p>\n<p>Protocole de mise en oeuvre du certificat d&rsquo;aptitude aux fonctions de directeur d&rsquo;\u00e9tablissement ou de service d&rsquo;intervention sociale &#8211; Dispositif 2007 &#8211; en date du 21 octobre 2009<\/p>\n<\/td>\n<\/tr>\n<tr>\n<td style=\"width: 100%;\">\n<p><span style=\"color: #ff6600;\"><strong>CAFERUIS &#8211; CERTIFICAT D&rsquo;APTITUDE AUX FONCTIONS D&rsquo;ENCADREMENT ET DE RESPONSABLE D&rsquo;UNITE D&rsquo;INTERVENTION SOCIALE<\/strong><\/span><\/p>\n<div class=\"title_notCourte\">\n<p><span style=\"font-size: 12pt;\"><span class=\"tit1_notCourte\"><a href=\"https:\/\/www.imf.asso.fr\/pages\/wp-content\/uploads\/CAFERUIS_2023.23.sante_.pdf\"><span style=\"text-decoration: underline;\"><strong>Instruction<\/strong> <\/span>N\u00b0 DGCS\/SD4A\/2023\/154 du 1er d\u00e9cembre 2023<\/a> <\/span><span class=\"tit1_notCourte\">relative \u00e0 la mise en \u0153uvre de la<\/span><span class=\"tit1_notCourte\"><br \/>\nr\u00e9vision du certificat d&rsquo;aptitude aux fonctions d&rsquo;encadrement et de responsable d&rsquo;unit\u00e9 d&rsquo;intervention<br \/>\nsocial (CAFERUIS)<\/span>CAFERUIS_2023.23.sante<\/p>\n<p><\/span><a style=\"font-family: inherit; font-size: inherit;\" href=\"https:\/\/www.legifrance.gouv.fr\/jorf\/id\/JORFTEXT000046242832\" target=\"_blank\" rel=\"noopener\"><span style=\"text-decoration: underline;\"><strong>D\u00e9cret<\/strong><\/span> n\u00b0 2022-1208 du 31 ao\u00fbt 2022<\/a><span style=\"font-family: inherit; font-size: inherit; background-color: transparent;\"> relatif au certificat d&rsquo;aptitude aux fonctions d&rsquo;encadrement et de responsable d&rsquo;unit\u00e9 d&rsquo;intervention sociale<\/span><\/p>\n<\/div>\n<p><a href=\"https:\/\/www.legifrance.gouv.fr\/jorf\/id\/JORFTEXT000046242851\" target=\"_blank\" rel=\"noopener\"><span style=\"text-decoration: underline;\"><strong>Arr\u00eat\u00e9<\/strong><\/span> du 31 ao\u00fbt 2022<\/a> relatif au certificat d&rsquo;aptitude aux fonctions d&rsquo;encadrement et de responsable d&rsquo;unit\u00e9 d&rsquo;intervention sociale<\/p>\n<p><a href=\"http:\/\/www.legifrance.gouv.fr\/jopdf\/common\/jo_pdf.jsp?numJO=0&amp;dateJO=20050529&amp;numTexte=11&amp;pageDebut=09481&amp;pageFin=09481\"><span style=\"text-decoration: underline;\"><strong>Arr\u00eat\u00e9<\/strong><\/span> du 18 mai 2005<\/a> compl\u00e9tant l&rsquo;annexe IV de l&rsquo;arr\u00eat\u00e9 du 8 juin 2004 relatif au certificat d&rsquo;aptitude aux fonctions d&rsquo;encadrement et de responsable d&rsquo;unit\u00e9 d&rsquo;intervention sociale et ses annexes (document pdf L\u00e9gifrance).<\/p>\n<p><a href=\"http:\/\/www.legifrance.gouv.fr\/jopdf\/common\/jo_pdf.jsp?numJO=0&amp;dateJO=20050318&amp;numTexte=11&amp;pageDebut=04589&amp;pageFin=04590\" target=\"_blank\" rel=\"noopener noreferrer\"><span style=\"text-decoration: underline;\"><strong>Arr\u00eat\u00e9<\/strong><\/span> du 28 f\u00e9vrier 2005<\/a> modifiant l&rsquo;arr\u00eat\u00e9 du 8 juin 2004 relatif au certificat d&rsquo;aptitude aux fonctions d&rsquo;encadrement et de responsable d&rsquo;unit\u00e9 d&rsquo;intervention sociale et ses annexes (document pdf L\u00e9gifrance).<\/p>\n<p><a href=\"https:\/\/www.legifrance.gouv.fr\/loda\/id\/JORFTEXT000000255259\/\"><span style=\"text-decoration: underline;\"><strong>Arr\u00eat\u00e9<\/strong><\/span> du 8 Juin 2004<\/a> relatif au certificat d&rsquo;aptitude aux fonctions d&rsquo;encadrement et de responsable d&rsquo;unit\u00e9 d&rsquo;intervention sociale (CAFERUIS) + Annexes \u2013 R\u00e9f\u00e9rentiel<\/p>\n<\/td>\n<\/tr>\n<tr>\n<td style=\"width: 100%;\">\n<p><span style=\"color: #ff6600;\"><strong>TISF &#8211; TECHNICIEN DE L&rsquo;INTERVENTION SOCIALE ET FAMILIALE<\/strong><\/span><\/p>\n<p><a id=\"OWA799f2a11-cb45-26c2-15db-b80e74e73e80\" title=\"https:\/\/www.legifrance.gouv.fr\/jorf\/id\/JORFTEXT000051070199\" href=\"https:\/\/www.legifrance.gouv.fr\/jorf\/id\/JORFTEXT000051070199\" target=\"_blank\" rel=\"noopener noreferrer\" data-auth=\"NotApplicable\" data-linkindex=\"0\"><strong>Arr\u00eat\u00e9<\/strong> du 22 janvier 2025 <\/a>modifiant l&rsquo;arr\u00eat\u00e9 du 1er juillet 2024 relatif au Dipl\u00f4me d&rsquo;Etat de Technicien de l&rsquo;Intervention Sociale et Familiale<\/p>\n<p><a href=\"https:\/\/www.legifrance.gouv.fr\/jorf\/id\/JORFTEXT000049862129\"><strong>Arr\u00eat\u00e9<\/strong> du 1er juillet 2024<\/a> relatif au dipl\u00f4me d&rsquo;Etat de technicien de l&rsquo;intervention sociale et familiale<\/p>\n<p><a href=\"https:\/\/www.legifrance.gouv.fr\/jorf\/id\/JORFTEXT000049861926\"><span style=\"text-decoration: underline;\"><strong>D\u00e9cret<\/strong> <\/span>n\u00b0 2024-655 du 1er juillet 2024<\/a> relatif au dipl\u00f4me d&rsquo;Etat de technicien de l&rsquo;intervention sociale et familiale<\/p>\n<p><strong><span style=\"text-decoration: underline;\">Annexes &#8211; R\u00e9f\u00e9rentiels<\/span> <br \/>\n<\/strong><a href=\"https:\/\/solidarites-sante.gouv.fr\/IMG\/pdf\/technicien-intervention-sf.pdf\" target=\"_blank\" rel=\"noopener\">https:\/\/solidarites-sante.gouv.fr\/IMG\/pdf\/technicien-intervention-sf.pdf<\/a><\/p>\n<\/td>\n<\/tr>\n<\/tbody>\n<\/table>\n","protected":false},"excerpt":{"rendered":"<table style=\"border-collapse: collapse; width: 100%;\">\n<tr>\n<td style=\"width: 100%;\">\n<p><span style=\"color: #ff6600;\"><strong>DEAES &#8211; ACCOMPAGNANT EDUCATIF ET SOCIAL<\/strong><\/span><\/p>\n<p><a href=\"https:\/\/www.legifrance.gouv.fr\/jorf\/id\/JORFTEXT000045366005\"><span style=\"text-decoration: underline;\"><strong>Arr\u00eat\u00e9<\/strong> <\/span>du 28 f\u00e9vrier 2022 modifiant l&rsquo;arr\u00eat\u00e9 du 30 ao\u00fbt 2021<\/a> relatif au dipl\u00f4me d&rsquo;Etat d&rsquo;accompagnant \u00e9ducatif et social<\/p>\n<p><a href=\"https:\/\/www.legifrance.gouv.fr\/jorf\/id\/JORFTEXT000043990824\"><span style=\"text-decoration: underline;\"><strong>Arr\u00eat\u00e9<\/strong><\/span> du 30 ao\u00fbt 2021<\/a> relatif au dipl\u00f4me d&rsquo;Etat d&rsquo;accompagnant \u00e9ducatif et social<\/p>\n<p> &hellip; <\/p>\n<p><a class=\"more-link btn\" href=\"https:\/\/www.imf.asso.fr\/pages\/?page_id=7535\">Lire la suite<\/a><\/p>\n<\/td>\n<\/tr>\n<\/table>\n","protected":false},"author":1,"featured_media":0,"parent":0,"menu_order":0,"comment_status":"closed","ping_status":"closed","template":"","meta":{"footnotes":""},"_links":{"self":[{"href":"https:\/\/www.imf.asso.fr\/pages\/index.php?rest_route=\/wp\/v2\/pages\/7535"}],"collection":[{"href":"https:\/\/www.imf.asso.fr\/pages\/index.php?rest_route=\/wp\/v2\/pages"}],"about":[{"href":"https:\/\/www.imf.asso.fr\/pages\/index.php?rest_route=\/wp\/v2\/types\/page"}],"author":[{"embeddable":true,"href":"https:\/\/www.imf.asso.fr\/pages\/index.php?rest_route=\/wp\/v2\/users\/1"}],"replies":[{"embeddable":true,"href":"https:\/\/www.imf.asso.fr\/pages\/index.php?rest_route=%2Fwp%2Fv2%2Fcomments&post=7535"}],"version-history":[{"count":6,"href":"https:\/\/www.imf.asso.fr\/pages\/index.php?rest_route=\/wp\/v2\/pages\/7535\/revisions"}],"predecessor-version":[{"id":14988,"href":"https:\/\/www.imf.asso.fr\/pages\/index.php?rest_route=\/wp\/v2\/pages\/7535\/revisions\/14988"}],"wp:attachment":[{"href":"https:\/\/www.imf.asso.fr\/pages\/index.php?rest_route=%2Fwp%2Fv2%2Fmedia&parent=7535"}],"curies":[{"name":"wp","href":"https:\/\/api.w.org\/{rel}","templated":true}]}}