{"id":672,"date":"2018-02-14T10:42:02","date_gmt":"2018-02-14T09:42:02","guid":{"rendered":"http:\/\/www.imf.asso.fr\/pages\/?page_id=672"},"modified":"2025-12-05T13:12:10","modified_gmt":"2025-12-05T12:12:10","slug":"fc1645-moniteur-datelier","status":"publish","type":"page","link":"https:\/\/www.imf.asso.fr\/pages\/?page_id=672","title":{"rendered":"FC1645 &#8211; Moniteur d&rsquo;atelier (TMA)"},"content":{"rendered":"<div class=\"post_sous-title; non-visible\"><a title=\"Permalien vers FC1645 - Certificat Moniteur d'atelier)\" href=\"\/pages\/?page_id=672\" rel=\"bookmark\">Titre Moniteur d&rsquo;atelier<\/a><\/div>\n<p><!--more--><\/p>\n<table>\n<tbody>\n<tr>\n<td class=\"cell_background_img\"><a href=\"https:\/\/www.imf.asso.fr\/pages\/wp-content\/uploads\/FC1645-\u2013-Moniteur-datelier-1.pdf\"><img decoding=\"async\" loading=\"lazy\" class=\"alignnone wp-image-11324 size-large\" src=\"https:\/\/www.imf.asso.fr\/pages\/wp-content\/uploads\/FC1645-\u2013-Moniteur-datelier.png\" alt=\"\" width=\"945\" height=\"668\" \/><\/a><\/td>\n<\/tr>\n<\/tbody>\n<\/table>\n<p><em>documentation \u00e0 t\u00e9l\u00e9charger (plaquette, dossier d&rsquo;inscription, calendriers&#8230;) en page 2.<br \/>\n<\/em><!--nextpage--><\/p>\n<table>\n<tbody>\n<tr>\n<td>\n<h4><em>FC1645 &#8211; Certificat Moniteur d&rsquo;atelier (TMA)<\/em><\/h4>\n<\/td>\n<\/tr>\n<\/tbody>\n<\/table>\n<table>\n<tbody>\n<tr>\n<td>\n<ul>\n<li><a href=\"https:\/\/www.imf.asso.fr\/pages\/wp-content\/uploads\/FC1645-\u2013-Moniteur-datelier-1.pdf\" target=\"_blank\" rel=\"noopener noreferrer\"><strong>Fiche FC1645<\/strong><\/a><\/li>\n<li><a href=\"https:\/\/www.imf.asso.fr\/pages\/wp-content\/uploads\/Synthese-communiquante-TMA_0.pdf\"><strong>Fiche informative OPCO Sant\u00e9\/CPNE<\/strong><\/a><\/li>\n<li><a href=\"https:\/\/www.imf.asso.fr\/pages\/wp-content\/uploads\/CALENDRIER-TMA-25-26.pdf\"><strong>Calendrier Avignon 2025-2026<\/strong><\/a><\/li>\n<li><a href=\"https:\/\/www.imf.asso.fr\/pages\/wp-content\/uploads\/TMA2_2627.pdf\"><strong>Calendrier Avignon 2026-2027<\/strong><\/a><\/li>\n<\/ul>\n<hr \/>\n<p><span style=\"color: #1d60ab;\"><strong>DEVIS<br \/>\n<\/strong><\/span>Pour toutes demandes de devis, merci de faire un mail \u00e0 d&rsquo;adresse suivante, en indiquant vos noms, pr\u00e9noms et adresse postale : <a href=\"mailto:n.aine@imf.asso.fr\"><span style=\"color: #1d60ab;\"><b>n.aine@imf.asso.fr<\/b><\/span><\/a><\/p>\n<hr \/>\n<div><strong><span style=\"color: #1d60ab;\">PR\u00c9REQUIS<\/span><\/strong><\/div>\n<ul>\n<li><span data-olk-copy-source=\"MessageBody\">Les salari\u00e9s encadrant des personnes en situation de handicap, dans un ESAT ou une entreprise adapt\u00e9e, dans le cadre des dispositifs de formation continue<br \/>\n<span style=\"color: #1d60ab;\"><strong>OU<\/strong><\/span><\/span><\/li>\n<li><span data-olk-copy-source=\"MessageBody\">Les salari\u00e9s en reconversion professionnelle dans le cadre des dispositifs pr\u00e9vus \u00e0 cet effet (CPF, etc)<br \/>\n<span style=\"color: #1d60ab;\"><strong>OU<\/strong><\/span><\/span><\/li>\n<li><span data-olk-copy-source=\"MessageBody\">Les demandeurs d\u2019emploi pr\u00eats \u00e0 r\u00e9aliser une p\u00e9riode d\u2019immersion en entreprise (ESAT ou EA) obligatoire (minimum 70h).<\/span><\/li>\n<\/ul>\n<hr \/>\n<div><span style=\"color: #1d60ab;\"><strong>INSCRIPTION<\/strong><\/span><\/div>\n<div>Les dossiers de candidature et demandes de dispenses seront examin\u00e9s en commission d&rsquo;admission <strong><span style=\"color: #1d60ab;\">en juin<\/span><\/strong> <span style=\"color: #1d60ab;\"><strong>pour d\u00e9marrage en octobre<\/strong><\/span>.<\/div>\n<ol>\n<li style=\"list-style-type: none;\">\n<ol start=\"1\">\n<li>Pr\u00e9parez <span role=\"presentation\">votre CV et pi\u00e8ce d&rsquo;identit\u00e9<\/span><\/li>\n<li>D\u00e9posez votre candidature en <b><a href=\"https:\/\/imf.ymag.cloud\/index.php\/preinscription\/\">cliquant ici<\/a><\/b><span style=\"font-size: 10pt;\"><em><br \/>\nPour rappel, vous pourrez retourner \u00e0 tout moment dans votre dossier en ligne en <a href=\"https:\/\/imf.ymag.cloud\/index.php\/login\/\">cliquant ici<\/a>. Il vous sera demand\u00e9 de d\u00e9poser ult\u00e9rieurement sur votre espace les documents suivants : <\/em><\/span><em><span style=\"font-size: 10pt;\">une lettre motivation, et le cas \u00e9ch\u00e9ant, <\/span><span style=\"font-size: 10pt;\">les 3 derniers bulletins de salaire en qualit\u00e9 d&rsquo;encadrant de personnes en situation handicap ou un certificat d&rsquo;immersion en ESAT ou EA<\/span><\/em><\/li>\n<\/ol>\n<\/li>\n<\/ol>\n<\/td>\n<\/tr>\n<\/tbody>\n<\/table>\n<p>&nbsp;<\/p>\n<p><!--\n<b>Plus d'info :\u00a0<\/b><b><br \/>\n<\/b>Avignon\/Arles : <strong>04 13 35 46 86<\/strong> - <strong><a href=\"mailto:tma.avignon@imf.asso.fr\"><span data-olk-copy-source=\"MessageBody\">tma.avignon@imf.asso.fr<\/span><\/a><\/strong>\n\n\n<\/li>\n\n\n\t\n\n<li><strong>Pour s'inscrire, remplir le <a href=\"https:\/\/www.imf.asso.fr\/pages\/wp-content\/uploads\/TMA-DOSSIER-INSCRIPTION-2025.pdf\">dossier d'inscription suivant<\/a><\/strong><em>\u00a0<\/em><strong>et nous le renvoyer avant le 30 septembre 2025 \u00e0 l'adresse suivante : <a href=\"mailto:tma.avignon@imf.asso.fr\"><span data-olk-copy-source=\"MessageBody\">tma.avignon@imf.asso.fr<\/span><\/a>. <\/strong>Vous serez ensuite contact\u00e9 pour un entretien de positionnement \u00e0 l'une des dates suivantes :\n\n\n\n\n\n\n\n\n\n\n\n\n\n\n\n\n\n\n\n<ul data-editing-info=\"{&quot;applyListStyleFromLevel&quot;:false,&quot;unorderedStyleType&quot;:2}\">\n\t\n\n<li>\n\n\n<div>24\/06\/2025<\/div>\n\n\n<\/li>\n\n\n\t\n\n<li>\n\n\n<div>25\/06\/2025<\/div>\n\n\n<\/li>\n\n\n\t\n\n<li>\n\n\n<div>02\/07\/2025<\/div>\n\n\n<\/li>\n\n\n\t\n\n<li>\n\n\n<div>02\/09\/2025<\/div>\n\n\n<\/li>\n\n\n<\/ul>\n\n\n\n\n\n\n\n\n\n\n\n\n\n\n\n\n\n--><\/p>\n<div>\u00a0<\/div>\n","protected":false},"excerpt":{"rendered":"<div class=\"post_sous-title; non-visible\"><a title=\"Permalien vers FC1645 - Certificat Moniteur d'atelier)\" href=\"\/pages\/?page_id=672\" rel=\"bookmark\">Titre Moniteur d&rsquo;atelier<\/a><\/div>\n","protected":false},"author":1,"featured_media":10771,"parent":47,"menu_order":9,"comment_status":"closed","ping_status":"closed","template":"template-twocolumnsleft.php","meta":{"footnotes":""},"_links":{"self":[{"href":"https:\/\/www.imf.asso.fr\/pages\/index.php?rest_route=\/wp\/v2\/pages\/672"}],"collection":[{"href":"https:\/\/www.imf.asso.fr\/pages\/index.php?rest_route=\/wp\/v2\/pages"}],"about":[{"href":"https:\/\/www.imf.asso.fr\/pages\/index.php?rest_route=\/wp\/v2\/types\/page"}],"author":[{"embeddable":true,"href":"https:\/\/www.imf.asso.fr\/pages\/index.php?rest_route=\/wp\/v2\/users\/1"}],"replies":[{"embeddable":true,"href":"https:\/\/www.imf.asso.fr\/pages\/index.php?rest_route=%2Fwp%2Fv2%2Fcomments&post=672"}],"version-history":[{"count":3,"href":"https:\/\/www.imf.asso.fr\/pages\/index.php?rest_route=\/wp\/v2\/pages\/672\/revisions"}],"predecessor-version":[{"id":15507,"href":"https:\/\/www.imf.asso.fr\/pages\/index.php?rest_route=\/wp\/v2\/pages\/672\/revisions\/15507"}],"up":[{"embeddable":true,"href":"https:\/\/www.imf.asso.fr\/pages\/index.php?rest_route=\/wp\/v2\/pages\/47"}],"wp:featuredmedia":[{"embeddable":true,"href":"https:\/\/www.imf.asso.fr\/pages\/index.php?rest_route=\/wp\/v2\/media\/10771"}],"wp:attachment":[{"href":"https:\/\/www.imf.asso.fr\/pages\/index.php?rest_route=%2Fwp%2Fv2%2Fmedia&parent=672"}],"curies":[{"name":"wp","href":"https:\/\/api.w.org\/{rel}","templated":true}]}}