{"id":571,"date":"2018-02-08T12:08:10","date_gmt":"2018-02-08T11:08:10","guid":{"rendered":"http:\/\/www.imf.asso.fr\/pages\/?page_id=571"},"modified":"2021-08-30T16:57:18","modified_gmt":"2021-08-30T14:57:18","slug":"dossier-gratification-des-stages","status":"publish","type":"page","link":"https:\/\/www.imf.asso.fr\/pages\/?page_id=571","title":{"rendered":"Dossier gratification des stages"},"content":{"rendered":"<p><!--more--><\/p>\n<table class=\"cell_align_content\">\n<tbody>\n<tr>\n<td>Les stages \u00e9tudiants en milieu professionnel<\/td>\n<\/tr>\n<\/tbody>\n<\/table>\n<table class=\"cell_align_content\">\n<tbody>\n<tr class=\"cell_background_title\">\n<td valign=\"top\"><strong>Synth\u00e8se<\/strong><\/td>\n<\/tr>\n<tr>\n<td valign=\"top\">\n<p><em>Les stages ne relevant ni du 2\u00b0 de<\/em><em>\u00a0<\/em><a href=\"http:\/\/www.legifrance.gouv.fr\/affichCodeArticle.do?cidTexte=LEGITEXT000006072050&amp;idArticle=LEGIARTI000006903179\" target=\"_blank\" rel=\"noopener noreferrer\"><em>l\u2019article L. 4153-1 du code du travail<\/em><\/a><em>\u00a0<\/em><em>ni de la formation professionnelle tout au long de la vie telle que d\u00e9finie par le code du travail font l\u2019objet entre le stagiaire, l\u2019organisme d\u2019accueil (entreprise, association, etc.) et l\u2019\u00e9tablissement d\u2019enseignement d\u2019une convention tripartite et doivent \u00eatre int\u00e9gr\u00e9s \u00e0 un cursus p\u00e9dagogique scolaire ou universitaire. Lorsque leur dur\u00e9e au sein d\u2019une m\u00eame entreprise (ou d\u2019un autre organisme d\u2019accueil) est sup\u00e9rieure \u00e0 deux mois cons\u00e9cutifs ou, au cours d\u2019une m\u00eame ann\u00e9e scolaire ou universitaire, \u00e0 deux mois cons\u00e9cutifs ou non, le ou les stages font l\u2019objet d\u2019une gratification vers\u00e9e mensuellement.<\/em><em>\u00a0<\/em><\/p>\n<p><em> Les dispositions pr\u00e9sent\u00e9es ici sont celles applicables aux stages en entreprise effectu\u00e9s par des \u00e9tudiants. Les r\u00e8gles applicables figurent principalement aux articles L. 124-1 \u00e0 L. 124-20 du code de l\u2019\u00e9ducation\u00a0; elles ont \u00e9t\u00e9 modifi\u00e9es en dernier lieu par la loi n\u00b0\u00a02014-788 du 10 juillet 2014 cit\u00e9e en r\u00e9f\u00e9rence.<\/em><\/p>\n<div>\n<p><strong>Re\u0301mune\u0301ration des demandeurs d\u2019emploi en stage<\/strong><\/p>\n<p>Le demandeur d\u2019emploi qui suit un cursus de formation, dans lequel est inte\u0301gre\u0301 un stage en milieu professionnel n\u2019est pas soumis aux me\u0302mes exigences que celle concernant la gratification que les \u00e9tudiants qui suivent un stage per\u00e7oivent dans le cadre de leur formation initiale.<\/p>\n<p>Ainsi, le versement d\u2019une gratification de stage n\u2019est pas obligatoire, quelle que soit la dure\u0301e du stage en entreprise, elle est laiss\u00e9e \u00e0 l\u2019appr\u00e9ciation de l\u2019organisme d\u2019accueil.<\/p>\n<p>D\u00e9clarer une formation &#8211; un stage \u00e0 P\u00f4le emploi : Comment d\u00e9clarer une formation \/ un stage ? Retrouvez l\u2019ensemble des modalit\u00e9s pratiques et les cons\u00e9quences de votre d\u00e9claration en <a href=\"https:\/\/www.pole-emploi.fr\/candidat\/vos-droits-et-demarches\/vos-changements-de-situation\/declarer-une-formation---un-stag.html\">cliquant ici<\/a><\/div>\n<div class=\"x_x__Entity x_x__EType_OWALinkPreview x_x__EId_OWALinkPreview x_x__EReadonly_1\">\n<div id=\"LPBorder_GTaHR0cHM6Ly93d3cucG9sZS1lbXBsb2kuZnIvY2FuZGlkYXQvdm9zLWRyb2l0cy1ldC1kZW1hcmNoZXMvdm9zLWNoYW5nZW1lbnRzLWRlLXNpdHVhdGlvbi9kZWNsYXJlci11bmUtZm9ybWF0aW9uLS0tdW4tc3RhZy5odG1s\" class=\"x_x_LPBorder817433\">\u00a0<\/div>\n<\/div>\n<\/td>\n<\/tr>\n<\/tbody>\n<\/table>\n<table class=\"cell_align_content\">\n<tbody>\n<tr class=\"cell_background_title\">\n<td><strong>Nombre maximal de stagiaires par organisme d&rsquo;accueil et par tuteur<\/strong><\/td>\n<\/tr>\n<tr>\n<td>\n<p><em>Un d\u00e9cret est venu porter application de la loi du 10 juillet 2014 sur l&rsquo;encadrement des stages. Le nombre de stagiaires dont la convention est en cours au m\u00eame moment dans un organisme d&rsquo;accueil ne peut exc\u00e9der 15% de l&rsquo;effectif (pour un effectif sup\u00e9rieur ou \u00e9gal \u00e0 vingt) ou trois stagiaires (pour un effectif inf\u00e9rieur \u00e0 vingt). Ces plafonds peuvent \u00eatre relev\u00e9s \u00e0 20% de l\u2019effectif (si celui-ci est sup\u00e9rieur ou \u00e9gal \u00e0 trente) ou \u00e0 5 stagiaires (si l\u2019effectif est inf\u00e9rieur \u00e0 trente) au cours des p\u00e9riodes de formation obligatoire en milieu professionnel, dans le cadre d\u2019enseignements du second degr\u00e9.<\/em><\/p>\n<p><em>L&rsquo;effectif de r\u00e9f\u00e9rence est \u00e9gal : <\/em><\/p>\n<ul type=\"disc\">\n<li><em>Au nombre des personnes physiques employ\u00e9es dans l&rsquo;organisme d&rsquo;accueil au dernier jour du mois civil pr\u00e9c\u00e9dant la p\u00e9riode sur laquelle ce quota est respect\u00e9 <\/em><\/li>\n<li><em>A la moyenne de ce nombre sur les douze mois pr\u00e9c\u00e9dents la p\u00e9riode sur laquelle ce quota est respect\u00e9 <\/em><\/li>\n<\/ul>\n<p><em>Une m\u00eame personne ne peut \u00eatre d\u00e9sign\u00e9e en qualit\u00e9 de tuteur lorsqu&rsquo;elle l&rsquo;est d\u00e9j\u00e0 dans trois conventions de stage en cours d&rsquo;ex\u00e9cution \u00e0 la date \u00e0 laquelle la d\u00e9signation devrait prendre effet.<br \/>\nCes r\u00e8gles prennent effet au 29 octobre 2015.<\/em><\/p>\n<p>&nbsp;<\/p>\n<p align=\"right\"><em><a href=\"http:\/\/www.legifrance.gouv.fr\/eli\/decret\/2015\/10\/26\/ETST1516016D\/jo\/texte\" target=\"_blank\" rel=\"noopener noreferrer\"><strong>D\u00e9cret 2015-1359 du 26 octobre 2015<\/strong><\/a><\/em><\/p>\n<\/td>\n<\/tr>\n<\/tbody>\n<\/table>\n<table class=\"cell_align_content\">\n<tbody>\n<tr class=\"cell_background_title\">\n<td valign=\"top\"><strong>Guides<\/strong><\/td>\n<\/tr>\n<tr>\n<td valign=\"top\">\n<ul>\n<li><a href=\"http:\/\/www.cgt.fr\/IMG\/pdf\/1_Guide_Stagiaire-2.pdf\" target=\"_blank\" rel=\"noopener noreferrer\">L\u2019UNEF, premier syndicat \u00e9tudiant, et la CGT, premi\u00e8re organisation syndicale de salari\u00e9-e-s, se sont associ\u00e9es pour mettre \u00e0 disposition un\u00a0<strong>guide\u00a0<\/strong>et informer les stagiaires de leurs droits.\u00a0<\/a><\/li>\n<li><a href=\"http:\/\/www.enseignementsup-recherche.gouv.fr\/pid32310\/guide-pratique-des-stages-etudiants.html?feuilleCSS=chrome\" target=\"_blank\" rel=\"noopener noreferrer\">Gestion des stages et prospective : nouveau guide<\/a><\/li>\n<\/ul>\n<\/td>\n<\/tr>\n<\/tbody>\n<\/table>\n<table class=\"cell_align_content\">\n<tbody>\n<tr class=\"cell_background_title\">\n<td valign=\"top\"><strong>Textes de r\u00e9f\u00e9rence<\/strong><\/td>\n<\/tr>\n<tr>\n<td valign=\"top\">\n<ul>\n<li><a href=\"http:\/\/www.legifrance.gouv.fr\/affichCodeArticle.do?idArticle=LEGIARTI000029233449&amp;cidTexte=LEGITEXT000006071191&amp;dateTexte=20141020&amp;oldAction=rechCodeArticle&amp;fastReqId=1492542436&amp;nbResultRech=1\" target=\"_blank\" rel=\"noopener noreferrer\">Articles L. 124-1 \u00e0 L124-20 du code de l\u2019\u00e9ducation<\/a><\/li>\n<li><a href=\"http:\/\/www.legifrance.gouv.fr\/affichCodeArticle.do?idArticle=LEGIARTI000028650462&amp;cidTexte=LEGITEXT000006072050\" target=\"_blank\" rel=\"noopener noreferrer\">Article L. 1132-1 du Code du travail<\/a><\/li>\n<li><a href=\"http:\/\/www.legifrance.gouv.fr\/WAspad\/UnArticleDeCode?code=CSECSOCL.rcv&amp;art=L412-8\" target=\"_blank\" rel=\"noopener noreferrer\">Article L. 412-8 du Code de la S\u00e9curit\u00e9 sociale<\/a><\/li>\n<li><a href=\"http:\/\/www.legifrance.gouv.fr\/WAspad\/UnArticleDeCode?code=CSECSOCR.rcv&amp;art=R412-4\" target=\"_blank\" rel=\"noopener noreferrer\">Article R. 412-4 du Code de la S\u00e9curit\u00e9 sociale<\/a><\/li>\n<li><a href=\"http:\/\/www.legifrance.gouv.fr\/affichTexte.do?cidTexte=JORFTEXT000000458631\" target=\"_blank\" rel=\"noopener noreferrer\">D\u00e9cret n\u00b0\u00a02006-1093 du 29 ao\u00fbt 2006<\/a><\/li>\n<li><a href=\"http:\/\/travail-emploi.gouv.fr\/IMG\/pdf\/Charte_stages_etudiants_en_entreprise.pdf\" target=\"_blank\" rel=\"noopener noreferrer\">Charte des stages \u00e9tudiants en entreprise &#8211; dite \u00ab\u00a0charte du 26 avril 2006\u00a0\u00bb<\/a><\/li>\n<li><a href=\"http:\/\/www.urssaf.fr\/images\/ref_lc2007-101.pdf\" target=\"_blank\" rel=\"noopener noreferrer\">Circulaire n\u00b0DSS\/5B\/2007\/236 du 14 juin 2007 relative \u00e0 la protection sociale du stagiaire<\/a><\/li>\n<li><a href=\"http:\/\/www.urssaf.fr\/images\/ref_lc2008-091.pdf\" target=\"_blank\" rel=\"noopener noreferrer\">Lettre circulaire ACOSS n \u00b0 2008-091<\/a><\/li>\n<li><a href=\"http:\/\/legifrance.gouv.fr\/affichTexte.do?cidTexte=JORFTEXT000028493476\" target=\"_blank\" rel=\"noopener noreferrer\">Loi n\u00b0\u00a02014-40 du 20 janvier 2014 \u00ab\u00a0garantissant l\u2019avenir et la justice du syst\u00e8me de retraites\u00a0\u00bb (JO du 21 janvier)<\/a><\/li>\n<li><a href=\"http:\/\/legifrance.gouv.fr\/affichTexte.do?cidTexte=JORFTEXT000029223331&amp;categorieLien=id\" target=\"_blank\" rel=\"noopener noreferrer\">Loi n\u00b0\u00a02014-788 du 10 juillet 2014 \u00ab\u00a0tendant au d\u00e9veloppement, \u00e0 l\u2019encadrement des stages et \u00e0 l\u2019am\u00e9lioration du statut des stagiaires\u00a0\u00bb (JO du 11) <\/a><\/li>\n<li><a href=\"\/pages\/actualites\/gt\/ii_31-03-15.pdf\" target=\"_blank\" rel=\"noopener noreferrer\">Instruction\u00a0interminist\u00e9rielle N\u00b0 DGCS\/SD4A\/DGESIP\/2015\/102 du\u00a031 mars 2015 relative au nouveau cadre r\u00e8glementaire de mise en \u0153uvre de l&rsquo;alternance int\u00e9grative pour les formations diplomantes du travail social.<\/a><\/li>\n<\/ul>\n<\/td>\n<\/tr>\n<tr>\n<td valign=\"top\">\n<ul>\n<li>Note d&rsquo;information de la DRDJSCS PACA : <a href=\"\/pages\/actualites\/gt\/cumul_gratification_autres_ressources.pdf\" target=\"_blank\" rel=\"noopener noreferrer\">Cumul Gratification Autres Ressources<\/a><\/li>\n<\/ul>\n<\/td>\n<\/tr>\n<tr>\n<td valign=\"top\">\n<ul>\n<li><a href=\"\/pages\/actualites\/gt\/MX-M314N_20150909_161413.pdf\" target=\"_blank\" rel=\"noopener noreferrer\">Zoom sur le nouveau cadre r\u00e9glementaire de mise en oeuvre de l&rsquo;alternance int\u00e9grative pour les formations dipl\u00f4mantes en travail social (instruction interminist\u00e9rielle n\u00b02015-102 du 31 mars 2015)<\/a><\/li>\n<\/ul>\n<\/td>\n<\/tr>\n<\/tbody>\n<\/table>\n<table class=\"cell_align_content\">\n<tbody>\n<tr class=\"cell_background_title\">\n<td valign=\"top\"><strong>Pour aller plus loin<\/strong><\/td>\n<\/tr>\n<tr>\n<td valign=\"top\">\n<ul>\n<li><a href=\"http:\/\/vosdroits.service-public.fr\/professionnels-entreprises\/F32131.xhtml\" target=\"_blank\" rel=\"noopener noreferrer\">Simulateur en ligne\u00a0qui permet de calculer la gratification minimale d&rsquo;un stagiaire<\/a><\/li>\n<li><a href=\"http:\/\/travail-emploi.gouv.fr\/informations-pratiques,89\/fiches-pratiques,91\/acces-et-accompagnement-vers-l,651\/les-stages-etudiants-en-entreprise,3904.html\" target=\"_blank\" rel=\"noopener noreferrer\">http:\/\/travail-emploi.gouv.fr\/informations-pratiques,89\/fiches-pratiques,91\/acces-et-accompagnement-vers-l,651\/les-stages-etudiants-en-entreprise,3904.html<\/a><\/li>\n<li><a href=\"http:\/\/www.unaforis.eu\/article\/accueil\" target=\"_blank\" rel=\"noopener noreferrer\">Ggratification et alternance sur le site UNAFORIS<\/a><\/li>\n<li><a href=\"http:\/\/www.unaforis.eu\/system\/files\/fichiers\/telechargements\/mass_projet_note_gratif_cadre_reglementaire_040315.pdf\" target=\"_blank\" rel=\"noopener noreferrer\">Le d\u00e9cret n\u00b0 2014-1420 du 27 novembre 2014 rend applicable la loi du 10 juillet 2014 tendant au d\u00e9veloppement, \u00e0 l\u2019encadrement des stages et \u00e0 l\u2019am\u00e9lioration du statut des stagiaires.Le d\u00e9cret n\u00b0 2014-1420 du 27 novembre 2014 rend applicable la loi du 10 juillet 2014 tendant au d\u00e9veloppement, \u00e0 l\u2019encadrement des stages et \u00e0 l\u2019am\u00e9lioration du statut des stagiaires<\/a>.<\/li>\n<li><a href=\"http:\/\/www.unaforis.eu\/system\/files\/fichiers\/telechargements\/mass_projet_note_gratif_cadre_reglementaire_040315.pdf\" target=\"_blank\" rel=\"noopener noreferrer\">Application de la Loi du 10 juillet 2014 : situation des demandeurs d\u2019emploi en formation<\/a><\/li>\n<\/ul>\n<\/td>\n<\/tr>\n<tr>\n<td valign=\"top\">\n<ul>\n<li><a href=\"\/pages\/actualites\/gt\/ppp-gratification.pdf\" target=\"_blank\" rel=\"noopener noreferrer\">Extrait de la pr\u00e9sentation du Comit\u00e9 Technique et P\u00e9dagogique IMF Formations niveaux IV et V<\/a><\/li>\n<\/ul>\n<\/td>\n<\/tr>\n<\/tbody>\n<\/table>\n<p>&nbsp;<\/p>\n","protected":false},"excerpt":{"rendered":"","protected":false},"author":1,"featured_media":0,"parent":0,"menu_order":0,"comment_status":"closed","ping_status":"closed","template":"template-twocolumnsleft.php","meta":{"footnotes":""},"_links":{"self":[{"href":"https:\/\/www.imf.asso.fr\/pages\/index.php?rest_route=\/wp\/v2\/pages\/571"}],"collection":[{"href":"https:\/\/www.imf.asso.fr\/pages\/index.php?rest_route=\/wp\/v2\/pages"}],"about":[{"href":"https:\/\/www.imf.asso.fr\/pages\/index.php?rest_route=\/wp\/v2\/types\/page"}],"author":[{"embeddable":true,"href":"https:\/\/www.imf.asso.fr\/pages\/index.php?rest_route=\/wp\/v2\/users\/1"}],"replies":[{"embeddable":true,"href":"https:\/\/www.imf.asso.fr\/pages\/index.php?rest_route=%2Fwp%2Fv2%2Fcomments&post=571"}],"version-history":[{"count":2,"href":"https:\/\/www.imf.asso.fr\/pages\/index.php?rest_route=\/wp\/v2\/pages\/571\/revisions"}],"predecessor-version":[{"id":7531,"href":"https:\/\/www.imf.asso.fr\/pages\/index.php?rest_route=\/wp\/v2\/pages\/571\/revisions\/7531"}],"wp:attachment":[{"href":"https:\/\/www.imf.asso.fr\/pages\/index.php?rest_route=%2Fwp%2Fv2%2Fmedia&parent=571"}],"curies":[{"name":"wp","href":"https:\/\/api.w.org\/{rel}","templated":true}]}}