{"id":4407,"date":"2020-01-21T11:27:28","date_gmt":"2020-01-21T10:27:28","guid":{"rendered":"http:\/\/www.imf.asso.fr\/pages\/?page_id=4407"},"modified":"2025-09-03T15:43:11","modified_gmt":"2025-09-03T13:43:11","slug":"maroc","status":"publish","type":"page","link":"https:\/\/www.imf.asso.fr\/pages\/?page_id=4407","title":{"rendered":"Maroc"},"content":{"rendered":"<p><!--more--><\/p>\n<table style=\"border-collapse: collapse; width: 100%;\">\n<tbody>\n<tr>\n<td style=\"width: 100%;\">\n<h3 style=\"text-align: right;\"><span style=\"text-decoration: underline;\">Nos r\u00e9alisations<\/span><\/h3>\n<\/td>\n<\/tr>\n<\/tbody>\n<\/table>\n<table class=\"cell_align_content\">\n<tbody>\n<tr class=\"cell_background_title\">\n<td><strong><a id=\"pcm\"><\/a>Le Programme Concert\u00e9 Marocain (PCM)<\/strong><\/td>\n<\/tr>\n<tr>\n<td>\n<h4><strong><span style=\"text-decoration: underline;\">Description du programme<\/span><\/strong><\/h4>\n<p>D\u00e9but\u00e9 en 2002, le Programme Concert\u00e9 Pluri-Acteurs (PCPA) marocain ou Programme Concert\u00e9 Maroc (PCM) s\u2019est cl\u00f4tur\u00e9 en 2014. Ce programme franco-marocain, r\u00e9unissant pr\u00e8s de 600 organisations de la soci\u00e9t\u00e9 civile, avait pour objectif d\u2019accompagner la jeunesse marocaine \u00e0 \u00eatre actrice d\u2019un d\u00e9veloppement humain et solidaire par la formation des jeunes \u00e0 l\u2019exercice de leur citoyennet\u00e9 et par des activit\u00e9s de plaidoyer pour une meilleure repr\u00e9sentativit\u00e9 des jeunes dans l\u2019espace public. Ce programme \u00e9tait s\u00e9par\u00e9 en trois p\u00f4les :<img decoding=\"async\" loading=\"lazy\" class=\"aligncenter\" src=\"\/pages\/international\/images\/image013.jpg\" alt=\"\" width=\"317\" height=\"307\" \/><\/p>\n<ul>\n<li>Formation et Insertion Professionnelle (FIP) ax\u00e9e sur l\u2019insertion des jeunes dans le march\u00e9 du travail marocain pilot\u00e9 par l\u2019<strong>IMF RIS<\/strong> et l\u2019association Initiative urbaine de Casablanca<\/li>\n<li>Economie sociale et solidaire (ESS) dirig\u00e9e vers la dynamique entrepreneuriale dans les territoires locaux et les rencontres de partage d\u2019exp\u00e9riences<\/li>\n<li>Education et Animation (EA) d\u00e9di\u00e9e \u00e0 la sensibilisation des jeunes aux m\u00e9tiers destin\u00e9s \u00e0 la jeunesse.<\/li>\n<\/ul>\n<\/td>\n<\/tr>\n<tr>\n<td>\n<h4><span style=\"text-decoration: underline;\">R\u00e9sultats<\/span><\/h4>\n<p>Le Programme Concert\u00e9 Maroc, en tant qu\u2019espace d\u2019exp\u00e9rimentation, a soutenu plus de 101 projets consid\u00e9r\u00e9s aujourd\u2019hui comme de v\u00e9ritables dynamiques collectives de concertation au niveau local et national.<\/p>\n<p>L\u2019une des premi\u00e8res actions a \u00e9t\u00e9 d\u2019ancrer plus fortement le programme au sein des territoires d\u2019intervention de ses membres. Leur mise en \u0153uvre a \u00e9volu\u00e9 progressivement, pour aboutir \u00e0 la r\u00e9alisation de 27 Programmes Concert\u00e9s Territoriaux (PCT). L\u2019objectif est de soutenir la cr\u00e9ation de cadres de dialogue et de concertation p\u00e9rennes entre jeunes, organisations de la soci\u00e9t\u00e9 civile et acteurs publics.<\/p>\n<p>Parall\u00e8lement, les p\u00f4les th\u00e9matiques, espaces ouverts de concertation transversale et pluri acteurs \u00e0 l\u2019\u00e9chelle nationale, ont permis de faciliter l\u2019\u00e9change de pratiques, la mise en place d\u2019actions de plaidoyer et \u00e0 renforcer l\u2019action de ses membres et de leurs partenaires. De ces p\u00f4les th\u00e9matiques ont \u00e9merg\u00e9 des projets recherche-actions con\u00e7us comme de v\u00e9ritables \u00ab incubateurs d\u2019actions collectives innovantes \u00bb locales ou nationales.<\/p>\n<p>Par ailleurs, le PCM a choisi de soutenir des projets de d\u00e9veloppement port\u00e9s dans le cadre de partenariats associatifs franco-marocains. Ces projets ont permis d\u2019exp\u00e9rimenter des actions destin\u00e9es \u00e0 renforcer l\u2019insertion citoyenne, sociale et \u00e9conomique des jeunes.<\/p>\n<p>Enfin, le PCM a permis notamment la cr\u00e9ation du R\u00e9seau Marocain de Jeunesse et de Concertation (REMAJEC), premier r\u00e9seau marocain pour la jeunesse, dont l\u2019enjeu principal est de \u00ab faire de la jeunesse un levier essentiel du d\u00e9veloppement humain, solidaire et d\u00e9mocratique dans le cadre d\u2019une approche concert\u00e9e en f\u00e9d\u00e9rant des acteurs locaux, nationaux et internationaux \u00bb.<\/p>\n<\/td>\n<\/tr>\n<tr>\n<td>\n<h4><span style=\"text-decoration: underline;\">Continuit\u00e9<\/span><\/h4>\n<p>Dans la continuit\u00e9 de la dynamique initi\u00e9e par le PCPA Maroc, le programme Jeunesse en Action pour la D\u00e9mocratie (2015-2017) a permis de renforcer l\u2019influence des jeunes sur les politiques publiques et leur participation \u00e0 la vie du pays. Co-pilot\u00e9 par Solidarit\u00e9 La\u00efque et le R\u00e9seau Marocain de Jeunesse et de Concertation (REMAJEC), JAD a, entre autres, f\u00e9d\u00e9r\u00e9 48 conseils de jeunes dans la Coordination nationale des Conseils de Jeunes (CNCJ) ce qui a permis de renforcer leur capacit\u00e9 de plaidoyer, octroyer des bourses \u00e0 projet permettant aux jeunes de mettre en place des micro-projets ou encore, mis en place de formations-actions afin de permettre aux jeunes de concevoir et donner vie \u00e0 leurs projets.<\/p>\n<\/td>\n<\/tr>\n<tr>\n<td>\n<h4><span style=\"text-decoration: underline;\">Implication de l&rsquo;<strong>IMF RIS<\/strong><\/span><\/h4>\n<p>L\u2019<strong>Institut M\u00e9diterran\u00e9en de Formation, Recherche et Intervention Sociale<\/strong> s\u2019est engag\u00e9 pleinement dans le PCM et en particulier dans le copilotage du p\u00f4le Formation et Insertion Professionnelle (FIP) aux c\u00f4t\u00e9s de l\u2019association marocaine \u2018Initiative Urbaine\u2019 de Casablanca.Le collectif r\u00e9uni au sein du p\u00f4le FIP a fait le choix de s\u2019int\u00e9resser aux valeurs, aux principes d\u2019action, aux affinit\u00e9s \u201cculturelles\u201d, aux ressources strat\u00e9giques mais aussi aux relations entre les acteurs confront\u00e9s \u00e0 la n\u00e9cessit\u00e9 de faire \u00e9voluer tr\u00e8s rapidement leurs pratiques professionnelles en int\u00e9grant des param\u00e8tres li\u00e9s \u00e0 la conjoncture \u00e9conomique et politique. Ces acteurs appartenaient \u00e0 des organisations diff\u00e9rentes (association \u00e0 but non lucratif, soci\u00e9t\u00e9 coop\u00e9rative d\u2019activit\u00e9s et d\u2019emploi) et mobilisaient des \u00ab sp\u00e9cialit\u00e9s \u00bb professionnelles diverses aupr\u00e8s d\u2019une population h\u00e9t\u00e9rog\u00e8ne caract\u00e9ris\u00e9e de \u00ab jeunes de 15 \u00e0 30 ans, avec ou sans qualification, en difficult\u00e9 d\u2019insertion \u00bb. Un guide de r\u00e9f\u00e9rences des pratiques d\u2019accompagnement a \u00e9t\u00e9 publi\u00e9 suite \u00e0 un travail d\u2019\u00e9changes sur les pratiques professionnelles que l\u2019<strong>IMF RIS<\/strong> a accompagn\u00e9 au sein de ce collectif.<\/p>\n<\/td>\n<\/tr>\n<\/tbody>\n<\/table>\n","protected":false},"excerpt":{"rendered":"","protected":false},"author":1,"featured_media":0,"parent":14269,"menu_order":1,"comment_status":"closed","ping_status":"closed","template":"template-twocolumnsleft.php","meta":{"footnotes":""},"_links":{"self":[{"href":"https:\/\/www.imf.asso.fr\/pages\/index.php?rest_route=\/wp\/v2\/pages\/4407"}],"collection":[{"href":"https:\/\/www.imf.asso.fr\/pages\/index.php?rest_route=\/wp\/v2\/pages"}],"about":[{"href":"https:\/\/www.imf.asso.fr\/pages\/index.php?rest_route=\/wp\/v2\/types\/page"}],"author":[{"embeddable":true,"href":"https:\/\/www.imf.asso.fr\/pages\/index.php?rest_route=\/wp\/v2\/users\/1"}],"replies":[{"embeddable":true,"href":"https:\/\/www.imf.asso.fr\/pages\/index.php?rest_route=%2Fwp%2Fv2%2Fcomments&post=4407"}],"version-history":[{"count":1,"href":"https:\/\/www.imf.asso.fr\/pages\/index.php?rest_route=\/wp\/v2\/pages\/4407\/revisions"}],"predecessor-version":[{"id":13567,"href":"https:\/\/www.imf.asso.fr\/pages\/index.php?rest_route=\/wp\/v2\/pages\/4407\/revisions\/13567"}],"up":[{"embeddable":true,"href":"https:\/\/www.imf.asso.fr\/pages\/index.php?rest_route=\/wp\/v2\/pages\/14269"}],"wp:attachment":[{"href":"https:\/\/www.imf.asso.fr\/pages\/index.php?rest_route=%2Fwp%2Fv2%2Fmedia&parent=4407"}],"curies":[{"name":"wp","href":"https:\/\/api.w.org\/{rel}","templated":true}]}}