{"id":4021,"date":"2019-10-08T09:57:00","date_gmt":"2019-10-08T07:57:00","guid":{"rendered":"http:\/\/www.imf.asso.fr\/pages\/?page_id=4021"},"modified":"2026-04-15T16:25:38","modified_gmt":"2026-04-15T14:25:38","slug":"vae-vap","status":"publish","type":"page","link":"https:\/\/www.imf.asso.fr\/pages\/?page_id=4021","title":{"rendered":"Accompagnement \u00e0 la VAE"},"content":{"rendered":"<p><!--more--><\/p>\n<p><img decoding=\"async\" src=\"https:\/\/www.imf.asso.fr\/pages\/wp-content\/uploads\/vae.png\" \/><\/p>\n<p><span style=\"font-size: 18pt;\"><strong><span style=\"color: #1d60ab;\">Vous souhaitez valider un dipl\u00f4me\/certification en faisant reconna\u00eetre les acquis de vos exp\u00e9riences ?<\/span><\/strong><\/span><\/p>\n<p><span class=\"a_GcMg font-feature-liga-off font-feature-clig-off font-feature-calt-off text-decoration-none text-strikethrough-none\">La <strong>Validation des Acquis de l&rsquo;Exp\u00e9rience<\/strong> (VAE) donne \u00e0 chaque personne l&rsquo;opportunit\u00e9 de <\/span><span class=\"a_GcMg font-feature-liga-off font-feature-clig-off font-feature-calt-off text-decoration-none text-strikethrough-none\">faire reconna\u00eetre les comp\u00e9tences acquises au cours de son exp\u00e9rience<\/span><span class=\"a_GcMg font-feature-liga-off font-feature-clig-off font-feature-calt-off text-decoration-none text-strikethrough-none\">, qu&rsquo;elle soit salari\u00e9e, non salari\u00e9e ou b\u00e9n\u00e9vole, <\/span><span class=\"a_GcMg font-feature-liga-off font-feature-clig-off font-feature-calt-off text-decoration-none text-strikethrough-none\">dans le but d&rsquo;obtenir un dipl\u00f4me<\/span><span class=\"a_GcMg font-feature-liga-off font-feature-clig-off font-feature-calt-off text-decoration-none text-strikethrough-none\">.<\/span> L&rsquo;IMF RIS peut vous accompagner dans cette d\u00e9marche.\u00a0<\/p>\n<h4><span style=\"color: #1d60ab;\"><strong><br \/>\nPourquoi choisir l&rsquo;IMF RIS pour votre accompagnement \u00e0 la VAE ?<\/strong><\/span><\/h4>\n<ul>\n<li class=\"cvGsUA direction-ltr align-start para-style-body\"><span class=\"a_GcMg font-feature-liga-off font-feature-clig-off font-feature-calt-off text-decoration-none text-strikethrough-none\">\u00c9tude de faisabilit\u00e9 incluse<\/span><\/li>\n<li class=\"cvGsUA direction-ltr align-start para-style-body\"><span class=\"a_GcMg font-feature-liga-off font-feature-clig-off font-feature-calt-off text-decoration-none text-strikethrough-none\">Accompagnement complet et suivi sur mesure : conseil au montage du dossier et pr\u00e9paration \u00e0 la soutenance devant le jury<\/span><\/li>\n<li class=\"cvGsUA direction-ltr align-start para-style-body\"><span class=\"a_GcMg font-feature-liga-off font-feature-clig-off font-feature-calt-off text-decoration-none text-strikethrough-none\">Expertise reconnue dans les dipl\u00f4mes du champ social et m\u00e9dico-social<\/span><\/li>\n<li class=\"cvGsUA direction-ltr align-start para-style-body\"><span class=\"a_GcMg font-feature-liga-off font-feature-clig-off font-feature-calt-off text-decoration-none text-strikethrough-none\">Solutions de financement accessibles<\/span><\/li>\n<\/ul>\n<h4><span style=\"color: #1d60ab;\">Bon \u00e0 savoir<\/span><\/h4>\n<ul>\n<li><a href=\"https:\/\/www.imf.asso.fr\/pages\/wp-content\/uploads\/IMF-RIS-2026-VAE-Les-Demarches.pdf\">VAE : la d\u00e9marche de validation<\/a><\/li>\n<li>D\u00e9couvrez\u00a0 le d\u00e9tail de notre accompagnement : <a href=\"https:\/\/www.imf.asso.fr\/pages\/wp-content\/uploads\/FC2502-\u2013VAE-individuel-1.pdf\">individuel<\/a> ou <a href=\"https:\/\/www.imf.asso.fr\/pages\/wp-content\/uploads\/FC2503-\u2013VAE-collectif-1.pdf\">collectif<\/a><\/li>\n<li><a href=\"https:\/\/www.imf.asso.fr\/pages\/wp-content\/uploads\/IMF-RIS-2026-TARIFS-VAE-26janv.pdf\">D\u00e9couvrez nos tarifs<\/a><\/li>\n<li>N&rsquo;h\u00e9sitez pas \u00e0 envoyer un mail \u00e0 <span style=\"color: #1d60ab;\"><strong>imf.poledev@imf.asso.fr<\/strong><\/span><\/li>\n<p><!--\n\t\n\t\n\t\n\t\n\t\n\t\n\t\n\t\n\t\n\t\n\t\n\t\n\t\n\t\n\t\n\t\n\t\n\t\n\t\n\t\n\t\n\t\n\t\n\t\n\t\n\t\n\t\n\t\n\t\n\t\n\t\n\n<li>En savoir plus sur <a href=\"https:\/\/www.imf.asso.fr\/pages\/wp-content\/uploads\/Etape-Inscription-portail-France-VAE-1-1.pdf\">les \u00e9tapes d'inscription au portail France VAE.<\/a><\/li>\n\n\n\n\n\n\n\n\n\n\n\n\n\n\n\n\n\n\n\n\n\n\n\n\n\n\n\n\n\n\n\n\n--><\/ul>\n<p>&nbsp;<\/p>\n<table style=\"border-collapse: collapse; width: 100%; height: 156px;\">\n<tbody>\n<tr style=\"height: 39px;\">\n<td style=\"width: 9.06663%; height: 39px;\">\n<div class=\"x_elementToProof\">\u00a0<\/div>\n<\/td>\n<td style=\"width: 57.6%; height: 39px; text-align: left;\"><span style=\"color: #1d60ab;\"><b>2025<\/b><\/span><\/td>\n<\/tr>\n<tr style=\"height: 39px;\">\n<td style=\"width: 9.06663%; height: 39px;\">\n<div class=\"x_elementToProof\"><span style=\"color: #1d60ab;\"><strong>Candidats :<\/strong><\/span><\/div>\n<\/td>\n<td style=\"width: 57.6%; height: 39px;\">\n<p><strong>110<\/strong> candidats accompagn\u00e9s,<br \/>\ndont <strong>33<\/strong> pass\u00e9s devant le Jury<\/p>\n<\/td>\n<\/tr>\n<tr style=\"height: 39px;\">\n<td style=\"width: 9.06663%; height: 39px;\"><span style=\"color: #1d60ab;\"><strong>Parcours :<\/strong><\/span><\/td>\n<td style=\"width: 57.6%; height: 39px;\">\n<ul>\n<li><strong>67%<\/strong> ont\u00a0valid\u00e9 totalement le dipl\u00f4me vis\u00e9<\/li>\n<li><strong>18%<\/strong> ont obtenu une validation partielle<\/li>\n<li><strong>15%<\/strong> n\u2019ont valid\u00e9 aucune comp\u00e9tence<\/li>\n<\/ul>\n<\/td>\n<\/tr>\n<tr style=\"height: 39px;\">\n<td style=\"width: 9.06663%; height: 39px;\"><span style=\"color: #1d60ab;\"><strong>Satisfaction :<\/strong><\/span><\/td>\n<td style=\"width: 57.6%; height: 39px;\">\n<ul>\n<li><strong>98%<\/strong> de personnes sont satisfaites, voire tr\u00e8s satisfaites de leur accompagnement<em><em><br \/>\n<\/em><\/em><\/li>\n<li><strong>88%<\/strong> sont satisfaits de la relation avec leur accompagnateur<\/li>\n<li>L\u2019\u00e9valuation moyenne est de <strong>8.32\/10<\/strong><\/li>\n<\/ul>\n<\/td>\n<\/tr>\n<\/tbody>\n<\/table>\n","protected":false},"excerpt":{"rendered":"","protected":false},"author":1,"featured_media":10771,"parent":264,"menu_order":5,"comment_status":"closed","ping_status":"closed","template":"template-twocolumnsleft.php","meta":{"footnotes":""},"_links":{"self":[{"href":"https:\/\/www.imf.asso.fr\/pages\/index.php?rest_route=\/wp\/v2\/pages\/4021"}],"collection":[{"href":"https:\/\/www.imf.asso.fr\/pages\/index.php?rest_route=\/wp\/v2\/pages"}],"about":[{"href":"https:\/\/www.imf.asso.fr\/pages\/index.php?rest_route=\/wp\/v2\/types\/page"}],"author":[{"embeddable":true,"href":"https:\/\/www.imf.asso.fr\/pages\/index.php?rest_route=\/wp\/v2\/users\/1"}],"replies":[{"embeddable":true,"href":"https:\/\/www.imf.asso.fr\/pages\/index.php?rest_route=%2Fwp%2Fv2%2Fcomments&post=4021"}],"version-history":[{"count":5,"href":"https:\/\/www.imf.asso.fr\/pages\/index.php?rest_route=\/wp\/v2\/pages\/4021\/revisions"}],"predecessor-version":[{"id":17270,"href":"https:\/\/www.imf.asso.fr\/pages\/index.php?rest_route=\/wp\/v2\/pages\/4021\/revisions\/17270"}],"up":[{"embeddable":true,"href":"https:\/\/www.imf.asso.fr\/pages\/index.php?rest_route=\/wp\/v2\/pages\/264"}],"wp:featuredmedia":[{"embeddable":true,"href":"https:\/\/www.imf.asso.fr\/pages\/index.php?rest_route=\/wp\/v2\/media\/10771"}],"wp:attachment":[{"href":"https:\/\/www.imf.asso.fr\/pages\/index.php?rest_route=%2Fwp%2Fv2%2Fmedia&parent=4021"}],"curies":[{"name":"wp","href":"https:\/\/api.w.org\/{rel}","templated":true}]}}