{"id":20,"date":"2017-07-05T10:39:36","date_gmt":"2017-07-05T08:39:36","guid":{"rendered":"http:\/\/www.imf.asso.fr\/pages\/?page_id=20"},"modified":"2026-03-02T10:45:22","modified_gmt":"2026-03-02T09:45:22","slug":"lassociation","status":"publish","type":"page","link":"https:\/\/www.imf.asso.fr\/pages\/?page_id=20","title":{"rendered":"L&rsquo;Association"},"content":{"rendered":"<p><!--more--><\/p>\n<p><span style=\"color: #1d60ab; font-size: 14pt;\"><strong>Le projet associatif de l&rsquo;IMF, association cr\u00e9\u00e9 en 1990, refl\u00e8te ses valeurs fondamentales et une conscience accrue des d\u00e9fis actuels.<\/strong> <\/span><\/p>\n<div>\n<div>\n<div>\n<div>\n<p>\u00ab\u00a0Aller vers\u00a0\u00bb, inclusivit\u00e9, solidarit\u00e9, innovation&#8230; L&rsquo;IMF consid\u00e8re chaque individu comme une ressource inestimable pour la soci\u00e9t\u00e9, et ses missions visent \u00e0 encourager chacun, m\u00eame les plus vuln\u00e9rables, \u00e0 adopter pleinement ce r\u00f4le. La formation des acteurs de l&rsquo;intervention sociale est le principal vecteur de cette d\u00e9marche, jouant un r\u00f4le crucial dans la promotion de la coh\u00e9sion sociale, qui est indispensable \u00e0 la cr\u00e9ation d&rsquo;une richesse partag\u00e9e.<\/p>\n<\/div>\n<\/div>\n<\/div>\n<div>\n<p>L&rsquo;institut vise \u00e9galement \u00e0 diversifier ses activit\u00e9s strat\u00e9giques, contribuant ainsi au d\u00e9veloppement social et \u00e9conomique de ses territoires \u00e0 travers des missions internationales et des interventions \u00e9conomiques.<\/p>\n<\/div>\n<\/div>\n<p>&nbsp;<\/p>\n<table border=\"0\" width=\"95%\" cellspacing=\"0\" cellpadding=\"0\" align=\"center\">\n<tbody>\n<tr>\n<td>\n<ul>\n<li>Le <a href=\"\/pages\/presentation\/projet_associatif_imf.pdf\" target=\"_blank\" rel=\"noopener\">Projet_Associatif IMF 2021-2026<\/a><\/li>\n<li>La <a href=\"\/pages\/presentation\/charte_imf.pdf\" target=\"_blank\" rel=\"noopener noreferrer\">Charte<\/a> de l&rsquo;Association<\/li>\n<li><strong>L&rsquo;index \u00e9galit\u00e9 Homme\/Femmes :<\/strong>\n<p><span style=\"font-size: 10pt;\">L&rsquo;<strong>IMF<\/strong> a toujours veill\u00e9 \u00e0 ce que la diversit\u00e9 et l&rsquo;\u00e9galit\u00e9 professionnelle fassent partie int\u00e9grante de sa politique institutionnelle. Cet engagement s&rsquo;inscrit dans le cadre du respect des obligations l\u00e9gales et conventionnelles.<\/span><\/p>\n<p><span style=\"font-size: 10pt;\">La Loi pour la Libert\u00e9 de choisir son avenir professionnel soumet les entreprises \u00e0 une obligation de r\u00e9sultat, en cr\u00e9ant l&rsquo;Index de l&rsquo;\u00e9galit\u00e9 salariale Femmes-Hommes.<\/p>\n<p><\/span><a href=\"https:\/\/www.imf.asso.fr\/pages\/wp-content\/uploads\/declaration_egapro_378911622_2026.pdf\">Voir le d\u00e9tail.<\/a><\/p>\n<\/li>\n<\/ul>\n<\/td>\n<\/tr>\n<tr>\n<td>&nbsp;<\/td>\n<\/tr>\n<\/tbody>\n<\/table>\n","protected":false},"excerpt":{"rendered":"","protected":false},"author":1,"featured_media":0,"parent":10,"menu_order":1,"comment_status":"closed","ping_status":"closed","template":"template-twocolumnsleft.php","meta":{"footnotes":""},"_links":{"self":[{"href":"https:\/\/www.imf.asso.fr\/pages\/index.php?rest_route=\/wp\/v2\/pages\/20"}],"collection":[{"href":"https:\/\/www.imf.asso.fr\/pages\/index.php?rest_route=\/wp\/v2\/pages"}],"about":[{"href":"https:\/\/www.imf.asso.fr\/pages\/index.php?rest_route=\/wp\/v2\/types\/page"}],"author":[{"embeddable":true,"href":"https:\/\/www.imf.asso.fr\/pages\/index.php?rest_route=\/wp\/v2\/users\/1"}],"replies":[{"embeddable":true,"href":"https:\/\/www.imf.asso.fr\/pages\/index.php?rest_route=%2Fwp%2Fv2%2Fcomments&post=20"}],"version-history":[{"count":4,"href":"https:\/\/www.imf.asso.fr\/pages\/index.php?rest_route=\/wp\/v2\/pages\/20\/revisions"}],"predecessor-version":[{"id":16365,"href":"https:\/\/www.imf.asso.fr\/pages\/index.php?rest_route=\/wp\/v2\/pages\/20\/revisions\/16365"}],"up":[{"embeddable":true,"href":"https:\/\/www.imf.asso.fr\/pages\/index.php?rest_route=\/wp\/v2\/pages\/10"}],"wp:attachment":[{"href":"https:\/\/www.imf.asso.fr\/pages\/index.php?rest_route=%2Fwp%2Fv2%2Fmedia&parent=20"}],"curies":[{"name":"wp","href":"https:\/\/api.w.org\/{rel}","templated":true}]}}