{"id":193,"date":"2017-07-05T11:45:48","date_gmt":"2017-07-05T09:45:48","guid":{"rendered":"http:\/\/www.imf.asso.fr\/pages\/?page_id=193"},"modified":"2025-12-16T12:23:13","modified_gmt":"2025-12-16T11:23:13","slug":"la-formation","status":"publish","type":"page","link":"https:\/\/www.imf.asso.fr\/pages\/?page_id=193","title":{"rendered":"La formation"},"content":{"rendered":"<p><!--more--><\/p>\n<table class=\"cell_align_content\">\n<tbody>\n<tr class=\"cell_background_title\">\n<td><span style=\"font-size: 14pt; color: #1d60ab;\"><strong>\u00c9l\u00e9ments g\u00e9n\u00e9raux de la formation \/ Objectifs<\/strong><\/span><\/td>\n<\/tr>\n<tr>\n<td>\n<p><strong>Le dipl\u00f4me d\u2019Etat li\u00e9 \u00e0 cette profession constitue le premier niveau de qualification dans le champ du travail social. <\/strong>La formation vise l\u2019obtention du dipl\u00f4me d\u2019\u00e9tat d\u2019accompagnant \u00e9ducatif et social. Sa dur\u00e9e est de 1407 heures. \u00a0L\u2019ensemble de la formation pour un parcours complet est organis\u00e9e sur une amplitude de dix \u00e0 vingt quatre mois.<\/p>\n<ul>\n<li><span style=\"color: #1d60ab;\"><strong>La formation th\u00e9orique\u00a0 : 546 h +<\/strong> <strong>21 h<\/strong><\/span> <br \/>\npour l\u2019Attestation de formations aux gestes et soins d&rsquo;urgences de niveaux 2<\/li>\n<li><span style=\"color: #1d60ab;\"><strong>La formation pratique<\/strong> :\u00a0 <\/span><strong><span style=\"color: #1d60ab;\">840 h<\/span>, <br \/>\ns<\/strong>oit 24 semaines r\u00e9parties en 2 ou 3 stages couvrant les 5 blocs de comp\u00e9tences.<\/p>\n<\/li>\n<\/ul>\n<p><strong>Consulter le calendrier de la formation<\/strong> (session 2025-2026) pour les \u00e9tablissements d&rsquo;<a href=\"https:\/\/www.imf.asso.fr\/pages\/wp-content\/uploads\/Calendrier-AES-FI-FC-Session-2026.pdf\">Arles<\/a>, <a href=\"https:\/\/www.imf.asso.fr\/pages\/wp-content\/uploads\/AES-Sept-2025-Calendrier.pdf\">Avignon<\/a> et <a href=\"https:\/\/www.imf.asso.fr\/pages\/wp-content\/uploads\/AES_Marseille_SEPT-25-maj-230625.pdf\">Marseille<\/a>.<\/p>\n<p><strong>Pour un parcours partiel<\/strong>, la dur\u00e9e de la formation pratique varie en fonction du nombre de blocs de comp\u00e9tences \u00e0 valider, \u00e0 raison de 168 heures de formation pratique pour chaque bloc de comp\u00e9tences.<\/p>\n<p>Chaque stage doit faire l\u2019objet d\u2019une \u00e9valuation.<\/p>\n<p><strong>Les stagiaires en parcours de formation continue<\/strong> tout au long de la vie et en situation d&#8217;emploi d\u2019accompagnant, effectuent une p\u00e9riode de formation pratique d&rsquo;au moins 140 heures sur un site qualifiant et portant sur l&rsquo;ensemble des comp\u00e9tences \u00e0 valider par le stagiaire.<\/p>\n<\/td>\n<\/tr>\n<tr>\n<td>\n<p><span style=\"color: #1d60ab; font-size: 14pt;\"><strong>Les Blocs de Comp\u00e9tences<\/strong><\/span><\/p>\n<p>La formation th\u00e9orique et pratique se d\u00e9compose en <strong>cinq blocs de comp\u00e9tences.<\/strong><\/p>\n<p>Chaque domaine \u00e9nonce des aptitudes et comp\u00e9tences vis\u00e9es et \u00e9valuables, qui seront<br \/>\nacquises au cours de la formation (voir projet p\u00e9dagogique).<\/p>\n<ul style=\"list-style-type: disc;\">\n<li><strong>Bloc 1 :<\/strong> Accompagnement de la personne dans les actes essentiels de la vie quotidienne \u00a0<\/li>\n<li><strong>Bloc 2 :<\/strong> Accompagnement de la personne dans les actes de la vie quotidienne dans le respect de cette personne et des r\u00e8gles d\u2019hygi\u00e8ne et de s\u00e9curit\u00e9<\/li>\n<li><strong>Bloc 3 :<\/strong> Accompagnement \u00e0 la vie sociale et relationnelle de la personne<\/li>\n<li><strong>Bloc 4 :<\/strong> Positionnement en tant que travailleur social dans son contexte d\u2019intervention<\/li>\n<li><strong>Bloc 5 :<\/strong> Travail en \u00e9quipe pluri-professionnelle, gestion des risques et traitement des informations li\u00e9es \u00e0 l\u2019accompagnement de la personne<\/li>\n<\/ul>\n<\/td>\n<\/tr>\n<\/tbody>\n<\/table>\n<table class=\"cell_align_content\">\n<tbody>\n<tr class=\"cell_background_title\">\n<td><span style=\"font-size: 14pt; color: #1d60ab;\"><strong>All\u00e9gement de formation<\/strong><\/span><\/td>\n<\/tr>\n<tr>\n<td>\n<p>Certains dipl\u00f4mes permettent des dispenses et all\u00e8gements de formation (cf. site internet IMF). Les titulaires du DEAMP, DEAVS, DEAES doivent valider l&rsquo;AFGSU et La certification du bloc 5 du DEAES R\u00e9form\u00e9 2021. Un parcours personnalis\u00e9 leur sera propos\u00e9 pour valider ce DEAES R\u00e9form\u00e9.<\/p>\n<p><a href=\"\/pages\/formations\/form_diplo\/aes\/dispenses_allegements.pdf\">All\u00e8gements et dispenses, cliquez ici<\/a><\/p>\n<\/td>\n<\/tr>\n<\/tbody>\n<\/table>\n<table class=\"cell_align_content\">\n<tbody>\n<tr class=\"cell_background_title\">\n<td><span style=\"font-size: 14pt;\"><strong><span style=\"color: #1d60ab;\">Voies d\u2019acc\u00e8s au Dipl\u00f4me d\u2019\u00c9tat d&rsquo;Accompagnant \u00c9ducatif et Social<\/span><\/strong><\/span><\/td>\n<\/tr>\n<tr>\n<td>\n<ul>\n<li><strong>Formation initiale<\/strong> ouverte aux publics prioritaires de la R\u00e9gion PACA (demandeurs d\u2019emploi et jeunes suivis par la Mission Locale) \u2013 Dur\u00e9e : 12 mois<\/li>\n<li><strong>Formation continue<\/strong> (candidats en cours d\u2019emploi : contrat de professionnalisation, p\u00e9riode de professionnalisation, contrat d\u2019apprentissage, contrat d\u2019avenir, CIF (dur\u00e9e : 12, 18 ou 24 mois).<\/li>\n<li><strong>VAE<\/strong> Validation des Acquis de l\u2019Exp\u00e9rience<\/li>\n<\/ul>\n<\/td>\n<\/tr>\n<\/tbody>\n<\/table>\n<table class=\"cell_align_content\">\n<tbody>\n<tr class=\"cell_background_title\">\n<td><span style=\"color: #1d60ab; font-size: 14pt;\"><strong>Conditions d\u2019acc\u00e8s \u00e0 la formation<\/strong><\/span><\/td>\n<\/tr>\n<tr>\n<td>Aucun dipl\u00f4me n\u2019est requis pour acc\u00e9der \u00e0 la formation d\u2019AES. Les candidats \u00e0 cette formation font l\u2019objet d\u2019une s\u00e9lection d\u2019entr\u00e9e en formation. Sont dispens\u00e9s de cette s\u00e9lection, les candidats en cours d&#8217;emploi ou titulaire de certains dipl\u00f4mes, titres ou certificats, <a href=\"https:\/\/www.imf.asso.fr\/pages\/formations\/form_diplo\/aes\/dispenses_allegements.pdf\">cliquez ici.<\/a><\/p>\n<p>Les candidats titulaires d&rsquo;un dipl\u00f4me d&rsquo;\u00c9tat d&rsquo;Aide M\u00e9dico-Psychologique ou d&rsquo;un dipl\u00f4me d&rsquo;Etat d&rsquo;Auxiliaire de Vie Sociale ou d&rsquo;un dipl\u00f4me d&rsquo;\u00c9tat Accompagnant \u00c9ducatif et Social souhaitant obtenir une sp\u00e9cialit\u00e9 diff\u00e9rente de celle acquise au titre de leur dipl\u00f4me sont dispens\u00e9s des \u00e9preuves de s\u00e9lection (art. 5 arr\u00eat\u00e9 29.1.2016).<\/td>\n<\/tr>\n<\/tbody>\n<\/table>\n<table class=\"cell_align_content\">\n<tbody>\n<tr class=\"cell_background_title\">\n<td><span style=\"color: #1d60ab; font-size: 14pt;\"><strong>Co\u00fbt de la formation<\/strong><\/span><\/td>\n<\/tr>\n<tr>\n<td>\n<ul>\n<li><strong>Formation initiale<\/strong> : le co\u00fbt de la formation est pris en charge int\u00e9gralement par le Conseil R\u00e9gional pour un parcours complet.<\/li>\n<li><strong>Formation continue<\/strong> : le co\u00fbt de la formation est pris en charge par l\u2019employeur ou l\u2019OPCO aupr\u00e8s duquel il cotise (devis fourni sur demande). Pour l&rsquo;apprentissage, <a href=\"https:\/\/www.cfa-giapats.fr\/\">cliquez ici<\/a><\/li>\n<li><strong>Possibilit\u00e9 de financement personnel<\/strong> pour les parcours partiels (devis fourni sur demande).<\/li>\n<\/ul>\n<\/td>\n<\/tr>\n<\/tbody>\n<\/table>\n<table class=\"cell_align_content\">\n<tbody>\n<tr class=\"cell_background_title\">\n<td><span style=\"font-size: 14pt; color: #1d60ab;\"><strong>Inscription aux s\u00e9lections d\u2019entr\u00e9e en formation<\/strong><\/span><\/td>\n<\/tr>\n<tr>\n<td>\n<p>L\u2019inscription aux s\u00e9lections a lieu sur la page d\u00e9di\u00e9e :\u00a0<a href=\"\/pages\/?page_id=624\"> les s\u00e9lections<\/a>.<\/p>\n<p>Pour les apprentis, il s\u2019agit d\u2019un positionnement \u00e0 l\u2019entr\u00e9e en formation (pour les modalit\u00e9s, consulter la <a href=\"https:\/\/www.imf.asso.fr\/pages\/?page_id=10619\">page d\u00e9di\u00e9e<\/a> ou prendre contact avec notre service ICO).<\/p>\n<\/td>\n<\/tr>\n<\/tbody>\n<\/table>\n<div class=\"cell_background_title\"><span style=\"font-size: 14pt;\"><strong><span style=\"color: #1d60ab;\">Textes officiels<\/span><\/strong><\/span><\/div>\n<table>\n<tbody>\n<tr>\n<td>\n<ul>\n<li><a href=\"\/pages\/formations\/form_diplo\/aes\/joe_20220317_0064_0014.pdf\" target=\"_blank\" rel=\"noopener\"><span id=\"page6R_mcid0\" class=\"markedContent\"><strong><span dir=\"ltr\" role=\"presentation\">Arr\u00eat\u00e9 du 28 f\u00e9vrier 2022 modifiant l\u2019arr\u00eat\u00e9 du 30 ao\u00fbt 2021<\/span> <\/strong><span dir=\"ltr\" role=\"presentation\"><strong>relatif au dipl\u00f4me d\u2019Etat d\u2019accompagnant \u00e9ducatif et social<\/strong><\/span><\/span><\/a><\/li>\n<li>\n<h1 class=\"main-title\"><span style=\"font-size: 12pt;\"><a href=\"https:\/\/www.legifrance.gouv.fr\/jorf\/id\/JORFTEXT000043990824\">Arr\u00eat\u00e9 du 30 ao\u00fbt 2021 relatif au dipl\u00f4me d&rsquo;Etat d&rsquo;accompagnant \u00e9ducatif et social<\/a><\/span><\/h1>\n<ul>\n<li><a href=\"\/pages\/formations\/form_diplo\/aes\/joe_20210831_0202_0022.pdf\">Arr\u00eat\u00e9 version pdf<\/a><\/li>\n<\/ul>\n<\/li>\n<li>\n<h1 class=\"main-title\"><span style=\"font-size: 12pt;\"><a href=\"https:\/\/www.legifrance.gouv.fr\/jorf\/id\/JORFTEXT000043990747\">D\u00e9cret n\u00b0 2021-1133 du 30 ao\u00fbt 2021 relatif au dipl\u00f4me d&rsquo;Etat d&rsquo;accompagnant \u00e9ducatif et social<\/a><\/span><\/h1>\n<\/li>\n<li>\n<h1 class=\"main-title\"><span style=\"font-size: 12pt;\"><a style=\"font-family: inherit;\" href=\"\/pages\/formations\/form_diplo\/aes\/Lieux-interv-ref.pdf\">R\u00e9f\u00e9rentiels et lieux d&rsquo;intervention<\/a><\/span><\/h1>\n<\/li>\n<\/ul>\n<\/td>\n<\/tr>\n<\/tbody>\n<\/table>\n<p>&nbsp;<\/p>\n","protected":false},"excerpt":{"rendered":"","protected":false},"author":1,"featured_media":0,"parent":99,"menu_order":2,"comment_status":"closed","ping_status":"closed","template":"template-twocolumnsleft.php","meta":{"footnotes":""},"_links":{"self":[{"href":"https:\/\/www.imf.asso.fr\/pages\/index.php?rest_route=\/wp\/v2\/pages\/193"}],"collection":[{"href":"https:\/\/www.imf.asso.fr\/pages\/index.php?rest_route=\/wp\/v2\/pages"}],"about":[{"href":"https:\/\/www.imf.asso.fr\/pages\/index.php?rest_route=\/wp\/v2\/types\/page"}],"author":[{"embeddable":true,"href":"https:\/\/www.imf.asso.fr\/pages\/index.php?rest_route=\/wp\/v2\/users\/1"}],"replies":[{"embeddable":true,"href":"https:\/\/www.imf.asso.fr\/pages\/index.php?rest_route=%2Fwp%2Fv2%2Fcomments&post=193"}],"version-history":[{"count":3,"href":"https:\/\/www.imf.asso.fr\/pages\/index.php?rest_route=\/wp\/v2\/pages\/193\/revisions"}],"predecessor-version":[{"id":12342,"href":"https:\/\/www.imf.asso.fr\/pages\/index.php?rest_route=\/wp\/v2\/pages\/193\/revisions\/12342"}],"up":[{"embeddable":true,"href":"https:\/\/www.imf.asso.fr\/pages\/index.php?rest_route=\/wp\/v2\/pages\/99"}],"wp:attachment":[{"href":"https:\/\/www.imf.asso.fr\/pages\/index.php?rest_route=%2Fwp%2Fv2%2Fmedia&parent=193"}],"curies":[{"name":"wp","href":"https:\/\/api.w.org\/{rel}","templated":true}]}}