{"id":179,"date":"2017-07-05T11:35:14","date_gmt":"2017-07-05T09:35:14","guid":{"rendered":"http:\/\/www.imf.asso.fr\/pages\/?page_id=179"},"modified":"2026-02-12T14:51:14","modified_gmt":"2026-02-12T13:51:14","slug":"la-formation","status":"publish","type":"page","link":"https:\/\/www.imf.asso.fr\/pages\/?page_id=179","title":{"rendered":"La formation"},"content":{"rendered":"<p><!--more--><\/p>\n<table class=\"cell_align_content\">\n<tbody>\n<tr class=\"cell_background_title\">\n<td><strong>Voies d\u2019acc\u00e8s au Dipl\u00f4me d\u2019Etat<br \/>\n<\/strong><\/td>\n<\/tr>\n<tr>\n<td>\n<ul>\n<li>Formation continue<\/li>\n<li>Post VAE (Validation des Acquis de l\u2019Exp\u00e9rience)<\/li>\n<\/ul>\n<\/td>\n<\/tr>\n<\/tbody>\n<\/table>\n<table class=\"cell_align_content\">\n<tbody>\n<tr class=\"cell_background_title\">\n<td><strong>Conditions d&rsquo;acc\u00e8s \u00e0 la formation<\/strong><\/td>\n<\/tr>\n<tr>\n<td>\n<p>Peuvent se pr\u00e9senter \u00e0 la proc\u00e9dure d\u2019admission mentionn\u00e9e au deuxi\u00e8me alin\u00e9a de l\u2019article D. 451-18 du code de l\u2019action sociale et des familles les candidats remplissant au moins une des conditions suivantes :<\/p>\n<ul>\n<li>\u00eatre titulaire d\u2019un dipl\u00f4me au moins de niveau 6, d\u00e9livr\u00e9 par l\u2019Etat et vis\u00e9 \u00e0 l\u2019article L. 451-1 du code de l\u2019action sociale et des familles<\/li>\n<li>\u00eatre titulaire d\u2019un dipl\u00f4me national ou dipl\u00f4me d\u2019Etat ou dipl\u00f4me vis\u00e9 par le ministre charg\u00e9 de l\u2019enseignement sup\u00e9rieur sanctionnant un niveau de formation correspondant au moins \u00e0 cinq ans d\u2019\u00e9tudes sup\u00e9rieures ou d\u2019un dipl\u00f4me, certificat ou titre homologu\u00e9 ou enregistr\u00e9 au r\u00e9pertoire national des certifications professionnelles au niveau 7<\/li>\n<li>\u00eatre titulaire d\u2019un dipl\u00f4me au moins de niveau 5, d\u00e9livr\u00e9 par l\u2019Etat et vis\u00e9 \u00e0 l\u2019article L. 451-1 du code de l\u2019action sociale et des familles et justifier de trois ans d\u2019exp\u00e9rience professionnelle dans le domaine de l\u2019intervention sociale<\/li>\n<li>\u00eatre titulaire d\u2019un dipl\u00f4me du secteur param\u00e9dical d\u00e9livr\u00e9 par l\u2019Etat, homologu\u00e9 ou enregistr\u00e9 au r\u00e9pertoire national des certifications professionnelles \u00e0 un niveau au moins \u00e9gal au niveau 5 et justifier de cinq ans d\u2019exp\u00e9rience professionnelle dans le domaine de l\u2019intervention sociale<\/li>\n<li>\u00eatre titulaire d\u2019un dipl\u00f4me national ou dipl\u00f4me d\u2019Etat ou dipl\u00f4me vis\u00e9 par le ministre charg\u00e9 de l\u2019enseignement sup\u00e9rieur sanctionnant un niveau de formation correspondant au moins \u00e0 trois ans d\u2019\u00e9tudes sup\u00e9rieures ou d\u2019un dipl\u00f4me, certificat ou titre homologu\u00e9 ou enregistr\u00e9 au r\u00e9pertoire national des certifications professionnelles \u00e0 un niveau au moins \u00e9gal au niveau 6 et justifier de trois ans d\u2019exp\u00e9rience professionnelle dans le domaine de l\u2019intervention sociale<\/li>\n<\/ul>\n<p>\n<strong>Les titulaires du Certificat d\u2019Aptitude aux Fonctions d\u2019Encadrement et de Responsable d\u2019Unit\u00e9 d\u2019Intervention Sociale (CAFERUIS) sont exempt\u00e9s des blocs de comp\u00e9tence 3<\/strong>.<\/p>\n<\/td>\n<\/tr>\n<\/tbody>\n<\/table>\n<table class=\"cell_align_content\" style=\"width: 100%; height: 78px;\">\n<tbody>\n<tr class=\"cell_background_title\" style=\"height: 39px;\">\n<td style=\"height: 39px;\"><a href=\"https:\/\/www.imf.asso.fr\/pages\/?page_id=630\"><strong>Inscription aux s\u00e9lections<\/strong><\/a><\/td>\n<\/tr>\n<tr style=\"height: 39px;\">\n<td style=\"height: 39px;\">Le candidat constitue un dossier d\u2019admission comportant les pi\u00e8ces justificatives relatives aux conditions fix\u00e9es \u00e0 l\u2019article 2 l\u2019arr\u00eat\u00e9 de 2006, un curriculum vitae et un texte de pr\u00e9sentation personnalis\u00e9 de son parcours professionnel de 8 \u00e0 10 pages.<br \/>\nFrais de s\u00e9lection : <strong>150 \u20ac<\/strong><\/td>\n<\/tr>\n<\/tbody>\n<\/table>\n<table class=\"cell_align_content\" style=\"width: 749px;\">\n<tbody>\n<tr class=\"cell_background_title\">\n<td style=\"width: 749px;\"><strong>El\u00e9ments g\u00e9n\u00e9raux de la formation \/ Objectifs<\/strong><\/td>\n<\/tr>\n<tr>\n<td style=\"width: 749px;\" valign=\"TOP\" width=\"590\">\n<p>La formation vise l\u2019obtention du dipl\u00f4me d\u2019\u00e9tat.<\/p>\n<p>Dur\u00e9e de la formation : <strong><span style=\"color: #1d60ab;\">875 heures<\/span><\/strong>, r\u00e9parties sur <strong><span style=\"color: #1d60ab;\">deux ans<\/span><\/strong>, dont :<\/p>\n<ul>\n<li><span style=\"color: #1d60ab;\"><strong>Un enseignement th\u00e9orique<\/strong><\/span> (700 heures)<br \/>\nLe contenu de la formation est \u00e9tabli en fonction de 3 blocs de comp\u00e9tences. Chaque bloc \u00e9nonce des aptitudes et comp\u00e9tences vis\u00e9es et \u00e9valuables, qui seront acquises au cours de la formation (voir projet p\u00e9dagogique).<br \/>\n<strong>Bloc de comp\u00e9tences 1 :<\/strong> contribuer \u00e0 la production de connaissances dans le champ de l&rsquo;action sociale et m\u00e9dico-sociale<br \/>\n<strong>Bloc de comp\u00e9tences 2 :<\/strong> d\u00e9velopper de l&rsquo;ing\u00e9nierie de projets et des analyses prospectives<br \/>\n<strong>Bloc de comp\u00e9tences 3 :<\/strong> contribuer \u00e0 conduire des projets de transformation sociale<br \/>\n<em>Remarque : la dur\u00e9e et le contenu de la formation peuvent varier en fonction de l\u2019exp\u00e9rience professionnelle et des dipl\u00f4mes poss\u00e9d\u00e9s par les candidats.<\/em><\/li>\n<\/ul>\n<ul>\n<li><strong><span style=\"color: #1d60ab;\">Une formation pratique<\/span><\/strong> (175 heures)<br \/>\nLa formation pratique se d\u00e9roule sous la forme d&rsquo;une \u00e9tude de terrain (article 7 de l&rsquo;arr\u00eat\u00e9 du 2\/08\/06).<br \/>\nL&rsquo;\u00e9tude est r\u00e9alis\u00e9e collectivement en regard d&rsquo;une commande d&rsquo;\u00e9tude formul\u00e9e par une organisation et valid\u00e9e par le centre de formation.<\/li>\n<\/ul>\n<\/td>\n<\/tr>\n<\/tbody>\n<\/table>\n<table class=\"cell_align_content\">\n<tbody>\n<tr class=\"cell_background_title\">\n<td><strong>Points forts de la formation<\/strong><\/td>\n<\/tr>\n<tr>\n<td>\n<ul>\n<li>Plateforme de formation \u00e0 distance E Campus<\/li>\n<li>Promotions \u00e0 taille humaine<\/li>\n<li>Centres Ressources Multim\u00e9dia sur chaque site<\/li>\n<li>Portail offres d\u2019emploi de nos partenaires<\/li>\n<li>ICO : service d\u2019aide au montage dossier de formation, plan de carri\u00e8re, \u00e9volution professionnelle<\/li>\n<li>La formation est caract\u00e9ris\u00e9e par la prise en compte des parcours professionnels et scolaires ouvrant droit \u00e0 des all\u00e8gements de formation.<\/li>\n<li>Les candidats ayant r\u00e9ussi les \u00e9preuves de s\u00e9lection pourront participer \u00e0 une r\u00e9union d\u2019information avant l\u2019entr\u00e9e en formation.<\/li>\n<\/ul>\n<\/td>\n<\/tr>\n<\/tbody>\n<\/table>\n<table class=\"cell_align_content\">\n<tbody>\n<tr class=\"cell_background_title\">\n<td><strong>Deux parcours possibles<\/strong><\/td>\n<\/tr>\n<tr>\n<td>\n<ul>\n<li>Site de <span style=\"color: #1d60ab;\"><strong>Marseille<\/strong><\/span> : Option\u00a0 Sciences Humaines en partenariat avec Aix Marseille Universit\u00e9.<\/li>\n<li>Site de <span style=\"color: #1d60ab;\"><strong>Montfavet<\/strong><\/span> : Option Gestion et Management des Ressources humaines des \u00c9tablissement sociaux et m\u00e9dico-sociaux qui s\u2019articule avec les contenus du CAFDES<\/li>\n<\/ul>\n<\/td>\n<\/tr>\n<\/tbody>\n<\/table>\n<table class=\"cell_align_content\">\n<tbody>\n<tr>\n<td><b>Le DEIS est d\u00e9livr\u00e9 par la <\/b>DREETS<b> (<\/b>Direction r\u00e9gionale de l\u2019\u00e9conomie, de l\u2019emploi, du travail et des solidarit\u00e9s<b>) \u00e0 l\u2019issue des deux ann\u00e9es de formation sous r\u00e9serve de la validation des trois domaines de formation.<\/b><\/td>\n<\/tr>\n<\/tbody>\n<\/table>\n<table class=\"cell_align_content\" style=\"width: 100%; height: 148px;\">\n<tbody>\n<tr class=\"cell_background_title\" style=\"height: 39px;\">\n<td style=\"height: 39px;\"><strong>Sp\u00e9cificit\u00e9 du projet IMF RIS<br \/>\n<\/strong><\/td>\n<\/tr>\n<tr style=\"height: 109px;\">\n<td style=\"height: 109px;\">L&rsquo;int\u00e9gration d&rsquo;une dimension internationale : orient\u00e9e en particulier vers les pays du sud de la M\u00e9diterran\u00e9e. Cette ouverture permet de pr\u00e9parer les futurs cadres d\u00e9veloppeurs \u00e0 r\u00e9pondre aux enjeux de la mondialisation dans le secteur de l&rsquo;Ing\u00e9nierie Sociale.<\/td>\n<\/tr>\n<\/tbody>\n<\/table>\n<table class=\"cell_align_content\">\n<tbody>\n<tr class=\"cell_background_title\">\n<td><strong>Modalit\u00e9s p\u00e9dagogiques adapt\u00e9es aux personnes en situation de handicap<\/strong><\/td>\n<\/tr>\n<tr>\n<td>Sur chaque site, un r\u00e9f\u00e9rent handicap se tient \u00e0 la disposition des \u00e9tudiants\/stagiaires pour les accompagner tout au long de leur formation.<\/td>\n<\/tr>\n<\/tbody>\n<\/table>\n<table class=\"cell_align_content\" style=\"width: 100%; height: 99px;\">\n<tbody>\n<tr class=\"cell_background_title\" style=\"height: 39px;\">\n<td style=\"height: 39px;\"><strong>Co\u00fbt de la formation<\/strong><\/td>\n<\/tr>\n<tr style=\"height: 60px;\">\n<td style=\"height: 60px;\"><strong>Formation continue :<\/strong><\/p>\n<ul>\n<li>Le co\u00fbt de la formation est pris en charge par l\u2019employeur ou l\u2019OPCO (Op\u00e9rateurs de Comp\u00e9tences) aupr\u00e8s duquel il cotise : <span style=\"color: #1d60ab;\"><strong>11 500\u20ac<\/strong> <\/span>en 2024-2025 (devis fourni sur demande).<\/li>\n<li><span style=\"color: #1d60ab;\"><strong>9 035 \u20ac<\/strong> <\/span>pour les titulaires du CAFERUIS (pour les 550 heures de formation th\u00e9orique).\n<\/li>\n<\/ul>\n<p><strong>Financement personnel<\/strong> : <span style=\"color: #1d60ab;\"><strong>8 500\u20ac<\/strong><\/span><\/p>\n<\/td>\n<\/tr>\n<\/tbody>\n<\/table>\n<table class=\"cell_align_content\">\n<tbody>\n<tr class=\"cell_background_title\">\n<td><strong>Calendriers de formation<br \/>\n<\/strong><\/td>\n<\/tr>\n<tr>\n<td>\n<ul>\n<li><a href=\"https:\/\/www.imf.asso.fr\/pages\/wp-content\/uploads\/Calendrier-DEIS-1ere-annee-26-28.pdf\" target=\"_blank\" rel=\"noopener\">Calendrier de formation Marseille<\/a><\/li>\n<li><a href=\"https:\/\/www.imf.asso.fr\/pages\/wp-content\/uploads\/Calendrier-2eme-annee-25-26.pdf\">Calendrier de formation Avignon (2025-2027)<\/a><\/li>\n<li><a href=\"https:\/\/www.imf.asso.fr\/pages\/wp-content\/uploads\/DEIS_26-28-COMPLET.pdf\">Calendrier de formation Avignon (2026-2028)<\/a><\/li>\n<\/ul>\n<\/td>\n<\/tr>\n<\/tbody>\n<\/table>\n<table class=\"cell_align_content\" style=\"width: 100%; height: 411px;\">\n<tbody>\n<tr class=\"cell_background_title\" style=\"height: 39px;\">\n<td style=\"height: 39px;\"><strong>Renseignements pratiques<\/strong><\/td>\n<\/tr>\n<tr style=\"height: 310px;\">\n<td style=\"height: 310px;\">\n<table style=\"border-collapse: collapse; width: 100%;\">\n<tbody>\n<tr>\n<td style=\"width: 33.3333%;\"><strong>Lieux de formation et contacts<br \/>\n<\/strong><\/td>\n<td style=\"width: 33.3333%;\">\u00a0<\/td>\n<\/tr>\n<tr>\n<td style=\"width: 33.3333%;\">\n<p><strong>IMF RIS Avignon<\/strong><br \/>\n55 All\u00e9e Camille Claudel<br \/>\nHamadryade B\u00e2timent B<br \/>\n84 140 Montfavet<\/p>\n<p><strong>Responsable P\u00e9dagogique :<\/strong><br \/>\nSimon PITAUD<br \/>\ns.pitaud@imf.asso.fr<\/p>\n<p><strong>Assistante de formation\u00a0 :<\/strong><br \/>\nEglantine AGENEAU<br \/>\ne.ageneau@imf.asso.fr<br \/>\n04 32 40 41 80<\/p>\n<p>\n<\/p>\n<\/td>\n<td style=\"width: 33.3333%;\">\n<p><strong>IMF RIS Marseille<\/strong><br \/>\n59 Av. de Saint Just,<br \/>\nB\u00e2timent A, R\u00e9sidence Hippone 1<br \/>\n13013 Marseille<\/p>\n<p><strong>Responsable P\u00e9dagogique :<\/strong><br \/>\nSimon PITAUD<br \/>\ns.pitaud@imf.asso.fr<\/p>\n<p><strong>Assistante de formation\u00a0 :<\/strong><br \/>\nAmaria BELHAJ<br \/>\na.belhaj@imf.asso.fr<br \/>\n04 91 24 61 15<\/p>\n<\/td>\n<\/tr>\n<\/tbody>\n<\/table>\n<\/td>\n<\/tr>\n<tr style=\"height: 62px;\">\n<td style=\"height: 62px;\">A proximit\u00e9 de nos locaux, possibilit\u00e9 d\u2019h\u00e9bergement, de restauration et de moyens de transports en commun.<\/td>\n<\/tr>\n<\/tbody>\n<\/table>\n<table class=\"cell_align_content\">\n<tbody>\n<tr class=\"cell_background_title\">\n<td><strong>Textes officiels<\/strong><\/td>\n<\/tr>\n<tr>\n<td>\n<ul>\n<li><a href=\"http:\/\/www.legifrance.gouv.fr\/jopdf\/common\/jo_pdf.jsp?numJO=0&amp;dateJO=20060702&amp;numTexte=8&amp;pageDebut=09936&amp;pageFin=09936\" target=\"_blank\" rel=\"noopener noreferrer\">D\u00e9cret n\u00b02006-770<\/a> du 30 juin 2006 relatif au dipl\u00f4me d\u2019Etat d\u2019ing\u00e9nierie sociale (document pdf L\u00e9gifrance).<\/li>\n<li><a href=\"http:\/\/www.legifrance.gouv.fr\/affichTexte.do?cidTexte=JORFTEXT000000271730\" target=\"_blank\" rel=\"noopener noreferrer\">Arr\u00eat\u00e9 du 2 ao\u00fbt 2006<\/a> relatif au dipl\u00f4me d\u2019Etat d\u2019ing\u00e9nierie sociale (document pdf \u00e0 t\u00e9l\u00e9charger).<\/li>\n<li><a href=\"http:\/\/www.sante.gouv.fr\/fichiers\/bo\/2006\/06-09\/a0090030.htm\" target=\"_blank\" rel=\"noopener noreferrer\">Circulaire DGAS\/SD4A n\u00b0 2006-379<\/a> du 1er septembre 2006 relative aux modalit\u00e9s de la formation pr\u00e9paratoire et d\u2019obtention du dipl\u00f4me d\u2019Etat d\u2019ing\u00e9nierie sociale (DEIS) ; contenant le r\u00e9f\u00e9rentiel professionnel (document pdf \u00e0 t\u00e9l\u00e9charger).<\/li>\n<li><a href=\"\/pages\/formations\/form_diplo\/deis\/annexes.pdf\" target=\"_blank\" rel=\"noopener noreferrer\">les annexes<\/a><\/li>\n<\/ul>\n<\/td>\n<\/tr>\n<\/tbody>\n<\/table>\n","protected":false},"excerpt":{"rendered":"","protected":false},"author":1,"featured_media":0,"parent":83,"menu_order":2,"comment_status":"closed","ping_status":"closed","template":"template-twocolumnsleft.php","meta":{"footnotes":""},"_links":{"self":[{"href":"https:\/\/www.imf.asso.fr\/pages\/index.php?rest_route=\/wp\/v2\/pages\/179"}],"collection":[{"href":"https:\/\/www.imf.asso.fr\/pages\/index.php?rest_route=\/wp\/v2\/pages"}],"about":[{"href":"https:\/\/www.imf.asso.fr\/pages\/index.php?rest_route=\/wp\/v2\/types\/page"}],"author":[{"embeddable":true,"href":"https:\/\/www.imf.asso.fr\/pages\/index.php?rest_route=\/wp\/v2\/users\/1"}],"replies":[{"embeddable":true,"href":"https:\/\/www.imf.asso.fr\/pages\/index.php?rest_route=%2Fwp%2Fv2%2Fcomments&post=179"}],"version-history":[{"count":2,"href":"https:\/\/www.imf.asso.fr\/pages\/index.php?rest_route=\/wp\/v2\/pages\/179\/revisions"}],"predecessor-version":[{"id":16208,"href":"https:\/\/www.imf.asso.fr\/pages\/index.php?rest_route=\/wp\/v2\/pages\/179\/revisions\/16208"}],"up":[{"embeddable":true,"href":"https:\/\/www.imf.asso.fr\/pages\/index.php?rest_route=\/wp\/v2\/pages\/83"}],"wp:attachment":[{"href":"https:\/\/www.imf.asso.fr\/pages\/index.php?rest_route=%2Fwp%2Fv2%2Fmedia&parent=179"}],"curies":[{"name":"wp","href":"https:\/\/api.w.org\/{rel}","templated":true}]}}