{"id":16626,"date":"2026-03-16T12:47:49","date_gmt":"2026-03-16T11:47:49","guid":{"rendered":"https:\/\/www.imf.asso.fr\/pages\/?page_id=16626"},"modified":"2026-03-26T15:25:26","modified_gmt":"2026-03-26T14:25:26","slug":"journee-mondiale-du-travail-social-2026-2","status":"publish","type":"page","link":"https:\/\/www.imf.asso.fr\/pages\/?page_id=16626","title":{"rendered":"Journ\u00e9e Mondiale du Travail Social 2026 | IMF RIS Avignon"},"content":{"rendered":"<p><!--more--><\/p>\n<p><img decoding=\"async\" loading=\"lazy\" class=\"alignnone size-large wp-image-16475\" src=\"https:\/\/www.imf.asso.fr\/pages\/wp-content\/uploads\/Journee-mondiale-du-travail-social.jpg\" alt=\"\" width=\"945\" height=\"215\" \/><\/p>\n<p>\u00c0 l\u2019occasion de la journ\u00e9e internationale du travail social, l&rsquo;<strong>IMF RIS Avignon<\/strong> a organis\u00e9 un travail de mutualisation et d\u2019\u00e9changes en lien avec l\u2019accompagnement des <strong>Mineurs Non Accompagn\u00e9s<\/strong> (MNA) en France et dans le monde (Canada, Etats-Unis, Italie et Maroc).\u00a0<\/p>\n<p class=\"aWBg0w aZskFA u16U_g mKhvSg\">Les \u00e9tudiant\u00b7e\u00b7s en ASS2 de l&rsquo;IMF RIS Avignon ont r\u00e9alis\u00e9 un excellent travail de r\u00e9flexion et ont eu l&rsquo;opportunit\u00e9 au cours de cette matin\u00e9e :<\/p>\n<ul>\n<li class=\"aWBg0w aZskFA u16U_g mKhvSg\"><span class=\"VgvqkQ aZskFA u16U_g\">De pr\u00e9senter la l\u00e9gislation ou la proc\u00e9dure en vigueur dans le pays s\u00e9lectionn\u00e9 concernant l&rsquo;accueil des MNA,<\/span><\/li>\n<\/ul>\n<div class=\"aWBg0w aZskFA u16U_g mKhvSg\">\n<ul class=\"lhw4dw\">\n<li>\n<p class=\"aWBg0w aZskFA u16U_g mKhvSg\"><span class=\"VgvqkQ aZskFA u16U_g\">D&rsquo;identifier les acteurs et les structures qui accueillent et accompagnent ce public, tout en pr\u00e9cisant les missions des travailleurs sociaux aupr\u00e8s des MNA,<\/span><\/p>\n<\/li>\n<li>\n<p class=\"aWBg0w aZskFA u16U_g mKhvSg\"><span class=\"VgvqkQ aZskFA u16U_g\">De partager leurs questionnements et r\u00e9flexions en tant que futurs travailleurs sociaux, \u00e0 partir des \u00e9changes effectu\u00e9s en groupe de travail avant cette matin\u00e9e.<\/span><\/p>\n<\/li>\n<\/ul>\n<\/div>\n<p class=\"aWBg0w aZskFA u16U_g mKhvSg\"><span class=\"VgvqkQ aZskFA u16U_g\">Un grand merci \u00e0 notre partenaire <strong>Entraide Pierre Valdo<\/strong> pour sa pr\u00e9cieuse contribution.<\/span><\/p>\n<div class=\"flex flex-col text-sm pb-25\">\n<article class=\"text-token-text-primary w-full focus:outline-none [--shadow-height:45px] has-data-writing-block:pointer-events-none has-data-writing-block:-mt-(--shadow-height) has-data-writing-block:pt-(--shadow-height) [&amp;:has([data-writing-block])&gt;*]:pointer-events-auto scroll-mt-[calc(var(--header-height)+min(200px,max(70px,20svh)))]\" dir=\"auto\" tabindex=\"-1\" data-turn-id=\"request-WEB:bf1a2112-7f3d-446e-80cb-31c7a4f081f3-3\" data-testid=\"conversation-turn-8\" data-scroll-anchor=\"true\" data-turn=\"assistant\">\n<div class=\"text-base my-auto mx-auto pb-10 [--thread-content-margin:var(--thread-content-margin-xs,calc(var(--spacing)*4))] @w-sm\/main:[--thread-content-margin:var(--thread-content-margin-sm,calc(var(--spacing)*6))] @w-lg\/main:[--thread-content-margin:var(--thread-content-margin-lg,calc(var(--spacing)*16))] px-(--thread-content-margin)\">\n<div class=\"[--thread-content-max-width:40rem] @w-lg\/main:[--thread-content-max-width:48rem] mx-auto max-w-(--thread-content-max-width) flex-1 group\/turn-messages focus-visible:outline-hidden relative flex w-full min-w-0 flex-col agent-turn\" tabindex=\"-1\">\n<div class=\"flex max-w-full flex-col gap-4 grow\">\n<div class=\"min-h-8 text-message relative flex w-full flex-col items-end gap-2 text-start break-words whitespace-normal [.text-message+&amp;]:mt-1\" dir=\"auto\" data-message-author-role=\"assistant\" data-message-id=\"7d537e73-47be-4fad-a638-b3b2bead0214\" data-message-model-slug=\"gpt-5-3\">\n<div class=\"flex w-full flex-col gap-1 empty:hidden\">\n<p style=\"margin: 35px 0 10px 0;\"><a style=\"margin: 0px; background: #faea6a; padding: 15px; border-radius: 30px;\" href=\"https:\/\/padlet.com\/muriel840\/l-accueil-et-l-accompagnement-des-mna-en-france-et-dans-le-m-h2wizcyw2ouyqhob\"><strong>D\u00e9couvrez les travaux des \u00e9tudiants.es en cliquant ici<\/strong><\/a><\/p>\n<p style=\"margin: 35px 0 10px 0;\"><span style=\"color: #ffffff;\"><a style=\"margin: 0px; background: #d82b9f; padding: 15px; border-radius: 30px; color: #ffffff;\" href=\"https:\/\/www.imf.asso.fr\/pages\/wp-content\/uploads\/Biblio-MNA-journee-internationale-du-travail-social-ASS-2026.pdf\"><strong>D\u00e9couvrez la bibliographie propos\u00e9e par les documentalistes du CRM<\/strong><\/a><\/span><\/p>\n<p>&nbsp;<\/p>\n<\/div>\n<\/div>\n<table style=\"border-collapse: collapse; width: 100%;\">\n<tbody>\n<tr>\n<td style=\"width: 33.3333%;\"><img decoding=\"async\" src=\"https:\/\/www.imf.asso.fr\/pages\/wp-content\/uploads\/IMG_2074-scaled.jpeg\" \/><\/td>\n<td style=\"width: 33.3333%;\"><img decoding=\"async\" src=\"https:\/\/www.imf.asso.fr\/pages\/wp-content\/uploads\/IMG_2084-scaled.jpeg\" \/>\u00a0<\/td>\n<td style=\"width: 34.5333%;\"><img decoding=\"async\" src=\"https:\/\/www.imf.asso.fr\/pages\/wp-content\/uploads\/IMG_2088.jpeg\" \/><\/td>\n<\/tr>\n<tr>\n<td style=\"width: 33.3333%;\"><img decoding=\"async\" src=\"https:\/\/www.imf.asso.fr\/pages\/wp-content\/uploads\/IMG_2081-scaled.jpeg\" \/><\/td>\n<td style=\"width: 33.3333%;\"><img decoding=\"async\" src=\"https:\/\/www.imf.asso.fr\/pages\/wp-content\/uploads\/IMG_2078.jpeg\" \/>\u00a0<\/td>\n<td style=\"width: 34.5333%;\">\n<p><img decoding=\"async\" src=\"https:\/\/www.imf.asso.fr\/pages\/wp-content\/uploads\/IMG_2082.jpeg\" \/><\/p>\n<\/td>\n<\/tr>\n<\/tbody>\n<\/table>\n<\/div>\n<\/div>\n<\/div>\n<\/article>\n<\/div>\n","protected":false},"excerpt":{"rendered":"","protected":false},"author":6,"featured_media":0,"parent":0,"menu_order":0,"comment_status":"closed","ping_status":"closed","template":"","meta":{"footnotes":""},"_links":{"self":[{"href":"https:\/\/www.imf.asso.fr\/pages\/index.php?rest_route=\/wp\/v2\/pages\/16626"}],"collection":[{"href":"https:\/\/www.imf.asso.fr\/pages\/index.php?rest_route=\/wp\/v2\/pages"}],"about":[{"href":"https:\/\/www.imf.asso.fr\/pages\/index.php?rest_route=\/wp\/v2\/types\/page"}],"author":[{"embeddable":true,"href":"https:\/\/www.imf.asso.fr\/pages\/index.php?rest_route=\/wp\/v2\/users\/6"}],"replies":[{"embeddable":true,"href":"https:\/\/www.imf.asso.fr\/pages\/index.php?rest_route=%2Fwp%2Fv2%2Fcomments&post=16626"}],"version-history":[{"count":3,"href":"https:\/\/www.imf.asso.fr\/pages\/index.php?rest_route=\/wp\/v2\/pages\/16626\/revisions"}],"predecessor-version":[{"id":16857,"href":"https:\/\/www.imf.asso.fr\/pages\/index.php?rest_route=\/wp\/v2\/pages\/16626\/revisions\/16857"}],"wp:attachment":[{"href":"https:\/\/www.imf.asso.fr\/pages\/index.php?rest_route=%2Fwp%2Fv2%2Fmedia&parent=16626"}],"curies":[{"name":"wp","href":"https:\/\/api.w.org\/{rel}","templated":true}]}}