{"id":16308,"date":"2026-02-26T12:16:37","date_gmt":"2026-02-26T11:16:37","guid":{"rendered":"https:\/\/www.imf.asso.fr\/pages\/?page_id=16308"},"modified":"2026-03-02T10:38:26","modified_gmt":"2026-03-02T09:38:26","slug":"la-journee-internationale-des-droits-des-femmes","status":"publish","type":"page","link":"https:\/\/www.imf.asso.fr\/pages\/?page_id=16308","title":{"rendered":"La Journ\u00e9e des Droits des Femmes \u00e0 l&rsquo;IMF RIS Marseille"},"content":{"rendered":"<p><img decoding=\"async\" loading=\"lazy\" class=\"alignnone size-large wp-image-16309\" src=\"https:\/\/www.imf.asso.fr\/pages\/wp-content\/uploads\/JIDDF-1024x224.png\" alt=\"\" width=\"945\" height=\"207\" srcset=\"https:\/\/www.imf.asso.fr\/pages\/wp-content\/uploads\/JIDDF-1024x224.png 1024w, https:\/\/www.imf.asso.fr\/pages\/wp-content\/uploads\/JIDDF-300x66.png 300w, https:\/\/www.imf.asso.fr\/pages\/wp-content\/uploads\/JIDDF-768x168.png 768w, https:\/\/www.imf.asso.fr\/pages\/wp-content\/uploads\/JIDDF-945x207.png 945w, https:\/\/www.imf.asso.fr\/pages\/wp-content\/uploads\/JIDDF.png 1383w\" sizes=\"(max-width: 945px) 100vw, 945px\" \/><\/p>\n<p>Lundi 9 mars 2026, l&rsquo;IMF RIS Marseille organise une journ\u00e9e d&rsquo;action et de r\u00e9flexion consacr\u00e9e aux droits des femmes. <strong>Autod\u00e9fense, quiz, caf\u00e9 solidaire, projections de films, d\u00e9bats, sensibilisation, rencontres avec des associations&#8230;<\/strong> De nombreuses activit\u00e9s seront propos\u00e9es toute la journ\u00e9e.<\/p>\n<p>&nbsp;<\/p>\n<div>\n<div>\n<p><span style=\"font-size: 14pt;\"><strong><span style=\"background: #572286; color: white; padding: 10px;\">D\u00c9COUVRIR LE D\u00c9ROUL\u00c9<\/span><\/strong><\/span><\/p>\n<\/div>\n<ul>\n<li>\n<p><strong>Vous serez accueilli \u00e0 partir de 9h<\/strong>. Du caf\u00e9, du jus d\u2019orange et des viennoiseries pour bien commencer la journ\u00e9e.<\/p>\n<\/li>\n<li>\n<p><strong>Les activit\u00e9s commenceront aux alentours de 9h30 ou 10h<\/strong>. Il est important de noter que <strong>certains ateliers ont un nombre de places limit\u00e9<\/strong> : tous les participant\u00b7e\u00b7s ne pourront pas entrer dans une salle si la capacit\u00e9 est atteinte. Si un sujet vous int\u00e9resse particuli\u00e8rement, assurez-vous d&rsquo;arriver \u00e0 l&rsquo;heure pour avoir la chance d&rsquo;y participer.<\/p>\n<\/li>\n<li>\n<p>Afin de nous aider \u00e0 mieux conna\u00eetre vos pr\u00e9f\u00e9rences en la mati\u00e8re, nous vous serions reconnaissants de bien vouloir consacrer <a href=\"https:\/\/forms.cloud.microsoft\/Pages\/ResponsePage.aspx?id=8t8My6u1x0Gyi9OndG5U_LDqGuMtZ9tNroycgsm5uqxUREFTQjVXSUU0QVVaM0pZUTBYQ0YzRFY5QS4u\"><strong>5 minutes \u00e0 partager votre opinion<\/strong><\/a>.<\/p>\n<\/li>\n<li>\n<p>Pour la pause d\u00e9jeuner, le <strong>foodtruck solidaire<\/strong> de l&rsquo;Arm\u00e9e du Salut nous rendra visite avec un menu \u00e0 petit prix : cr\u00eapes, taboul\u00e9 et pizzas !<\/p>\n<\/li>\n<li>\n<p>\u00c0 la fin de la journ\u00e9e, nous demanderons aux participant\u00b7e\u00b7s qui le peuvent de nous pr\u00eater main-forte pour <strong>remettre les salles en ordre<\/strong> en pr\u00e9vision des cours du lendemain. Merci par avance pour votre esprit d\u2019entraide !<\/p>\n<\/li>\n<\/ul>\n<\/div>\n<p>&nbsp;<\/p>\n<p><span style=\"font-size: 14pt;\"><strong><span style=\"background: #572286; color: white; padding: 10px;\">D\u00c9COUVRIR LE PROGRAMME<\/span><\/strong><\/span> <br \/>\n<strong><\/p>\n<p><\/strong><\/p>\n<p><span style=\"font-size: 10pt;\"><strong><span style=\"background: #572286; color: white; padding: 10px; margin-top: 20px;\">MATIN<\/span><\/strong><\/span><\/p>\n<p style=\"color: #333; padding: 0px; margin: 10px 10px 0px 0px; font-size: 12pt;\"><span style=\"font-size: 14pt; color: #333333;\"><strong>Atelier Forum Femmes M\u00e9diterran\u00e9e :<\/strong> sexisme, histoire des femmes de Marseille et d\u00e9construction des st\u00e9r\u00e9otypes de genre<\/span><br \/>\n<span style=\"color: #008080; font-size: 10pt;\"><em>9h30-12h en salle F. Lapena <\/em><span style=\"color: #333333;\"><span style=\"color: #ff00ff;\">\u279c<\/span>\u00a0<span style=\"color: #ff00ff;\"><strong>Attention : places limit\u00e9es\u00a0 !<\/strong><\/span><\/span><\/span><br \/>\n<span style=\"font-size: 10pt;\"><a href=\"https:\/\/forumfemmesmediterranee.fr\/\">Forum Femmes M\u00e9diterran\u00e9e<\/a> est une association f\u00e9ministe qui promeut la solidarit\u00e9 et l&rsquo;\u00e9galit\u00e9 entre les femmes et les hommes. Le programme de l&rsquo;atelier comprend la pr\u00e9sentation des actions de l&rsquo;association, un jeu des 7 familles et la projection d&rsquo;un film. <a href=\"https:\/\/www.imf.asso.fr\/pages\/wp-content\/uploads\/atelier_FFM-programme.pdf\">Consulter le programme complet de l&rsquo;atelier<\/a>.<\/span><\/p>\n<hr \/>\n<p style=\"color: #333; padding: 0px; margin: 10px 10px 0px 0px; font-size: 12pt;\"><span style=\"font-size: 14pt; color: #333333;\"><strong>Atelier Baham Arts : <\/strong>accompagnement des minorit\u00e9s de genre<\/span><br \/>\n<span style=\"color: #008080; font-size: 10pt;\"><em>10h-12h en salle S. Veil <\/em><\/span><span style=\"font-size: 10pt;\"><span style=\"color: #ff00ff;\">\u279c<\/span>\u00a0<span style=\"color: #ff00ff;\"><strong>Attention : places limit\u00e9es !<\/strong><\/span><\/span><\/p>\n<p><span style=\"font-size: 10pt;\"><a href=\"https:\/\/www.instagram.com\/bahamarts\/\">Baham Arts<\/a> est une association culturelle sp\u00e9cialis\u00e9e dans la visibilit\u00e9 des minorit\u00e9s de genre et des personnes racis\u00e9es. Son approche globale et inclusive des discriminations crois\u00e9es, ancr\u00e9e dans les territoires, contribue \u00e0 faire \u00e9voluer les pratiques professionnelles vers plus d&rsquo;inclusivit\u00e9. L&rsquo;atelier vise \u00e0 sensibiliser \u00e0 l&rsquo;accueil, \u00e0 l&rsquo;\u00e9coute et \u00e0 l&rsquo;accompagnement des personnes LGBTQIA+ dans toute leur diversit\u00e9.<\/span><\/p>\n<hr \/>\n<p style=\"color: #333; padding: 0px; margin: 10px 10px 0px 0px; font-size: 12pt;\"><span style=\"font-size: 14pt; color: #333333;\"><strong>Atelier d&rsquo;\u00e9criture <\/strong>sur les in\u00e9galit\u00e9s de genre et la justice sociale<\/span><br \/>\n<span style=\"color: #008080; font-size: 10pt;\"><em>10h-12h en salle Ibn Rochd <\/em><span style=\"color: #ff00ff;\">\u279c\u00a0<strong>Attention : places limit\u00e9es !<\/strong><\/span><\/span><\/p>\n<p><span style=\"font-size: 10pt;\">Un atelier d\u2019\u00e9criture qui vise \u00e0 rassembler les femmes et les hommes pour aborder la violence masculine envers les femmes. L&rsquo;objectif n&rsquo;est pas d&rsquo;analyser les causes de cette violence, mais d&rsquo;harmoniser nos c\u0153urs et nos pens\u00e9es \u00e0 partir de t\u00e9moignages de situations v\u00e9cues. Les mots \u00e9crits serviront de base \u00e0 une r\u00e9flexion pour sortir de cette violence masculine syst\u00e9mique.<\/span><\/p>\n<hr \/>\n<p style=\"color: #333; padding: 0px; margin: 10px 10px 0px 0px; font-size: 12pt;\"><span style=\"font-size: 14pt; color: #333333;\"><strong>Le Planning Familial 13<\/strong><\/span><br \/>\n<span style=\"color: #008080; font-size: 10pt;\"><em>9h30-12h en salle Pytheas<\/em><\/span><\/p>\n<p><span style=\"font-size: 10pt;\">On ne pr\u00e9sente plus<a href=\"https:\/\/www.leplanning13.org\/\"> le plus grand r\u00e9seau associatif et militant d\u00e9di\u00e9 \u00e0 la sant\u00e9 sexuelle en France<\/a>. L&rsquo;association sera \u00e0 nos c\u00f4t\u00e9s pour vous faire d\u00e9couvrir ses actions, ses combats et ses outils, toujours dans le but d&rsquo;accueillir, d&rsquo;informer et d&rsquo;orienter au mieux les personnes, en particulier les plus jeunes, sur leurs droits sexuels et reproductifs.<\/span><\/p>\n<hr \/>\n<p style=\"color: #333; padding: 0px; margin: 10px 10px 0px 0px; font-size: 12pt;\"><span style=\"font-size: 14pt; color: #333333;\"><strong>ARCA-F<\/strong><\/span><br \/>\n<span style=\"color: #008080; font-size: 10pt;\"><em>10h-12h au CRM<\/em><\/span><\/p>\n<p><span style=\"font-size: 10pt;\">Association d\u2019Autod\u00e9fense et de Ressources pour le Choix et l\u2019Autonomie des Femmes, l\u2019<a href=\"https:\/\/assoarcaf.wordpress.com\/\">ARCA-F<\/a> propose des stages Riposte ax\u00e9s sur la pr\u00e9vention des agressions, l&rsquo;autod\u00e9fense et l\u2019empowerment destin\u00e9s aux femmes et aux adolescentes. L&rsquo;association sera pr\u00e9sente au CRM pour r\u00e9pondre \u00e0 toutes vos questions concernant ses initiatives dans la r\u00e9duction des in\u00e9galit\u00e9s entre les hommes et les femmes et sa lutte contre les agressions dirig\u00e9es contre les femmes et les filles.<\/span><\/p>\n<hr \/>\n<p style=\"color: #333; padding: 0px; margin: 10px 10px 0px 0px; font-size: 12pt;\"><span style=\"font-size: 14pt; color: #333333;\"><strong>Le quiz des Coeurs Piquants<\/strong><\/span><br \/>\n<span style=\"color: #008080; font-size: 10pt;\"><em>S\u00e9ances de 30min entre 10h et 12h en salle F. Al-Fihriya<\/em><\/span><\/p>\n<p><span style=\"font-size: 10pt;\">Pr\u00eat\u00b7e\u00b7s \u00e0 relever le d\u00e9fi ? Les C\u0153urs Piquants vous invitent \u00e0 participer \u00e0 un quiz sur le th\u00e8me des personnalit\u00e9s f\u00e9minines, accompagn\u00e9 d&rsquo;un blind test sp\u00e9cial consacr\u00e9 aux artistes f\u00e9minines engag\u00e9es.\u00a0<\/span><\/p>\n<hr \/>\n<p style=\"color: #333; padding: 0px; margin: 10px 10px 0px 0px; font-size: 12pt;\"><span style=\"font-size: 14pt; color: #333333;\"><strong>Caf\u00e9 Solidaire<\/strong><\/span><br \/>\n<span style=\"color: #008080; font-size: 10pt;\"><em>Toute la journ\u00e9e au Foyer des \u00c9tudiants<\/em><\/span><br \/>\n<span style=\"font-size: 10pt;\">Besoin d\u2019une petite pause ? Nous vous invitons \u00e0 d\u00e9couvrir notre vente de boissons et de p\u00e2tisseries orientales, ainsi que de bijoux r\u00e9alis\u00e9s par les femmes de l\u2019association <a href=\"https:\/\/centpourcentmamans.com\/\"><strong>100% Mamans<\/strong><\/a>. Tous les profits seront revers\u00e9s \u00e0 l\u2019Association et viendront en aide aux femmes et \u00e0 leurs enfants.<\/span><\/p>\n<hr \/>\n<p>&nbsp;<\/p>\n<p><span style=\"font-size: 10pt;\"><strong><span style=\"background: #572286; color: white; padding: 10px;\">APRES-MIDI<\/span><\/strong><\/span><\/p>\n<p style=\"color: #333; padding: 0px; margin: 10px 10px 0px 0px; font-size: 12pt;\"><span style=\"font-size: 14pt; color: #333333;\"><strong>Les \u00c9crans de la doc<\/strong><\/span><br \/>\n<span style=\"color: #008080; font-size: 10pt;\"><em>13h-14h au CRM <span style=\"color: #ff00ff;\">\u279c\u00a0<strong>Attention : places limit\u00e9es !<\/strong><\/span><\/em><\/span><br \/>\n<span style=\"font-size: 10pt;\">Ce mois-ci,\u00a0 le CRM vous propose de visionner ensemble <a href=\"https:\/\/www.arte.tv\/fr\/videos\/RC-021432\/h24\/\"><strong>H24<\/strong><\/a>, une s\u00e9rie manifeste qui rend compte des violences faites aux femmes au quotidien. 24 films courts et audacieux, d&rsquo;apr\u00e8s les textes de 24 autrices europ\u00e9ennes, interpr\u00e9t\u00e9s par 24 actrices d&rsquo;exception. Une diversit\u00e9 de voix et de talents, dans une collection forte et engag\u00e9e.<\/span><\/p>\n<hr \/>\n<p style=\"color: #333; padding: 0px; margin: 10px 10px 0px 0px; font-size: 12pt;\"><span style=\"font-size: 14pt; color: #333333;\"><strong>Atelier ARCA-F : <\/strong>d\u00e9couverte de l&rsquo;autod\u00e9fense<\/span><br \/>\n<span style=\"color: #008080; font-size: 10pt;\"><em>14h-16h en salle Marseille <\/em><\/span><span style=\"font-size: 10pt; color: #ff00ff;\"><strong>\u279c Attention : places limit\u00e9es !<\/strong><\/span><\/p>\n<p><span style=\"font-size: 10pt;\">L&rsquo;objectif de l&rsquo;autod\u00e9fense pour femmes est d&rsquo;apprendre \u00e0 se d\u00e9fendre et pr\u00e9venir les agressions. L&rsquo;atelier pr\u00e9sente la m\u00e9thode RIPOSTE \u00e0 travers discussions et pratiques. Cette forme d&rsquo;autod\u00e9fense est accessible \u00e0 toutes, ind\u00e9pendamment de l&rsquo;\u00e2ge ou de la condition physique, et se base sur la solidarit\u00e9 entre femmes, la lutte contre les oppressions, en mettant l&rsquo;accent sur la confiance en soi, la d\u00e9finition de ses limites, et le droit d\u2019exiger leur respect.<\/span><\/p>\n<hr \/>\n<p style=\"color: #333; padding: 0px; margin: 10px 10px 0px 0px; font-size: 12pt;\"><span style=\"font-size: 14pt; color: #333333;\"><strong>Diffusion de documentaires<\/strong><\/span><br \/>\n<span style=\"color: #008080; font-size: 10pt;\"><em>14h-16h30 <span style=\"color: #ff00ff;\"><strong>\u279c Attention : places limit\u00e9es !<\/strong><\/span><\/em><\/span><\/p>\n<ul>\n<li style=\"color: #333333; font-size: 12pt;\"><em><span style=\"font-size: 10pt;\"><a href=\"https:\/\/www.cinemeteque.com\/film\/la-revolte-des-femmes-de-chambre\/\">La R\u00e9volte des Femmes de Chambre<\/a> <span style=\"color: #008080;\">(F. Lapena)<\/span><\/span><\/em><\/li>\n<li style=\"color: #333333; font-size: 12pt;\"><em><span style=\"font-size: 10pt;\"><a href=\"https:\/\/www.wearecoming-lefilm.fr\/a-propos\/\">We are coming<\/a><span style=\"color: #008080;\"> (Pytheas)<\/span><\/span><\/em><\/li>\n<li style=\"color: #333333; font-size: 12pt;\"><em><span style=\"font-size: 10pt;\"><a href=\"https:\/\/on-suzane.shop\/fr\/mon-capital-vdef\/\">Mon Capital<\/a> <span style=\"color: #008080;\">(Veil)<\/span><\/span><\/em><\/li>\n<li style=\"color: #333333; font-size: 12pt;\"><em><span style=\"font-size: 10pt;\"><a href=\"https:\/\/www.13prods.fr\/hors-radar\/\">Hors Radar<\/a> <span style=\"color: #008080;\">(Al-Fihriya)<\/span><\/span><\/em><\/li>\n<\/ul>\n<hr \/>\n<p style=\"color: #333; padding: 0px; margin: 10px 10px 0px 0px; font-size: 12pt;\"><span style=\"font-size: 14pt; color: #333333;\"><strong>Caf\u00e9 Solidaire<\/strong><\/span><br \/>\n<span style=\"color: #008080; font-size: 10pt;\"><em>Toute la journ\u00e9e au Foyer des \u00c9tudiants<\/em><\/span><br \/>\n<span style=\"font-size: 10pt;\">Besoin d\u2019une petite pause ? Nous vous invitons \u00e0 d\u00e9couvrir notre vente de boissons et de p\u00e2tisseries orientales, ainsi que de bijoux r\u00e9alis\u00e9s par les femmes de l\u2019association <a href=\"https:\/\/centpourcentmamans.com\/\"><strong>100% Mamans<\/strong><\/a>. Tous les profits seront revers\u00e9s \u00e0 l\u2019Association et viendront en aide aux femmes et \u00e0 leurs enfants.<\/span><\/p>\n<hr \/>\n","protected":false},"excerpt":{"rendered":"<p><img decoding=\"async\" loading=\"lazy\" class=\"alignnone size-large wp-image-16309\" src=\"https:\/\/www.imf.asso.fr\/pages\/wp-content\/uploads\/JIDDF-1024x224.png\" alt=\"\" width=\"945\" height=\"207\" srcset=\"https:\/\/www.imf.asso.fr\/pages\/wp-content\/uploads\/JIDDF-1024x224.png 1024w, https:\/\/www.imf.asso.fr\/pages\/wp-content\/uploads\/JIDDF-300x66.png 300w, https:\/\/www.imf.asso.fr\/pages\/wp-content\/uploads\/JIDDF-768x168.png 768w, https:\/\/www.imf.asso.fr\/pages\/wp-content\/uploads\/JIDDF-945x207.png 945w, https:\/\/www.imf.asso.fr\/pages\/wp-content\/uploads\/JIDDF.png 1383w\" sizes=\"(max-width: 945px) 100vw, 945px\" \/><\/p>\n<p>Lundi 9 mars 2026, l&rsquo;IMF RIS Marseille organise une journ\u00e9e d&rsquo;action et de r\u00e9flexion consacr\u00e9e aux droits des femmes. <strong>Autod\u00e9fense, quiz, caf\u00e9 solidaire, projections de films, d\u00e9bats, sensibilisation, rencontres avec &hellip; <\/strong><\/p>\n<p><a class=\"more-link btn\" href=\"https:\/\/www.imf.asso.fr\/pages\/?page_id=16308\">Lire la suite<\/a><\/p>\n","protected":false},"author":4,"featured_media":0,"parent":0,"menu_order":0,"comment_status":"closed","ping_status":"closed","template":"","meta":{"footnotes":""},"_links":{"self":[{"href":"https:\/\/www.imf.asso.fr\/pages\/index.php?rest_route=\/wp\/v2\/pages\/16308"}],"collection":[{"href":"https:\/\/www.imf.asso.fr\/pages\/index.php?rest_route=\/wp\/v2\/pages"}],"about":[{"href":"https:\/\/www.imf.asso.fr\/pages\/index.php?rest_route=\/wp\/v2\/types\/page"}],"author":[{"embeddable":true,"href":"https:\/\/www.imf.asso.fr\/pages\/index.php?rest_route=\/wp\/v2\/users\/4"}],"replies":[{"embeddable":true,"href":"https:\/\/www.imf.asso.fr\/pages\/index.php?rest_route=%2Fwp%2Fv2%2Fcomments&post=16308"}],"version-history":[{"count":2,"href":"https:\/\/www.imf.asso.fr\/pages\/index.php?rest_route=\/wp\/v2\/pages\/16308\/revisions"}],"predecessor-version":[{"id":16313,"href":"https:\/\/www.imf.asso.fr\/pages\/index.php?rest_route=\/wp\/v2\/pages\/16308\/revisions\/16313"}],"wp:attachment":[{"href":"https:\/\/www.imf.asso.fr\/pages\/index.php?rest_route=%2Fwp%2Fv2%2Fmedia&parent=16308"}],"curies":[{"name":"wp","href":"https:\/\/api.w.org\/{rel}","templated":true}]}}