{"id":13261,"date":"2025-04-25T09:45:10","date_gmt":"2025-04-25T07:45:10","guid":{"rendered":"https:\/\/www.imf.asso.fr\/pages\/?page_id=13261"},"modified":"2025-09-26T11:08:20","modified_gmt":"2025-09-26T09:08:20","slug":"exposition-economie-sociale-et-solidaire","status":"publish","type":"page","link":"https:\/\/www.imf.asso.fr\/pages\/?page_id=13261","title":{"rendered":"\u00c9conomie Sociale et Solidaire"},"content":{"rendered":"<p><!--more--><\/p>\n<p>&nbsp;<\/p>\n<p><img decoding=\"async\" loading=\"lazy\" class=\"alignnone wp-image-13272 size-large\" src=\"https:\/\/www.imf.asso.fr\/pages\/wp-content\/uploads\/ESS-banner-1024x341.png\" alt=\"\" width=\"945\" height=\"315\" srcset=\"https:\/\/www.imf.asso.fr\/pages\/wp-content\/uploads\/ESS-banner-1024x341.png 1024w, https:\/\/www.imf.asso.fr\/pages\/wp-content\/uploads\/ESS-banner-300x100.png 300w, https:\/\/www.imf.asso.fr\/pages\/wp-content\/uploads\/ESS-banner-768x256.png 768w, https:\/\/www.imf.asso.fr\/pages\/wp-content\/uploads\/ESS-banner-945x315.png 945w, https:\/\/www.imf.asso.fr\/pages\/wp-content\/uploads\/ESS-banner.png 1206w\" sizes=\"(max-width: 945px) 100vw, 945px\" \/><\/p>\n<p class=\"cvGsUA direction-ltr align-justify para-style-body\"><span class=\"OYPEnA font-feature-liga-off font-feature-clig-off font-feature-calt-off text-decoration-none text-strikethrough-none\">L\u2019<\/span><strong><span class=\"OYPEnA font-feature-liga-off font-feature-clig-off font-feature-calt-off text-decoration-none text-strikethrough-none\">\u00c9conomie Sociale et Solidaire<\/span><\/strong><span class=\"OYPEnA font-feature-liga-off font-feature-clig-off font-feature-calt-off text-decoration-none text-strikethrough-none\"> propose un mod\u00e8le \u00e9conomique fond\u00e9 sur un projet d\u2019utilit\u00e9 sociale, construit pour r\u00e9pondre aux besoins et aux in\u00e9galit\u00e9s de la soci\u00e9t\u00e9.<\/span><\/p>\n<p class=\"cvGsUA direction-ltr align-justify para-style-body\"><span class=\"OYPEnA font-feature-liga-off font-feature-clig-off font-feature-calt-off text-decoration-none text-strikethrough-none\">L\u2019<\/span><strong><span class=\"OYPEnA font-feature-liga-off font-feature-clig-off font-feature-calt-off text-decoration-none text-strikethrough-none\">ESS<\/span><\/strong><span class=\"OYPEnA font-feature-liga-off font-feature-clig-off font-feature-calt-off text-decoration-none text-strikethrough-none\"> se fonde sur la valeur d\u00e9mocratique de l\u2019inclusion sociale ainsi que sur un principe de solidarit\u00e9, qui prime sur la logique du profit, tout en garantissant une rentabilit\u00e9 \u00e9conomique.<\/span><\/p>\n<p class=\"cvGsUA direction-ltr align-justify para-style-body\"><span class=\"OYPEnA font-feature-liga-off font-feature-clig-off font-feature-calt-off text-decoration-none text-strikethrough-none\">Enfin, elle vise \u00e0 produire un changement social \u00e0 travers des actions \u00e9mancipatrices et vertueuses.<\/span><\/p>\n<p><span style=\"color: #e2264c; font-size: 14pt;\"><strong><span class=\"OYPEnA font-feature-liga-off font-feature-clig-off font-feature-calt-off text-decoration-none text-strikethrough-none\">D\u00e9couvrez quelques structures phares de l&rsquo;ESS pr\u00e9sent\u00e9es par nos \u00e9tudiant.e.s <\/span><\/strong><strong><span class=\"OYPEnA font-feature-liga-off font-feature-clig-off font-feature-calt-off text-decoration-none text-strikethrough-none\">:<\/span><\/strong><\/span><\/p>\n<p><div class=\"embed-container\"><iframe loading=\"lazy\" title=\"SUPER CAFOUTCH 2024\" width=\"945\" height=\"532\" src=\"https:\/\/www.youtube.com\/embed\/1fNF162igGA?feature=oembed\" frameborder=\"0\" allow=\"accelerometer; autoplay; clipboard-write; encrypted-media; gyroscope; picture-in-picture; web-share\" referrerpolicy=\"strict-origin-when-cross-origin\" allowfullscreen><\/iframe><\/div>\n<\/p>\n<p><a style=\"padding: 20px 15px; background: #eee; border-radius: 40px; border: 1px solid #daecf2; margin: 0; display: inline-block;\" href=\"https:\/\/www.imf.asso.fr\/pages\/wp-content\/uploads\/RECYCLOP-2024.pdf\"><strong><span style=\"text-align: center; background: #e2264c; padding: 5px 10px; display: inline-block; width: 35px; margin: 0px 10px 0 0; border-radius: 20px; color: white;\">\u2794<\/span><span style=\"text-align: center; background: white; padding: 5px 20px; display: inline-block; margin: 0px 10px 0px 0px; border-radius: 20px; color: #609e9f;\"><span style=\"text-align: center; background: white; padding: 5px 20px; display: inline-block; margin: 0 10px 0 0; border-radius: 20px; color: #1d60ab;\"><span style=\"color: #609e9f;\">Recyclop<\/span><\/span><\/span><\/strong><\/a><\/p>\n<p><a style=\"padding: 20px 15px; background: #eee; border-radius: 40px; border: 1px solid #daecf2; margin: 0; display: inline-block;\" href=\"https:\/\/www.imf.asso.fr\/pages\/wp-content\/uploads\/Chez-Henry-Boutique-Solidaire-2024.pdf\"><strong><span style=\"text-align: center; background: #e2264c; padding: 5px 10px; display: inline-block; width: 35px; margin: 0px 10px 0 0; border-radius: 20px; color: white;\">\u2794<\/span><span style=\"text-align: center; background: white; padding: 5px 20px; display: inline-block; margin: 0px 10px 0px 0px; border-radius: 20px; color: #609e9f;\"><span style=\"text-align: center; background: white; padding: 5px 20px; display: inline-block; margin: 0 10px 0 0; border-radius: 20px; color: #1d60ab;\"><span style=\"color: #609e9f;\">Chez Henry Boutique Solidaire<\/span><\/span><\/span><\/strong><\/a><\/p>\n<p><a style=\"padding: 20px 15px; background: #eee; border-radius: 40px; border: 1px solid #daecf2; margin: 0; display: inline-block;\" href=\"https:\/\/www.imf.asso.fr\/pages\/wp-content\/uploads\/Coco-Velten-2023.pdf\"><strong><span style=\"text-align: center; background: #e2264c; padding: 5px 10px; display: inline-block; width: 35px; margin: 0px 10px 0 0; border-radius: 20px; color: white;\">\u2794<\/span><span style=\"text-align: center; background: white; padding: 5px 20px; display: inline-block; margin: 0px 10px 0px 0px; border-radius: 20px; color: #609e9f;\"><span style=\"text-align: center; background: white; padding: 5px 20px; display: inline-block; margin: 0 10px 0 0; border-radius: 20px; color: #1d60ab;\"><span style=\"color: #609e9f;\">Coco Velten <\/span><\/span><\/span><\/strong><\/a><\/p>\n<p><a style=\"padding: 20px 15px; background: #eee; border-radius: 40px; border: 1px solid #daecf2; margin: 0; display: inline-block;\" href=\"https:\/\/www.imf.asso.fr\/pages\/wp-content\/uploads\/DROGHERIA-Epicerie-Solidaire-2023.pdf\"><strong><span style=\"text-align: center; background: #e2264c; padding: 5px 10px; display: inline-block; width: 35px; margin: 0px 10px 0 0; border-radius: 20px; color: white;\">\u2794<\/span><span style=\"text-align: center; background: white; padding: 5px 20px; display: inline-block; margin: 0px 10px 0px 0px; border-radius: 20px; color: #609e9f;\"><span style=\"text-align: center; background: white; padding: 5px 20px; display: inline-block; margin: 0 10px 0 0; border-radius: 20px; color: #1d60ab;\"><span style=\"color: #609e9f;\">Drogheria Epicerie Solidaire<\/span><\/span><\/span><\/strong><\/a><\/p>\n<p><a style=\"padding: 20px 15px; background: #eee; border-radius: 40px; border: 1px solid #daecf2; margin: 0; display: inline-block;\" href=\"https:\/\/www.imf.asso.fr\/pages\/wp-content\/uploads\/RECYCLODROME-2022.pdf\"><strong><span style=\"text-align: center; background: #e2264c; padding: 5px 10px; display: inline-block; width: 35px; margin: 0px 10px 0 0; border-radius: 20px; color: white;\">\u2794<\/span><span style=\"text-align: center; background: white; padding: 5px 20px; display: inline-block; margin: 0px 10px 0px 0px; border-radius: 20px; color: #609e9f;\"><span style=\"text-align: center; background: white; padding: 5px 20px; display: inline-block; margin: 0 10px 0 0; border-radius: 20px; color: #1d60ab;\"><span style=\"color: #609e9f;\">Recyclodrome<\/span><\/span><\/span><\/strong><\/a><\/p>\n<p><a style=\"padding: 20px 15px; background: #eee; border-radius: 40px; border: 1px solid #daecf2; margin: 0; display: inline-block;\" href=\"https:\/\/www.imf.asso.fr\/pages\/wp-content\/uploads\/LA-CUISINE-DU-101-2023.pdf\"><strong><span style=\"text-align: center; background: #e2264c; padding: 5px 10px; display: inline-block; width: 35px; margin: 0px 10px 0 0; border-radius: 20px; color: white;\">\u2794<\/span><span style=\"text-align: center; background: white; padding: 5px 20px; display: inline-block; margin: 0px 10px 0px 0px; border-radius: 20px; color: #609e9f;\"><span style=\"text-align: center; background: white; padding: 5px 20px; display: inline-block; margin: 0 10px 0 0; border-radius: 20px; color: #1d60ab;\"><span style=\"color: #609e9f;\">La Cuisine du 101 <\/span><\/span><\/span><\/strong><\/a><\/p>\n<p><a style=\"padding: 20px 15px; background: #eee; border-radius: 40px; border: 1px solid #daecf2; margin: 0; display: inline-block;\" href=\"https:\/\/www.imf.asso.fr\/pages\/wp-content\/uploads\/La-Fibre-Solidaire-2023.pdf\"><strong><span style=\"text-align: center; background: #e2264c; padding: 5px 10px; display: inline-block; width: 35px; margin: 0px 10px 0 0; border-radius: 20px; color: white;\">\u2794<\/span><span style=\"text-align: center; background: white; padding: 5px 20px; display: inline-block; margin: 0px 10px 0px 0px; border-radius: 20px; color: #609e9f;\"><span style=\"text-align: center; background: white; padding: 5px 20px; display: inline-block; margin: 0 10px 0 0; border-radius: 20px; color: #1d60ab;\"><span style=\"color: #609e9f;\">La Fibre Solidaire <\/span><\/span><\/span><\/strong><\/a><\/p>\n<p><a style=\"padding: 20px 15px; background: #eee; border-radius: 40px; border: 1px solid #daecf2; margin: 0; display: inline-block;\" href=\"https:\/\/www.imf.asso.fr\/pages\/wp-content\/uploads\/La-M.A.I.F.-2022-.pdf\"><strong><span style=\"text-align: center; background: #e2264c; padding: 5px 10px; display: inline-block; width: 35px; margin: 0px 10px 0 0; border-radius: 20px; color: white;\">\u2794<\/span><span style=\"text-align: center; background: white; padding: 5px 20px; display: inline-block; margin: 0px 10px 0px 0px; border-radius: 20px; color: #609e9f;\"><span style=\"text-align: center; background: white; padding: 5px 20px; display: inline-block; margin: 0 10px 0 0; border-radius: 20px; color: #1d60ab;\"><span style=\"color: #609e9f;\">La M.A.I.F. <\/span><\/span><\/span><\/strong><\/a><\/p>\n<p><a style=\"padding: 20px 15px; background: #eee; border-radius: 40px; border: 1px solid #daecf2; margin: 0; display: inline-block;\" href=\"https:\/\/www.imf.asso.fr\/pages\/wp-content\/uploads\/LApres-M-2024.pdf\"><strong><span style=\"text-align: center; background: #e2264c; padding: 5px 10px; display: inline-block; width: 35px; margin: 0px 10px 0 0; border-radius: 20px; color: white;\">\u2794<\/span><span style=\"text-align: center; background: white; padding: 5px 20px; display: inline-block; margin: 0px 10px 0px 0px; border-radius: 20px; color: #609e9f;\"><span style=\"text-align: center; background: white; padding: 5px 20px; display: inline-block; margin: 0 10px 0 0; border-radius: 20px; color: #1d60ab;\"><span style=\"color: #609e9f;\">L&rsquo;Apr\u00e8s M  <\/span><\/span><\/span><\/strong><\/a><\/p>\n<p><a style=\"padding: 20px 15px; background: #eee; border-radius: 40px; border: 1px solid #daecf2; margin: 0; display: inline-block;\" href=\"https:\/\/www.imf.asso.fr\/pages\/wp-content\/uploads\/LApresM-2023.pdf\"><strong><span style=\"text-align: center; background: #e2264c; padding: 5px 10px; display: inline-block; width: 35px; margin: 0px 10px 0 0; border-radius: 20px; color: white;\">\u2794<\/span><span style=\"text-align: center; background: white; padding: 5px 20px; display: inline-block; margin: 0px 10px 0px 0px; border-radius: 20px; color: #609e9f;\"><span style=\"text-align: center; background: white; padding: 5px 20px; display: inline-block; margin: 0 10px 0 0; border-radius: 20px; color: #1d60ab;\"><span style=\"color: #609e9f;\">L&rsquo;Apres M  <\/span><\/span><\/span><\/strong><\/a><\/p>\n<p><a style=\"padding: 20px 15px; background: #eee; border-radius: 40px; border: 1px solid #daecf2; margin: 0; display: inline-block;\" href=\"https:\/\/www.imf.asso.fr\/pages\/wp-content\/uploads\/LE-CLOITRE-2023.pdf\"><strong><span style=\"text-align: center; background: #e2264c; padding: 5px 10px; display: inline-block; width: 35px; margin: 0px 10px 0 0; border-radius: 20px; color: white;\">\u2794<\/span><span style=\"text-align: center; background: white; padding: 5px 20px; display: inline-block; margin: 0px 10px 0px 0px; border-radius: 20px; color: #609e9f;\"><span style=\"text-align: center; background: white; padding: 5px 20px; display: inline-block; margin: 0 10px 0 0; border-radius: 20px; color: #1d60ab;\"><span style=\"color: #609e9f;\">Le Cloitre <\/span><\/span><\/span><\/strong><\/a><\/p>\n<p><a style=\"padding: 20px 15px; background: #eee; border-radius: 40px; border: 1px solid #daecf2; margin: 0; display: inline-block;\" href=\"https:\/\/www.imf.asso.fr\/pages\/wp-content\/uploads\/Le-REPUBLIQUE-Restaurant-solidaire-2024.pdf\"><strong><span style=\"text-align: center; background: #e2264c; padding: 5px 10px; display: inline-block; width: 35px; margin: 0px 10px 0 0; border-radius: 20px; color: white;\">\u2794<\/span><span style=\"text-align: center; background: white; padding: 5px 20px; display: inline-block; margin: 0px 10px 0px 0px; border-radius: 20px; color: #609e9f;\"><span style=\"text-align: center; background: white; padding: 5px 20px; display: inline-block; margin: 0 10px 0 0; border-radius: 20px; color: #1d60ab;\"><span style=\"color: #609e9f;\">Le Republique restaurant solidaire  <\/span><\/span><\/span><\/strong><\/a><\/p>\n<p><a style=\"padding: 20px 15px; background: #eee; border-radius: 40px; border: 1px solid #daecf2; margin: 0; display: inline-block;\" href=\"https:\/\/www.imf.asso.fr\/pages\/wp-content\/uploads\/LE-TALUS-2023.pdf\"><strong><span style=\"text-align: center; background: #e2264c; padding: 5px 10px; display: inline-block; width: 35px; margin: 0px 10px 0 0; border-radius: 20px; color: white;\">\u2794<\/span><span style=\"text-align: center; background: white; padding: 5px 20px; display: inline-block; margin: 0px 10px 0px 0px; border-radius: 20px; color: #609e9f;\"><span style=\"text-align: center; background: white; padding: 5px 20px; display: inline-block; margin: 0 10px 0 0; border-radius: 20px; color: #1d60ab;\"><span style=\"color: #609e9f;\">Le Talus <\/span><\/span><\/span><\/strong><\/a><\/p>\n<p><a style=\"padding: 20px 15px; background: #eee; border-radius: 40px; border: 1px solid #daecf2; margin: 0; display: inline-block;\" href=\"https:\/\/www.imf.asso.fr\/pages\/wp-content\/uploads\/Pain-et-Partage-2024.pdf\"><strong><span style=\"text-align: center; background: #e2264c; padding: 5px 10px; display: inline-block; width: 35px; margin: 0px 10px 0 0; border-radius: 20px; color: white;\">\u2794<\/span><span style=\"text-align: center; background: white; padding: 5px 20px; display: inline-block; margin: 0px 10px 0px 0px; border-radius: 20px; color: #609e9f;\"><span style=\"text-align: center; background: white; padding: 5px 20px; display: inline-block; margin: 0 10px 0 0; border-radius: 20px; color: #1d60ab;\"><span style=\"color: #609e9f;\">Pain et Partage <\/span><\/span><\/span><\/strong><\/a><\/p>\n<p><a style=\"padding: 20px 15px; background: #eee; border-radius: 40px; border: 1px solid #daecf2; margin: 0; display: inline-block;\" href=\"https:\/\/www.imf.asso.fr\/pages\/wp-content\/uploads\/RACINES-Epicerie-Solidaire-2024.pdf\"><strong><span style=\"text-align: center; background: #e2264c; padding: 5px 10px; display: inline-block; width: 35px; margin: 0px 10px 0 0; border-radius: 20px; color: white;\">\u2794<\/span><span style=\"text-align: center; background: white; padding: 5px 20px; display: inline-block; margin: 0px 10px 0px 0px; border-radius: 20px; color: #609e9f;\"><span style=\"text-align: center; background: white; padding: 5px 20px; display: inline-block; margin: 0 10px 0 0; border-radius: 20px; color: #1d60ab;\"><span style=\"color: #609e9f;\">Racines epicerie solidaire <\/span><\/span><\/span><\/strong><\/a><\/p>\n<p><a style=\"padding: 20px 15px; background: #eee; border-radius: 40px; border: 1px solid #daecf2; margin: 0; display: inline-block;\" href=\"https:\/\/www.imf.asso.fr\/pages\/wp-content\/uploads\/RECYCLERIE-SPORTIVE-2023.pdf\"><strong><span style=\"text-align: center; background: #e2264c; padding: 5px 10px; display: inline-block; width: 35px; margin: 0px 10px 0 0; border-radius: 20px; color: white;\">\u2794<\/span><span style=\"text-align: center; background: white; padding: 5px 20px; display: inline-block; margin: 0px 10px 0px 0px; border-radius: 20px; color: #609e9f;\"><span style=\"text-align: center; background: white; padding: 5px 20px; display: inline-block; margin: 0 10px 0 0; border-radius: 20px; color: #1d60ab;\"><span style=\"color: #609e9f;\">Recyclerie Sportive<\/span><\/span><\/span><\/strong><\/a><\/p>\n<p><a style=\"padding: 20px 15px; background: #eee; border-radius: 40px; border: 1px solid #daecf2; margin: 0; display: inline-block;\" href=\"https:\/\/www.imf.asso.fr\/pages\/wp-content\/uploads\/RECYCLOP-2024-1.pdf\"><strong><span style=\"text-align: center; background: #e2264c; padding: 5px 10px; display: inline-block; width: 35px; margin: 0px 10px 0 0; border-radius: 20px; color: white;\">\u2794<\/span><span style=\"text-align: center; background: white; padding: 5px 20px; display: inline-block; margin: 0px 10px 0px 0px; border-radius: 20px; color: #609e9f;\"><span style=\"text-align: center; background: white; padding: 5px 20px; display: inline-block; margin: 0 10px 0 0; border-radius: 20px; color: #1d60ab;\"><span style=\"color: #609e9f;\">Recyclop <\/span><\/span><\/span><\/strong><\/a><\/p>\n<p><a style=\"padding: 20px 15px; background: #eee; border-radius: 40px; border: 1px solid #daecf2; margin: 0; display: inline-block;\" href=\"https:\/\/www.imf.asso.fr\/pages\/wp-content\/uploads\/SOLIHA-2024.pdf\"><strong><span style=\"text-align: center; background: #e2264c; padding: 5px 10px; display: inline-block; width: 35px; margin: 0px 10px 0 0; border-radius: 20px; color: white;\">\u2794<\/span><span style=\"text-align: center; background: white; padding: 5px 20px; display: inline-block; margin: 0px 10px 0px 0px; border-radius: 20px; color: #609e9f;\"><span style=\"text-align: center; background: white; padding: 5px 20px; display: inline-block; margin: 0 10px 0 0; border-radius: 20px; color: #1d60ab;\"><span style=\"color: #609e9f;\">Soliha<\/span><\/span><\/span><\/strong><\/a><\/p>\n","protected":false},"excerpt":{"rendered":"","protected":false},"author":4,"featured_media":0,"parent":0,"menu_order":0,"comment_status":"closed","ping_status":"closed","template":"","meta":{"footnotes":""},"_links":{"self":[{"href":"https:\/\/www.imf.asso.fr\/pages\/index.php?rest_route=\/wp\/v2\/pages\/13261"}],"collection":[{"href":"https:\/\/www.imf.asso.fr\/pages\/index.php?rest_route=\/wp\/v2\/pages"}],"about":[{"href":"https:\/\/www.imf.asso.fr\/pages\/index.php?rest_route=\/wp\/v2\/types\/page"}],"author":[{"embeddable":true,"href":"https:\/\/www.imf.asso.fr\/pages\/index.php?rest_route=\/wp\/v2\/users\/4"}],"replies":[{"embeddable":true,"href":"https:\/\/www.imf.asso.fr\/pages\/index.php?rest_route=%2Fwp%2Fv2%2Fcomments&post=13261"}],"version-history":[{"count":3,"href":"https:\/\/www.imf.asso.fr\/pages\/index.php?rest_route=\/wp\/v2\/pages\/13261\/revisions"}],"predecessor-version":[{"id":14428,"href":"https:\/\/www.imf.asso.fr\/pages\/index.php?rest_route=\/wp\/v2\/pages\/13261\/revisions\/14428"}],"wp:attachment":[{"href":"https:\/\/www.imf.asso.fr\/pages\/index.php?rest_route=%2Fwp%2Fv2%2Fmedia&parent=13261"}],"curies":[{"name":"wp","href":"https:\/\/api.w.org\/{rel}","templated":true}]}}