{"id":12975,"date":"2025-04-09T10:53:14","date_gmt":"2025-04-09T08:53:14","guid":{"rendered":"https:\/\/www.imf.asso.fr\/pages\/?page_id=12975"},"modified":"2025-10-14T09:58:06","modified_gmt":"2025-10-14T07:58:06","slug":"concours-video","status":"publish","type":"page","link":"https:\/\/www.imf.asso.fr\/pages\/?page_id=12975","title":{"rendered":"Concours vid\u00e9o Youth For Peace"},"content":{"rendered":"<p><!--more--><\/p>\n<p><span class=\"break-words\n          tvm-parent-container\"><span dir=\"ltr\">D\u00e9couvrez la vid\u00e9o finale du concours \u00ab\u00a0<em>Uni.es pour une M\u00e9diterran\u00e9e plus pacifique et inclusive<\/em>\u00a0\u00bb qui r\u00e9unit les cr\u00e9ations gagnantes des jeunes issus des diff\u00e9rents pays partenaires du projet.<\/p>\n<p>Organis\u00e9 dans le cadre du projet<strong> Erasmus+<\/strong> <em>Youth for Peace in the Mediterranean Se<\/em>a, ce concours a invit\u00e9 des jeunes de 13 \u00e0 30 ans \u00e0 partager, de mani\u00e8re cr\u00e9ative, leurs propositions pour construire une M\u00e9diterran\u00e9e plus solidaire et inclusive. <\/p>\n<p>Les vid\u00e9os laur\u00e9ates refl\u00e8tent l\u2019engagement de la jeunesse autour de th\u00e8mes essentiels au vivre ensemble (empathie, dialogue interculturel, culture de la paix, m\u00e9diation et r\u00e9solution de conflits) et l&rsquo;espoir d\u2019un avenir commun fond\u00e9 sur la paix.<\/span><\/span><span class=\"break-words\n          tvm-parent-container\"><span dir=\"ltr\"><\/p>\n<p><\/span><\/span><\/p>\n<p><div class=\"embed-container\"><iframe loading=\"lazy\" title=\"Winning Participatory Proposals - United for a more Peaceful and Inclusive Mediterranean (French)\" width=\"945\" height=\"532\" src=\"https:\/\/www.youtube.com\/embed\/uIIF58knRwc?start=2&#038;feature=oembed\" frameborder=\"0\" allow=\"accelerometer; autoplay; clipboard-write; encrypted-media; gyroscope; picture-in-picture; web-share\" referrerpolicy=\"strict-origin-when-cross-origin\" allowfullscreen><\/iframe><\/div>\n<\/p>\n<p><!--\n\n\n\n\n<div>\n\n\n<div>\n\n\n<p><span style=\"font-size: 18pt; color: #ff6600;\"><strong>Tu as entre 13 et 30 ans ? Ne manque pas cette opportunit\u00e9 de participer \u00e0 un projet unique !<\/strong><\/span><\/p>\n\n\n\n\n<p>Tente ta chance gr\u00e2ce au <strong>concours vid\u00e9o<\/strong> \u00ab <strong>Uni.es pour une M\u00e9diterran\u00e9e plus pacifique et inclusiv<\/strong>e \u00bb dans le cadre du projet europ\u00e9en\u00a0 <em>Youth for Peace in the Mediterranean Sea<\/em> et fais r\u00e9sonner ta voix pour une M\u00e9diterran\u00e9e plus inclusive.<\/p>\n\n\n\n\n<p><strong>Le th\u00e8me du concours<\/strong> : cr\u00e9er des propositions participatives pour renforcer la paix et l'inclusion dans notre r\u00e9gion ! Participe en solo ou en groupe \u00e0 travers une vid\u00e9o de 2 minutes max \u00e0 nous transmettre d'ici le <strong>31 mai 2025<\/strong>.<\/p>\n\n\n\n\n<p>Le.a laur\u00e9at.e aura l\u2019opportunit\u00e9 de <strong>participer \u00e0 la Conf\u00e9rence finale au Maroc en octobre 2025<\/strong>, afin de rencontrer les laur\u00e9ats des 8 autres pays !<\/p>\n\n\n\n\n<p><span style=\"color: #f64f1a;\"><strong><span style=\"font-size: 18pt;\">Envie d'en savoir plus ?<\/span><\/strong><\/span><\/p>\n\n\n<\/div>\n\n\n\n\n<div>\n\n\n<ul>\n\t\n\n<li><a href=\"https:\/\/www.imf.asso.fr\/pages\/wp-content\/uploads\/YxP-reglement-concours-version-Fr-1.pdf\">Consulte les r\u00e8gles du concours<\/a>.<\/li>\n\n\n\t\n\n<li><a href=\"https:\/\/youth4peace.aiij.org\/\">Visite le site web du projet<\/a><\/li>\n\n\n<\/ul>\n\n\n<\/div>\n\n\n<\/div>\n\n\n\n\n<div>\n\n\n<div>\n\n\n<p><a href=\"https:\/\/www.imf.asso.fr\/pages\/wp-content\/uploads\/YxP-reglement-concours-version-Fr-1.pdf\"><img decoding=\"async\" loading=\"lazy\" class=\"alignnone wp-image-12742 size-full\" src=\"https:\/\/www.imf.asso.fr\/pages\/wp-content\/uploads\/YxP-reglement-concours-version-Fr-1_Page_01.png\" alt=\"\" width=\"1655\" height=\"2340\" \/><\/a><\/p>\n\n\n\n\n<p>&nbsp;<\/p>\n\n\n\n\n<p><em>Ce projet est cofinanc\u00e9 par l'Union Europ\u00e9enne et regroupe 9 organisations de 8 pays du pourtour m\u00e9diterran\u00e9en : Espagne, France, Italie, Tunisie, \u00c9gypte, Jordanie, Liban et Maroc.<\/em><\/p>\n\n\n<\/div>\n\n\n<\/div>\n\n\n\n\n--><\/p>\n","protected":false},"excerpt":{"rendered":"","protected":false},"author":4,"featured_media":0,"parent":10186,"menu_order":6,"comment_status":"closed","ping_status":"closed","template":"template-twocolumnsright.php","meta":{"footnotes":""},"_links":{"self":[{"href":"https:\/\/www.imf.asso.fr\/pages\/index.php?rest_route=\/wp\/v2\/pages\/12975"}],"collection":[{"href":"https:\/\/www.imf.asso.fr\/pages\/index.php?rest_route=\/wp\/v2\/pages"}],"about":[{"href":"https:\/\/www.imf.asso.fr\/pages\/index.php?rest_route=\/wp\/v2\/types\/page"}],"author":[{"embeddable":true,"href":"https:\/\/www.imf.asso.fr\/pages\/index.php?rest_route=\/wp\/v2\/users\/4"}],"replies":[{"embeddable":true,"href":"https:\/\/www.imf.asso.fr\/pages\/index.php?rest_route=%2Fwp%2Fv2%2Fcomments&post=12975"}],"version-history":[{"count":2,"href":"https:\/\/www.imf.asso.fr\/pages\/index.php?rest_route=\/wp\/v2\/pages\/12975\/revisions"}],"predecessor-version":[{"id":14581,"href":"https:\/\/www.imf.asso.fr\/pages\/index.php?rest_route=\/wp\/v2\/pages\/12975\/revisions\/14581"}],"up":[{"embeddable":true,"href":"https:\/\/www.imf.asso.fr\/pages\/index.php?rest_route=\/wp\/v2\/pages\/10186"}],"wp:attachment":[{"href":"https:\/\/www.imf.asso.fr\/pages\/index.php?rest_route=%2Fwp%2Fv2%2Fmedia&parent=12975"}],"curies":[{"name":"wp","href":"https:\/\/api.w.org\/{rel}","templated":true}]}}