{"id":12017,"date":"2024-12-04T14:06:53","date_gmt":"2024-12-04T13:06:53","guid":{"rendered":"https:\/\/www.imf.asso.fr\/pages\/?page_id=12017"},"modified":"2026-01-26T15:06:31","modified_gmt":"2026-01-26T14:06:31","slug":"se-former-autrement","status":"publish","type":"page","link":"https:\/\/www.imf.asso.fr\/pages\/?page_id=12017","title":{"rendered":"FAST : se former autrement \u00e0 l&rsquo;\u00e9ducation sp\u00e9cialis\u00e9e"},"content":{"rendered":"<p><!--more--><\/p>\n<p><span style=\"color: #1d60ab;\"><strong>La formation FAST (Former Autrement \u00e0 partir de Situations de Travail) est un parcours novateur, favorisant l\u2019adaptabilit\u00e9 et le d\u00e9veloppement de nouvelles professionnalit\u00e9s.<\/strong><\/span><\/p>\n<p><img decoding=\"async\" loading=\"lazy\" src=\"https:\/\/www.imf.asso.fr\/pages\/wp-content\/uploads\/bandeauFAST-300x129.png\" alt=\"\" width=\"884\" height=\"380\" \/><\/p>\n<p>Co-construite avec nos partenaires pour refl\u00e9ter la r\u00e9alit\u00e9 du terrain, la formation vise \u00e0 r\u00e9pondre aux besoins des professionnels de l\u2019intervention sociale.<\/p>\n<p>Mises en situation, ateliers interactifs, travail collaboratif, accompagnement personnalis\u00e9&#8230; les innovations sociales et p\u00e9dagogiques sont au c\u0153ur de ce dispositif, favorisant ainsi une meilleure appropriation des connaissances.<\/p>\n<p style=\"margin: 20px 0 50px 0;\">\u00a0\u00a0<a style=\"padding: 10px 20px; background-color: #efefef;\" href=\"https:\/\/www.imf.asso.fr\/pages\/wp-content\/uploads\/Presentation-FAST-WEB.pdf\"> T\u00e9l\u00e9charger le livret informatif<\/a>\u00a0\u00a0 |\u00a0\u00a0 <a style=\"padding: 10px 20px; background-color: #efefef;\" href=\"mailto:m.rosset@imf.asso.fr\">Nous contacter<\/a><\/p>\n<p style=\"margin: 10px 0;\"><img decoding=\"async\" loading=\"lazy\" src=\"https:\/\/www.imf.asso.fr\/pages\/wp-content\/uploads\/objectifs-300x62.png\" alt=\"\" width=\"227\" height=\"47\" \/><\/p>\n<ul style=\"margin: 0;\">\n<li>D\u00e9velopper les connaissances en lien avec les Domaines de Comp\u00e9tence (DC) du r\u00e9f\u00e9rentiel de l&rsquo;\u00c9ducation Sp\u00e9cialis\u00e9e.<\/li>\n<li>Valoriser l\u2019exp\u00e9rience professionnelle comme un levier central d&rsquo;apprentissage.<\/li>\n<li>Obtenir le Dipl\u00f4me d\u2019\u00c9tat \u00c9ducateur Sp\u00e9cialis\u00e9 (DEES)<\/li>\n<\/ul>\n<p><img decoding=\"async\" loading=\"lazy\" src=\"https:\/\/www.imf.asso.fr\/pages\/wp-content\/uploads\/programme-300x62.png\" alt=\"\" width=\"218\" height=\"45\" \/><\/p>\n<p style=\"margin: 0px;\"><span style=\"color: #1d60ab;\"><strong>Ateliers de R\u00e9cits Professionnels<br \/>\n<\/strong><\/span>Partager et analyser ses exp\u00e9riences en lien avec les DC :<\/p>\n<ul style=\"margin: 0;\">\n<li><span style=\"color: #1d60ab;\">DC1 :<\/span> Relation \u00e9ducative sp\u00e9cialis\u00e9e<\/li>\n<li><span style=\"color: #1d60ab;\">DC2 :<\/span> Conception et conduite de projets \u00e9ducatifs sp\u00e9cialis\u00e9s<\/li>\n<li><span style=\"color: #1d60ab;\">DC3 :<\/span> Travail en \u00e9quipe pluri-professionnelle et communication professionnelle<\/li>\n<li><span style=\"color: #1d60ab;\">DC4 :<\/span> Dynamiques interinstitutionnelles, partenariats et r\u00e9seaux<\/li>\n<\/ul>\n<p style=\"margin: 0 0 10px 0;\"><span style=\"color: #1d60ab;\"><strong>Ateliers d&rsquo;\u00c9criture<br \/>\n<\/strong><\/span>Formaliser ses exp\u00e9riences pour faciliter la pr\u00e9paration des dossiers de certification.<\/p>\n<p style=\"margin: 0 0 10px 0;\"><strong><span style=\"color: #1d60ab;\">Ateliers de Lecture et Recherche Documentaire<br \/>\n<\/span><\/strong>Approfondir ses connaissances th\u00e9oriques et d\u00e9velopper ses comp\u00e9tences en recherche et analyse.<\/p>\n<p style=\"margin: 0 0 10px 0;\"><strong><span style=\"color: #1d60ab;\">Cours Th\u00e9oriques<br \/>\n<\/span><\/strong>\u00c9clairer les concepts cl\u00e9s de l&rsquo;\u00e9ducation sp\u00e9cialis\u00e9e et encourager la r\u00e9flexion sur la pratique professionnelle.<\/p>\n<p style=\"margin: 30px 0 10px 0;\"><img decoding=\"async\" loading=\"lazy\" src=\"https:\/\/www.imf.asso.fr\/pages\/wp-content\/uploads\/duree-300x62.png\" alt=\"\" width=\"198\" height=\"41\" \/><\/p>\n<div>\n<div>\n<p>Apr\u00e8s avoir examin\u00e9 et \u00e9valu\u00e9 le dossier, il est possible de mettre en \u0153uvre un plan d&rsquo;all\u00e8gement. Ce plan, destin\u00e9 principalement aux personnes ayant une exp\u00e9rience dans le secteur social et m\u00e9dico-social ou ayant obtenu un dipl\u00f4me de Moniteur \u00c9ducateur, permet de suivre la formation sur une dur\u00e9e de <span style=\"color: #1d60ab;\"><strong>deux ans<\/strong><\/span>.<\/p>\n<\/div>\n<\/div>\n","protected":false},"excerpt":{"rendered":"","protected":false},"author":4,"featured_media":0,"parent":264,"menu_order":6,"comment_status":"closed","ping_status":"closed","template":"template-twocolumnsleft.php","meta":{"footnotes":""},"_links":{"self":[{"href":"https:\/\/www.imf.asso.fr\/pages\/index.php?rest_route=\/wp\/v2\/pages\/12017"}],"collection":[{"href":"https:\/\/www.imf.asso.fr\/pages\/index.php?rest_route=\/wp\/v2\/pages"}],"about":[{"href":"https:\/\/www.imf.asso.fr\/pages\/index.php?rest_route=\/wp\/v2\/types\/page"}],"author":[{"embeddable":true,"href":"https:\/\/www.imf.asso.fr\/pages\/index.php?rest_route=\/wp\/v2\/users\/4"}],"replies":[{"embeddable":true,"href":"https:\/\/www.imf.asso.fr\/pages\/index.php?rest_route=%2Fwp%2Fv2%2Fcomments&post=12017"}],"version-history":[{"count":3,"href":"https:\/\/www.imf.asso.fr\/pages\/index.php?rest_route=\/wp\/v2\/pages\/12017\/revisions"}],"predecessor-version":[{"id":15981,"href":"https:\/\/www.imf.asso.fr\/pages\/index.php?rest_route=\/wp\/v2\/pages\/12017\/revisions\/15981"}],"up":[{"embeddable":true,"href":"https:\/\/www.imf.asso.fr\/pages\/index.php?rest_route=\/wp\/v2\/pages\/264"}],"wp:attachment":[{"href":"https:\/\/www.imf.asso.fr\/pages\/index.php?rest_route=%2Fwp%2Fv2%2Fmedia&parent=12017"}],"curies":[{"name":"wp","href":"https:\/\/api.w.org\/{rel}","templated":true}]}}