{"id":11692,"date":"2024-10-02T16:35:47","date_gmt":"2024-10-02T14:35:47","guid":{"rendered":"https:\/\/www.imf.asso.fr\/pages\/?page_id=11692"},"modified":"2025-04-10T10:28:18","modified_gmt":"2025-04-10T08:28:18","slug":"nos-etudiants-ont-du-talent","status":"publish","type":"page","link":"https:\/\/www.imf.asso.fr\/pages\/?page_id=11692","title":{"rendered":"Fiction Sonore"},"content":{"rendered":"<p><!--more--><\/p>\n<p>&nbsp;<\/p>\n<p><img decoding=\"async\" loading=\"lazy\" class=\"alignnone wp-image-11705 size-full\" src=\"https:\/\/www.imf.asso.fr\/pages\/wp-content\/uploads\/fictionsonore.png\" alt=\"\" width=\"1000\" height=\"300\" \/><\/p>\n<p><span class=\"OYPEnA font-feature-liga-off font-feature-clig-off font-feature-calt-off text-decoration-none text-strikethrough-none\">Dans le cadre d\u2019un atelier de m\u00e9diation \u00e9ducative, anim\u00e9 par Marie Dulaurier, les apprenants ME2 ont r\u00e9alis\u00e9 la fiction radio intitul\u00e9e \u00ab\u00a0<em>Un retard myst\u00e9rieux<\/em>\u00a0\u00bb. <\/span><\/p>\n<p><span class=\"OYPEnA font-feature-liga-off font-feature-clig-off font-feature-calt-off text-decoration-none text-strikethrough-none\">\u00c0 savourer les yeux ferm\u00e9s !<\/span><\/p>\n<!--[if lt IE 9]><script>document.createElement('audio');<\/script><![endif]-->\n<audio class=\"wp-audio-shortcode\" id=\"audio-11692-1\" preload=\"none\" style=\"width: 100%;\" controls=\"controls\"><source type=\"audio\/wav\" src=\"https:\/\/www.imf.asso.fr\/pages\/wp-content\/uploads\/240920_Montage_fiction_sonore_IMF.wav?_=1\" \/><a href=\"https:\/\/www.imf.asso.fr\/pages\/wp-content\/uploads\/240920_Montage_fiction_sonore_IMF.wav\">https:\/\/www.imf.asso.fr\/pages\/wp-content\/uploads\/240920_Montage_fiction_sonore_IMF.wav<\/a><\/audio>\n<p>&nbsp;<\/p>\n<p>En bonus, le b\u00eatisier :<\/p>\n<audio class=\"wp-audio-shortcode\" id=\"audio-11692-2\" preload=\"none\" style=\"width: 100%;\" controls=\"controls\"><source type=\"audio\/wav\" src=\"https:\/\/www.imf.asso.fr\/pages\/wp-content\/uploads\/240920_betisier.wav?_=2\" \/><a href=\"https:\/\/www.imf.asso.fr\/pages\/wp-content\/uploads\/240920_betisier.wav\">https:\/\/www.imf.asso.fr\/pages\/wp-content\/uploads\/240920_betisier.wav<\/a><\/audio>\n<p>&nbsp;<\/p>\n","protected":false},"excerpt":{"rendered":"","protected":false},"author":4,"featured_media":10476,"parent":0,"menu_order":5,"comment_status":"closed","ping_status":"closed","template":"template-twocolumnsleft.php","meta":{"footnotes":""},"_links":{"self":[{"href":"https:\/\/www.imf.asso.fr\/pages\/index.php?rest_route=\/wp\/v2\/pages\/11692"}],"collection":[{"href":"https:\/\/www.imf.asso.fr\/pages\/index.php?rest_route=\/wp\/v2\/pages"}],"about":[{"href":"https:\/\/www.imf.asso.fr\/pages\/index.php?rest_route=\/wp\/v2\/types\/page"}],"author":[{"embeddable":true,"href":"https:\/\/www.imf.asso.fr\/pages\/index.php?rest_route=\/wp\/v2\/users\/4"}],"replies":[{"embeddable":true,"href":"https:\/\/www.imf.asso.fr\/pages\/index.php?rest_route=%2Fwp%2Fv2%2Fcomments&post=11692"}],"version-history":[{"count":3,"href":"https:\/\/www.imf.asso.fr\/pages\/index.php?rest_route=\/wp\/v2\/pages\/11692\/revisions"}],"predecessor-version":[{"id":13158,"href":"https:\/\/www.imf.asso.fr\/pages\/index.php?rest_route=\/wp\/v2\/pages\/11692\/revisions\/13158"}],"wp:featuredmedia":[{"embeddable":true,"href":"https:\/\/www.imf.asso.fr\/pages\/index.php?rest_route=\/wp\/v2\/media\/10476"}],"wp:attachment":[{"href":"https:\/\/www.imf.asso.fr\/pages\/index.php?rest_route=%2Fwp%2Fv2%2Fmedia&parent=11692"}],"curies":[{"name":"wp","href":"https:\/\/api.w.org\/{rel}","templated":true}]}}