{"id":11058,"date":"2024-06-27T13:18:24","date_gmt":"2024-06-27T11:18:24","guid":{"rendered":"https:\/\/www.imf.asso.fr\/pages\/?page_id=11058"},"modified":"2026-03-05T11:45:51","modified_gmt":"2026-03-05T10:45:51","slug":"nos-resultats","status":"publish","type":"page","link":"https:\/\/www.imf.asso.fr\/pages\/?page_id=11058","title":{"rendered":"Nos r\u00e9sultats"},"content":{"rendered":"<p><!--more--><\/p>\n<p>&nbsp;<\/p>\n<p><span style=\"color: #1d60ab;\"><span style=\"font-size: 14pt;\"><strong><span style=\"font-size: 36pt;\">2024-2025<\/span><br \/>\n<\/strong><\/span><\/span><\/p>\n<p style=\"margin: 0 0 5px 0;\"><span style=\"color: #1d60ab;\"><strong><span style=\"font-size: 14pt;\"><br \/>\nTaux d&rsquo;obtention des dipl\u00f4mes :<\/span><\/strong><\/span><\/p>\n<div style=\"background: #ffb339; width: 340px; height: 50px; padding: 13px 10px 10px 25px; border-radius: 30px; margin: 0 0 10px 0;\"><strong><span style=\"width: 130px; display: inline-block;\">AES Marseille<\/span><\/strong> 100% <a href=\"https:\/\/www.inserjeunes.education.gouv.fr\/diffusion\/metier?metier=MET.782\"><img decoding=\"async\" loading=\"lazy\" style=\"margin: 0 0 0 20px;\" src=\"https:\/\/www.imf.asso.fr\/pages\/wp-content\/uploads\/logo.5a56413f.png\" width=\"93\" height=\"22\" \/><\/a><\/div>\n<div style=\"background: #ffb339; width: 240px; height: 50px; padding: 13px 10px 10px 25px; border-radius: 30px; margin: 0 0 10px 0;\"><strong><span style=\"width: 130px; display: inline-block;\">ASS Avignon<\/span><\/strong> 100%<\/div>\n<div style=\"background: #ffb339; width: 240px; height: 50px; padding: 13px 10px 10px 25px; border-radius: 30px; margin: 0 0 10px 0;\"><strong><span style=\"width: 130px; display: inline-block;\">ASS Marseille<\/span><\/strong> 100%<\/div>\n<div style=\"background: #ffb339; width: 340px; height: 50px; padding: 13px 10px 10px 25px; border-radius: 30px; margin: 0 0 10px 0;\"><strong><span style=\"width: 130px; display: inline-block;\">ME Marseille<\/span><\/strong> 91,7% <a href=\"https:\/\/www.inserjeunes.education.gouv.fr\/diffusion\/metier?metier=MET.190\"><img decoding=\"async\" loading=\"lazy\" style=\"margin: 0 0 0 20px;\" src=\"https:\/\/www.imf.asso.fr\/pages\/wp-content\/uploads\/logo.5a56413f.png\" width=\"93\" height=\"22\" \/><\/a><\/div>\n<div style=\"background: #ffb339; width: 340px; height: 50px; padding: 13px 10px 10px 25px; border-radius: 30px; margin: 0 0 10px 0;\"><strong><span style=\"width: 130px; display: inline-block;\">ME Avignon<\/span><\/strong> 80% <a href=\"https:\/\/www.inserjeunes.education.gouv.fr\/diffusion\/metier?metier=MET.190\"><img decoding=\"async\" loading=\"lazy\" style=\"margin: 0 0 0 20px;\" src=\"https:\/\/www.imf.asso.fr\/pages\/wp-content\/uploads\/logo.5a56413f.png\" width=\"93\" height=\"22\" \/><\/a><\/div>\n<div style=\"background: #ffb339; width: 240px; height: 50px; padding: 13px 10px 10px 25px; border-radius: 30px; margin: 0 0 10px 0;\"><strong><span style=\"width: 130px; display: inline-block;\">ME Arles<\/span><\/strong> <em>En cours<\/em>\u00a0<\/div>\n<div style=\"background: #ffb339; width: 240px; height: 50px; padding: 13px 10px 10px 25px; border-radius: 30px; margin: 0 0 10px 0;\"><strong><span style=\"width: 130px; display: inline-block;\">ES Marseille<\/span><\/strong> 100%<\/div>\n<div style=\"background: #ffb339; width: 240px; height: 50px; padding: 13px 10px 10px 25px; border-radius: 30px; margin: 0 0 10px 0;\"><strong><span style=\"width: 130px; display: inline-block;\">ES Avignon<\/span><\/strong> 100%<\/div>\n<div style=\"background: #ffb339; width: 240px; height: 50px; padding: 13px 10px 10px 25px; border-radius: 30px; margin: 0 0 10px 0;\"><strong><span style=\"width: 130px; display: inline-block;\">EJE Arles<\/span><\/strong> 100%<\/div>\n<p>&nbsp;<\/p>\n<p style=\"margin: 0 0 5px 0;\"><span style=\"font-size: 14pt; color: #1d60ab;\"><strong>Taux d&rsquo;insertion professionnelle<\/strong> <\/span><br \/>\ndes sortants de l&rsquo;\u00e9tablissement concern\u00e9, \u00e0 la suite des formations dispens\u00e9es : <span style=\"color: #1d60ab;\"><strong><br \/>\n<\/strong><\/span><\/p>\n<div style=\"background: #ffb339; width: 200px; height: 50px; padding: 13px 10px 10px 10px; border-radius: 30px; margin: 0px 0px 10px 0; text-align: center;\"><strong>90 %<\/strong><\/div>\n<p style=\"margin: 0 0 5px 0;\"><span style=\"color: #1d60ab;\"><strong><span style=\"font-size: 14pt;\"><br \/>\nTaux de poursuite d&rsquo;\u00e9tude :<\/span><br \/>\n<\/strong><\/span><\/p>\n<div style=\"background: #ffb339; width: 200px; height: 50px; padding: 13px 10px 10px 10px; border-radius: 30px; margin: 0px 0px 40px 0; text-align: center;\"><strong>2 %<\/strong><\/div>\n<p style=\"margin: 0 0 5px 0;\"><span style=\"color: #1d60ab;\"><span style=\"font-size: 14pt;\"><strong>Taux d&rsquo;interruption en cours de formation :<\/strong><\/span> <span style=\"color: #1d60ab;\"><strong><br \/>\n<\/strong><\/span><\/span><\/p>\n<div style=\"background: #ffb339; width: 100px; height: 50px; padding: 13px 10px 10px 10px; border-radius: 30px; margin: 0px 0px 40px 0; text-align: center;\"><strong>7,3 %<\/strong><\/div>\n<p style=\"margin: 0 0 25px;\"><span style=\"font-size: 14pt; color: #1d60ab;\"><strong><span style=\"font-size: 12pt;\"><a style=\"border: 1px solid purple; border-radius: 20px; padding: 10px 25px;\" href=\"https:\/\/www.imf.asso.fr\/pages\/?page_id=14866\">Consulter la valeur ajout\u00e9e Candidats<\/a><\/span><\/strong><\/span><\/p>\n<p style=\"margin: 0 0 30px;\"><span style=\"font-size: 14pt; color: #1d60ab;\"><strong><span style=\"font-size: 12pt;\"><a style=\"border: 1px solid purple; border-radius: 20px; padding: 10px 25px;\" href=\"https:\/\/www.imf.asso.fr\/pages\/?page_id=11021\"><span style=\"font-size: 12pt;\">Consulter la valeur ajout\u00e9e Employeurs<\/span><\/a><\/span><\/strong><\/span><\/p>\n<div style=\"background: #f1efe4; border-radius: 20px; padding: 30px 40px;\">\n<p><a href=\"https:\/\/www.inserjeunes.education.gouv.fr\/diffusion\/accueil\"><img decoding=\"async\" loading=\"lazy\" class=\"\" src=\"https:\/\/www.imf.asso.fr\/pages\/wp-content\/uploads\/logo.5a56413f.png\" width=\"144\" height=\"34\" \/><\/a><\/p>\n<p><a href=\"https:\/\/www.inserjeunes.education.gouv.fr\/diffusion\/accueil\"><strong>InserJeunes<\/strong><\/a> est une plateforme qui vous permet de consulter les taux de r\u00e9ussite, d&rsquo;insertion et de poursuite d&rsquo;\u00e9tudes de certains dipl\u00f4mes au niveau national.<\/p>\n<\/div>\n","protected":false},"excerpt":{"rendered":"","protected":false},"author":4,"featured_media":0,"parent":15077,"menu_order":0,"comment_status":"closed","ping_status":"closed","template":"","meta":{"footnotes":""},"_links":{"self":[{"href":"https:\/\/www.imf.asso.fr\/pages\/index.php?rest_route=\/wp\/v2\/pages\/11058"}],"collection":[{"href":"https:\/\/www.imf.asso.fr\/pages\/index.php?rest_route=\/wp\/v2\/pages"}],"about":[{"href":"https:\/\/www.imf.asso.fr\/pages\/index.php?rest_route=\/wp\/v2\/types\/page"}],"author":[{"embeddable":true,"href":"https:\/\/www.imf.asso.fr\/pages\/index.php?rest_route=\/wp\/v2\/users\/4"}],"replies":[{"embeddable":true,"href":"https:\/\/www.imf.asso.fr\/pages\/index.php?rest_route=%2Fwp%2Fv2%2Fcomments&post=11058"}],"version-history":[{"count":3,"href":"https:\/\/www.imf.asso.fr\/pages\/index.php?rest_route=\/wp\/v2\/pages\/11058\/revisions"}],"predecessor-version":[{"id":16439,"href":"https:\/\/www.imf.asso.fr\/pages\/index.php?rest_route=\/wp\/v2\/pages\/11058\/revisions\/16439"}],"up":[{"embeddable":true,"href":"https:\/\/www.imf.asso.fr\/pages\/index.php?rest_route=\/wp\/v2\/pages\/15077"}],"wp:attachment":[{"href":"https:\/\/www.imf.asso.fr\/pages\/index.php?rest_route=%2Fwp%2Fv2%2Fmedia&parent=11058"}],"curies":[{"name":"wp","href":"https:\/\/api.w.org\/{rel}","templated":true}]}}