{"id":10619,"date":"2024-06-13T15:19:27","date_gmt":"2024-06-13T13:19:27","guid":{"rendered":"https:\/\/www.imf.asso.fr\/pages\/?page_id=10619"},"modified":"2025-11-18T14:22:31","modified_gmt":"2025-11-18T13:22:31","slug":"apprentissage","status":"publish","type":"page","link":"https:\/\/www.imf.asso.fr\/pages\/?page_id=10619","title":{"rendered":"Apprentissage"},"content":{"rendered":"<p><!--more--><\/p>\n<p><img decoding=\"async\" loading=\"lazy\" class=\"alignnone wp-image-15050 size-large\" src=\"https:\/\/www.imf.asso.fr\/pages\/wp-content\/uploads\/banner-temoignages-1024x221.png\" alt=\"\" width=\"945\" height=\"204\" srcset=\"https:\/\/www.imf.asso.fr\/pages\/wp-content\/uploads\/banner-temoignages-1024x221.png 1024w, https:\/\/www.imf.asso.fr\/pages\/wp-content\/uploads\/banner-temoignages-300x65.png 300w, https:\/\/www.imf.asso.fr\/pages\/wp-content\/uploads\/banner-temoignages-768x166.png 768w, https:\/\/www.imf.asso.fr\/pages\/wp-content\/uploads\/banner-temoignages-945x204.png 945w, https:\/\/www.imf.asso.fr\/pages\/wp-content\/uploads\/banner-temoignages.png 1414w\" sizes=\"(max-width: 945px) 100vw, 945px\" \/><\/p>\n<p style=\"margin: 30px 0px; text-align: left;\"><span style=\"font-family: arial, helvetica, sans-serif; font-size: 24pt;\"><strong><span style=\"color: #1d60ab;\">L&rsquo;apprentissage : apprendre autrement<\/span><\/strong><\/span><\/p>\n<p style=\"margin: 0 0 30px 0;\">Largement pl\u00e9biscit\u00e9, l\u2019apprentissage est devenu une voie d\u2019acc\u00e8s incontournable en mati\u00e8re de formation.<\/p>\n<p style=\"margin: 0 0 30px 0;\">Opportunit\u00e9 int\u00e9ressante pour l\u2019apprenti, qui peut ainsi <span style=\"color: #1d60ab;\"><strong>se soutenir financi\u00e8rement pendant ses \u00e9tudes<\/strong><\/span> et acqu\u00e9rir <strong><span style=\"color: #1d60ab;\">une exp\u00e9rience pratique<\/span><\/strong> essentielle \u00e0 sa professionnalisation, l\u2019apprentissage s\u2019av\u00e8re \u00e9galement attrayant pour les employeurs qui peuvent <strong><span style=\"color: #1d60ab;\">transmettre leurs valeurs et savoir-faire<\/span><\/strong> \u00e0 la g\u00e9n\u00e9ration future de travailleurs sociaux, tout en <strong><span style=\"color: #1d60ab;\">b\u00e9n\u00e9ficiant d&rsquo;aides \u00e0 l\u2019embauche<\/span><\/strong>.<\/p>\n<p><strong><a style=\"border: 10px solid #68baf1; text-align: center; height: 200px; width: 200px; border-radius: 150px; background: no-repeat -800px -50px url('https:\/\/www.imf.asso.fr\/pages\/wp-content\/uploads\/banner-cfa2.png'); #1d60ab; display: block; float: left; margin: 0 40px 10px 0; padding: 80px 10px;\" href=\"https:\/\/www.imf.asso.fr\/pages\/?page_id=14817\"><span style=\"background: white; padding: 5px;\"><span style=\"font-size: 10pt;\">LE CFA<\/span><\/span><\/a><\/strong><\/p>\n<p><a style=\"border: 10px solid #68baf1; text-align: center; height: 200px; width: 200px; border-radius: 150px; background: no-repeat -1105px -50px url('https:\/\/www.imf.asso.fr\/pages\/wp-content\/uploads\/banner-apprentis.png'); display: block; float: left; margin: 0 40px 10px 0; padding: 80px 10px;\" href=\"https:\/\/www.imf.asso.fr\/pages\/?page_id=15077\"><span style=\"background: white; padding: 5px;\"><span style=\"font-size: 10pt;\"><strong>NOS FORMATIONS<\/strong><\/span><\/span><\/a><\/p>\n<p><a style=\"border: 10px solid #68baf1; text-align: center; height: 200px; width: 200px; border-radius: 150px; background: no-repeat -165px -50px url('https:\/\/www.imf.asso.fr\/pages\/wp-content\/uploads\/banner-apprentis.png'); display: block; float: left; margin: 0 40px 10px 0; padding: 80px 10px;\" href=\"https:\/\/www.imf.asso.fr\/pages\/?page_id=14866\"><span style=\"background: white; padding: 5px;\"><span style=\"font-size: 10pt;\"><strong>ESPACE CANDIDATS<\/strong><\/span><\/span><br \/>\n<span style=\"color: #ffffff;\"><span style=\"font-size: 10pt;\">S&rsquo;inscrire et s&rsquo;informer<\/span><\/span><\/a><\/p>\n<p><a style=\"border: 10px solid #68baf1; text-align: center; height: 200px; width: 200px; border-radius: 150px; background: no-repeat -150px -100px url('https:\/\/www.imf.asso.fr\/pages\/wp-content\/uploads\/banner-employ.png'); display: block; float: left; margin: 0 0 10px 0; padding: 80px 10px;\" href=\"https:\/\/www.imf.asso.fr\/pages\/?page_id=11021\"><span style=\"background: white; padding: 5px;\"><span style=\"font-size: 10pt;\"><strong>ESPACE EMPLOYEURS<\/strong><\/span><\/span><\/a><\/p>\n<p>&nbsp;<\/p>\n<p>&nbsp;<\/p>\n<p>&nbsp;<\/p>\n<p>&nbsp;<\/p>\n<p>&nbsp;<\/p>\n<p style=\"clear: both; margin: 30px 0 0 0;\"><strong>D\u00e9couvrez l&rsquo;exp\u00e9rience de Clara, une de nos apprenties :<\/strong><\/p>\n<p><div class=\"embed-container\"><iframe loading=\"lazy\" title=\"\ud83e\udec2 Clara, monitrice \u00e9ducatrice en alternance - Prix Coh\u00e9sion Sociale\" width=\"945\" height=\"532\" src=\"https:\/\/www.youtube.com\/embed\/G5CaNlYau3A?feature=oembed\" frameborder=\"0\" allow=\"accelerometer; autoplay; clipboard-write; encrypted-media; gyroscope; picture-in-picture; web-share\" referrerpolicy=\"strict-origin-when-cross-origin\" allowfullscreen><\/iframe><\/div>\n<\/p>\n<p><!--\n\n\n\n\n\n\n\n\n\n\n\n\n\n\n\n\n\n\n\n\n\n\n\n\n\n\n\n\n\n\n\n\n\n\n\n\n\n\n\n\n\n\n\n\n\n\n\n\n\n\n\n\n\n\n\n\n\n\n\n\n\n\n\n\n\n\n\n\n\n\n\n\n\n\n\n\n\n\n\n\n\n\n\n\n\n\n\n\n\n\n\n\n\n\n\n\n\n\n\n\n\n\n\n\n\n\n\n\n\n\n\n\n\n\n\n\n\n\n\n\n\n\n\n\n\n\n\n\n\n\n\n\n\n\n\n\n\n<p>&nbsp;<\/p>\n\n\n\n\n<p><img decoding=\"async\" loading=\"lazy\" class=\"alignnone wp-image-10620 size-full\" src=\"https:\/\/www.imf.asso.fr\/pages\/wp-content\/uploads\/banniere-apprentissage.png\" alt=\"\" width=\"900\" height=\"317\" \/><\/p>\n\n\n\n\n<div>\u00a0<\/div>\n\n\n\n\n<div style=\"width: auto; height: auto; margin: 0 auto; text-align: justify; padding: 0 50px 0 0;\">\n<span style=\"display: inline-block; width: 0px; overflow: hidden; line-height: 0;\" data-mce-type=\"bookmark\" class=\"mce_SELRES_start\"><\/span>\n\n\n<p style=\"margin: 30px 0px; text-align: left;\"><span style=\"font-family: arial, helvetica, sans-serif; font-size: 24pt;\"><strong><span style=\"color: #1d60ab;\">L'apprentissage : apprendre autrement<\/span><\/strong><\/span><\/p>\n\n\n\n\n<p style=\"margin: 0 0 30px 0;\">Largement pl\u00e9biscit\u00e9, l\u2019apprentissage est devenu une voie d\u2019acc\u00e8s incontournable en mati\u00e8re de formation.<\/p>\n\n\n\n\n<p style=\"margin: 0 0 30px 0;\">Opportunit\u00e9 int\u00e9ressante pour l\u2019apprenti, qui peut ainsi <span style=\"color: #1d60ab;\"><strong>se soutenir financi\u00e8rement pendant ses \u00e9tudes<\/strong><\/span> et acqu\u00e9rir <strong><span style=\"color: #1d60ab;\">une exp\u00e9rience pratique<\/span><\/strong> essentielle \u00e0 sa professionnalisation, l\u2019apprentissage s\u2019av\u00e8re \u00e9galement attrayant pour les employeurs qui peuvent <strong><span style=\"color: #1d60ab;\">transmettre leurs valeurs et savoir-faire<\/span><\/strong> \u00e0 la g\u00e9n\u00e9ration future de travailleurs sociaux, tout en <strong><span style=\"color: #1d60ab;\">b\u00e9n\u00e9ficiant d'aides \u00e0 l\u2019embauche<\/span><\/strong>.<\/p>\n\n\n<span style=\"display: inline-block; width: 0px; overflow: hidden; line-height: 0;\" data-mce-type=\"bookmark\" class=\"mce_SELRES_end\"><\/span>\n\n\n<table style=\"width: 100%; border-collapse: collapse; border-style: hidden;\">\n\n\n<tbody>\n\n\n<tr>\n\n\n<td style=\"width: 50%;\">\n\n\n<p style=\"background-color: orange; color: #fff; margin: 0 0 10px 0; padding: 15px 50px; width: 400px; text-align: center; border-radius: 30px;\">Vous \u00eates<br \/>\n<span style=\"font-size: 25px; font-weight: bold;\">EMPLOYEUR ?<\/span><\/p>\n\n\n<br \/>\n\n\n<ul>\n\t\n\n<li><a href=\"https:\/\/www.imf.asso.fr\/pages\/?page_id=11021\">Pourquoi recruter un apprenti ?<\/a><\/li>\n\n\n\t\n\n<li><a href=\"https:\/\/www.economie.gouv.fr\/entreprises\/aides-embauche-apprenti\">Les aides \u00e0 l'embauche<\/a><\/li>\n\n\n\t\n\n<li><a href=\"https:\/\/www.imf.asso.fr\/pages\/wp-content\/uploads\/2025-Fiche-Contacts-Apprentissage-web.pdf\">Nos formations par l'apprentissage<\/a><\/li>\n\n\n\t\n\n<li><a href=\"https:\/\/www.imf.asso.fr\/pages\/?page_id=4720\">La formation Ma\u00eetre d'apprentissage \/ Tuteur<\/a><\/li>\n\n\n\t\n\n<li style=\"text-align: left;\"><a href=\"https:\/\/www.service-public.fr\/particuliers\/vosdroits\/R1319\">\u00c9tablir un contrat d'apprentissage (Formulaire 10103*14)<\/a><\/li>\n\n\n\t\n\n<li><a href=\"https:\/\/www.imf.asso.fr\/pages\/wp-content\/uploads\/Apprentissage_Dossier_contractualisation_20250715_form.pdf\">Le dossier de contractualisation<\/a><\/li>\n\n\n\t\n\n<li><a href=\"mailto:m.lievaux@imf.asso.fr\">Nous contacter pour plus d'information<\/a><\/li>\n\n\n<\/ul>\n\n\n\n\n<p>&nbsp;<\/p>\n\n\n\n\n<p>&nbsp;<\/p>\n\n\n<\/td>\n\n\n\n\n<td style=\"width: 50%;\">\n\n\n<p style=\"background-color: #1d60ab; color: #fff; margin: 0 0 10px 0; padding: 15px 50px; width: 400px; text-align: center; border-radius: 30px;\">Vous souhaitez devenir<br \/>\n<span style=\"font-size: 25px; font-weight: bold;\">APPRENTI\u00b7E ?<\/span><\/p>\n\n\n<br \/>\n\n\n<ul>\n\t\n\n<li><a href=\"https:\/\/www.imf.asso.fr\/pages\/?page_id=10944\">D\u00e9posez votre candidature<\/a> pour vous inscrire au <strong>CFA de l'IMF RIS<\/strong><\/li>\n\n\n\t\n\n<li><a href=\"https:\/\/www.imf.asso.fr\/pages\/?page_id=11003\"><span style=\"display: inline-block; width: 0px; overflow: hidden; line-height: 0;\" data-mce-type=\"bookmark\" class=\"mce_SELRES_start\"><\/span>Avantages et modalit\u00e9s d'acc\u00e8s<\/a><\/li>\n\n\n\t\n\n<li><a href=\"https:\/\/www.imf.asso.fr\/pages\/wp-content\/uploads\/2025-Fiche-Contacts-Apprentissage-web.pdf\">Nos formations par l'apprentissage <\/a>(vous pouvez \u00e9galement consulter le d\u00e9tail de chacune de nos formations <a href=\"https:\/\/www.imf.asso.fr\/pages\/?page_id=85\">dipl\u00f4mantes<\/a> ou <a href=\"https:\/\/www.imf.asso.fr\/pages\/?page_id=47\">certifiantes<\/a>, ainsi que notre <a href=\"https:\/\/www.imf.asso.fr\/pages\/?page_id=9941\">parcours pr\u00e9paratoire de 3 mois pour d\u00e9couvrir l'apprentissage<\/a>)<\/li>\n\n\n\t\n\n<li><a href=\"https:\/\/www.imf.asso.fr\/pages\/?page_id=11058&amp;preview=true\">Nos r\u00e9sultats<\/a><\/li>\n\n\n\t\n\n<li><a href=\"https:\/\/www.imf.asso.fr\/pages\/?page_id=16\">Nous contacter pour plus d'information<\/a> ou participer \u00e0 une <a href=\"http:\/\/www.imf.asso.fr\/pages\/?page_id=2994\">r\u00e9union d'information collective<\/a><\/li>\n\n\n<\/ul>\n\n\n<\/td>\n\n\n<\/tr>\n\n\n<\/tbody>\n\n\n<\/table>\n\n\n<\/div>\n\n\n\n\n<p><span style=\"font-size: 10pt;\"><span style=\"font-size: 12pt;\">Autres ressources pour s'informer sur l'apprentissage ou trouver une entreprise<\/span> <br \/>\n(cliquer sur le logo pour se rendre sur le site correspondant) :<\/span><\/p>\n\n\n\n\n<table style=\"width: 100%; border-collapse: collapse; border-style: hidden;\">\n\n\n<tbody>\n\n\n<tr>\n\n\n<td style=\"width: 24.507%;\">\n\n\n<p><a href=\"https:\/\/www.inserjeunes.education.gouv.fr\/diffusion\/accueil\"><img decoding=\"async\" loading=\"lazy\" src=\"https:\/\/www.inserjeunes.education.gouv.fr\/diffusion\/assets\/images\/logo.5a56413f.png\" alt=\"InserJeune\" width=\"132\" height=\"31\" \/><\/a><\/p>\n\n\n<\/td>\n\n\n\n\n<td style=\"width: 75.493%;\"><a href=\"https:\/\/www.orientation-regionsud.fr\/\"><img decoding=\"async\" loading=\"lazy\" class=\"alignnone\" src=\"https:\/\/agora.orientation-regionsud.fr\/Portals\/21\/header_logo.png?ver=iN4IFJfFaLEGnfHRy0HySw%3d%3d\" alt=\"Orientation Formation M\u00e9tier en R\u00e9gion Sud\" width=\"115\" height=\"45\" \/><\/a><\/td>\n\n\n<\/tr>\n\n\n<\/tbody>\n\n\n<\/table>\n\n\n\n\n\n\n\n\n\n\n\n\n\n\n\n\n\n\n\n\n\n\n\n\n\n\n\n\n\n\n\n\n\n\n\n\n\n\n\n\n\n\n\n\n\n\n\n\n\n\n\n\n\n\n\n\n\n\n\n\n\n\n\n\n\n\n\n\n\n\n\n\n\n\n\n\n\n\n\n\n\n\n\n\n\n\n\n\n\n\n\n\n\n\n\n\n\n\n\n\n\n\n\n\n\n\n\n\n\n\n\n\n\n\n\n\n\n\n\n\n\n\n\n\n\n\n\n\n\n\n\n\n\n\n\n\n\n--><\/p>\n","protected":false},"excerpt":{"rendered":"","protected":false},"author":4,"featured_media":0,"parent":0,"menu_order":0,"comment_status":"closed","ping_status":"closed","template":"","meta":{"footnotes":""},"_links":{"self":[{"href":"https:\/\/www.imf.asso.fr\/pages\/index.php?rest_route=\/wp\/v2\/pages\/10619"}],"collection":[{"href":"https:\/\/www.imf.asso.fr\/pages\/index.php?rest_route=\/wp\/v2\/pages"}],"about":[{"href":"https:\/\/www.imf.asso.fr\/pages\/index.php?rest_route=\/wp\/v2\/types\/page"}],"author":[{"embeddable":true,"href":"https:\/\/www.imf.asso.fr\/pages\/index.php?rest_route=\/wp\/v2\/users\/4"}],"replies":[{"embeddable":true,"href":"https:\/\/www.imf.asso.fr\/pages\/index.php?rest_route=%2Fwp%2Fv2%2Fcomments&post=10619"}],"version-history":[{"count":3,"href":"https:\/\/www.imf.asso.fr\/pages\/index.php?rest_route=\/wp\/v2\/pages\/10619\/revisions"}],"predecessor-version":[{"id":15284,"href":"https:\/\/www.imf.asso.fr\/pages\/index.php?rest_route=\/wp\/v2\/pages\/10619\/revisions\/15284"}],"wp:attachment":[{"href":"https:\/\/www.imf.asso.fr\/pages\/index.php?rest_route=%2Fwp%2Fv2%2Fmedia&parent=10619"}],"curies":[{"name":"wp","href":"https:\/\/api.w.org\/{rel}","templated":true}]}}