{"id":10292,"date":"2024-05-06T14:06:51","date_gmt":"2024-05-06T12:06:51","guid":{"rendered":"https:\/\/www.imf.asso.fr\/pages\/?page_id=10292"},"modified":"2026-03-31T11:16:44","modified_gmt":"2026-03-31T09:16:44","slug":"reunions-dinformation-imf-ris-marseille","status":"publish","type":"page","link":"https:\/\/www.imf.asso.fr\/pages\/?page_id=10292","title":{"rendered":"R\u00e9unions d&rsquo;information IMF RIS MARSEILLE (en pr\u00e9sentiel)"},"content":{"rendered":"<p>&nbsp;<\/p>\n<p>Pour en savoir plus sur les m\u00e9tiers de l&rsquo;intervention sociale, venez nous rencontrer lors de nos r\u00e9unions d&rsquo;information en pr\u00e9sentiel.<\/p>\n<ul>\n<li id=\"tousniveaux\" style=\"text-align: left;\"><span style=\"color: #1d60ab; font-size: 14pt;\"><strong>Les formations tous niveaux<\/strong><\/span><span style=\"color: #1d60ab; font-size: 14pt;\"> (hors formations cadres)<br \/>\n<\/span><span style=\"font-size: 12pt;\">Adresse : <span style=\"color: #1d60ab;\"><b>IMF RIS MARSEILLE<\/b> &#8211; R\u00e9sidence Hippone \u2013 59 Av. de Saint-Just \u2013 13013 Marseille <\/span><em>(\u00e0 proximit\u00e9 du m\u00e9tro Saint-Just)<\/em><span style=\"color: #1d60ab;\"><br \/>\n<\/span>Pour tout compl\u00e9ment d&rsquo;information, contacter :<strong>\u00a0<\/strong><\/span><span style=\"color: #1d60ab; font-size: 14pt;\"><span style=\"font-size: 12pt;\"><strong>imfinfos@imf.asso.fr<\/strong><\/span><br \/>\n<\/span><\/li>\n<\/ul>\n<div style=\"background: #eee; border: 1px solid #efefef; border-radius: 20px; padding: 10px 20px; width: 600px;\">\n<ul>\n<li style=\"list-style-type: none;\">\n<ul>\n<li style=\"padding: 10px 0 10px 0;\"><span style=\"width: 200px; display: inline-block;\">Jeudi <strong>16 avril<\/strong><\/span>15h00<\/li>\n<li style=\"padding: 10px 0 10px 0;\"><span style=\"width: 200px; display: inline-block;\">Mercredi <strong>13 mai<\/strong><\/span>15h00<\/li>\n<li style=\"padding: 10px 0 10px 0;\"><span style=\"width: 200px; display: inline-block;\">Mercredi <strong>17 juin<\/strong><\/span>15h00<\/li>\n<li style=\"padding: 10px 0 10px 0;\"><span style=\"width: 200px; display: inline-block;\">Jeudi <strong>09 juillet<\/strong><\/span>15h00<\/li>\n<\/ul>\n<\/li>\n<\/ul>\n<\/div>\n<div class=\"x_elementToProof\" role=\"presentation\" data-olk-copy-source=\"MessageBody\">\u00a0<\/div>\n<p>&nbsp;<\/p>\n<ul data-editing-info=\"{&quot;applyListStyleFromLevel&quot;:false,&quot;unorderedStyleType&quot;:4}\">\n<li><span style=\"color: #1d60ab; font-size: 14pt;\"><strong>Nos info-m\u00e9tiers \u00e0 la Cit\u00e9 des M\u00e9tiers<\/strong><\/span><span style=\"color: #1d60ab; font-size: 14pt;\"><br \/>\n<\/span><span style=\"font-size: 12pt;\">Pour s&rsquo;inscrire, rendez-vous sur le <span style=\"color: #1d60ab;\"><span style=\"color: #000000;\"><strong><a href=\"https:\/\/citedesmetiers.fr\/info-metiers\/\">site de la Cit\u00e9 des M\u00e9tiers<\/a><br \/>\n<\/strong><\/span><\/span>Adresse : <strong><span style=\"color: #1d60ab;\">La Cit\u00e9 des M\u00e9tiers &#8211; 4 Rue des Consuls &#8211; 13002 Marseille<\/span><\/strong><span style=\"color: #1d60ab;\"><span style=\"color: #000000;\"><br \/>\n<\/span><\/span>Pour tout compl\u00e9ment d&rsquo;information, contacter <span style=\"color: #1d60ab;\"><span style=\"color: #000000;\">:<\/span><\/span><strong>\u00a0<\/strong><\/span><span style=\"color: #1d60ab; font-size: 14pt;\"><span style=\"font-size: 12pt;\"><strong>imfinfos@imf.asso.fr<\/strong><\/span><br \/>\n<\/span><\/li>\n<\/ul>\n<div style=\"background: #eee; border: 1px solid #efefef; border-radius: 20px; padding: 10px 20px; width: 600px;\">\n<ul>\n<li style=\"padding: 10px 0 15px 0; border-bottom: 1px solid white;\"><span style=\"width: 200px; display: inline-block;\">Jeudi <strong>09 avril<\/strong><\/span>10h00-12h00<\/li>\n<li style=\"padding: 10px 0 10px 0; border-bottom: 1px solid white;\"><span style=\"width: 200px; display: inline-block;\">Jeudi <strong>07 mai<\/strong><\/span>10h00-12h00<\/li>\n<li style=\"padding: 10px 0 15px 0; border-bottom: 1px solid white;\"><strong><span style=\"width: 200px; display: inline-block;\">Jeudi 04 juin<\/span><\/strong>10h00-12h00<\/li>\n<li style=\"padding: 10px 0 15px 0; border-bottom: 1px solid white;\"><span style=\"width: 200px; display: inline-block;\">Jeudi <strong>24 septembre<\/strong><\/span>10h00-12h00<\/li>\n<li style=\"padding: 10px 0 15px 0; border-bottom: 1px solid white;\"><strong><span style=\"width: 200px; display: inline-block;\">Jeudi 22 octobre<\/span><\/strong>10h00-12h00<\/li>\n<li style=\"padding: 10px 0 15px 0; border-bottom: 1px solid white;\"><span style=\"width: 200px; display: inline-block;\">Jeudi <strong>19 novembre<\/strong><\/span>10h00-12h00<\/li>\n<li style=\"padding: 10px 0 10px 0;\"><span style=\"width: 200px; display: inline-block;\">Jeudi <strong>17 d\u00e9cembre<\/strong><\/span>10h00-12h00<\/li>\n<\/ul>\n<\/div>\n<p>&nbsp;<\/p>\n<ul>\n<li id=\"deis\" style=\"text-align: left;\"><span style=\"color: #1d60ab; font-size: 14pt;\"><strong>Les formations cadres : DEIS<\/strong><br \/>\n<span style=\"font-size: 12pt;\"><span style=\"color: #000000;\">Pour tout compl\u00e9ment d&rsquo;information, contacter<\/span> :<strong> a.belhaj@imf.asso.fr<\/strong><\/span><br \/>\n<\/span><\/li>\n<\/ul>\n<div style=\"background: #eee; width: 600px; border: 1px solid #eee; border-radius: 30px; padding: 10px 20px;\"><a href=\"https:\/\/www.imf.asso.fr\/pages\/?page_id=10293\"><strong>Dates disponibles en visio uniquement.<\/strong><\/a><\/div>\n<p>&nbsp;<\/p>\n<ul style=\"margin: 15px 0 0 0;\">\n<li><span style=\"color: #1d60ab; font-size: 14pt;\"><strong><em>TRACE TON AVENIR<\/em><\/strong>, la pr\u00e9paration aux formations du social<\/span><span style=\"color: #1d60ab; font-size: 14pt;\"><span style=\"color: #1d60ab; font-size: 14pt;\"><br \/>\n<em><strong>\u2794<\/strong>\u00a0<a href=\"https:\/\/www.imf.asso.fr\/pages\/?page_id=9941\"><span style=\"font-size: 12pt;\"> D\u00e9couvrir la pr\u00e9pa et consulter les dates des r\u00e9unions d&rsquo;information collective<\/span><\/a><\/em><\/p>\n<p>\n<\/span><\/span><\/p>\n<p><a href=\"https:\/\/www.imf.asso.fr\/pages\/?page_id=2994\"><span style=\"color: #1d60ab; font-size: 14pt;\"><strong>\u2794 Consulter les autres dates de nos r\u00e9unions d&rsquo;information collective<\/strong><\/span><\/a><span style=\"color: #1d60ab; font-size: 14pt;\"><br \/>\n<\/span><\/p>\n<\/li>\n<\/ul>\n","protected":false},"excerpt":{"rendered":"<p>&nbsp;<\/p>\n<p>Pour en savoir plus sur les m\u00e9tiers de l&rsquo;intervention sociale, venez nous rencontrer lors de nos r\u00e9unions d&rsquo;information en pr\u00e9sentiel.<\/p>\n<ul>\n<li id=\"tousniveaux\" style=\"text-align: left;\"><span style=\"color: #1d60ab; font-size: 14pt;\"><strong>Les formations tous niveaux<\/strong><\/span><span style=\"color: #1d60ab; font-size: 14pt;\"> (hors formations cadres)<br \/> <\/span><span style=\"font-size: 12pt;\">Adresse : <span style=\"color: #1d60ab;\"><b>IMF RIS MARSEILLE<\/b> &#8211; R\u00e9sidence Hippone \u2013 59 &hellip;\n<p><a class=\"more-link btn\" href=\"https:\/\/www.imf.asso.fr\/pages\/?page_id=10292\">Lire la suite<\/a><\/p>\n<p><\/span><\/span><\/li>\n<\/ul>\n","protected":false},"author":4,"featured_media":0,"parent":0,"menu_order":0,"comment_status":"closed","ping_status":"closed","template":"","meta":{"footnotes":""},"_links":{"self":[{"href":"https:\/\/www.imf.asso.fr\/pages\/index.php?rest_route=\/wp\/v2\/pages\/10292"}],"collection":[{"href":"https:\/\/www.imf.asso.fr\/pages\/index.php?rest_route=\/wp\/v2\/pages"}],"about":[{"href":"https:\/\/www.imf.asso.fr\/pages\/index.php?rest_route=\/wp\/v2\/types\/page"}],"author":[{"embeddable":true,"href":"https:\/\/www.imf.asso.fr\/pages\/index.php?rest_route=\/wp\/v2\/users\/4"}],"replies":[{"embeddable":true,"href":"https:\/\/www.imf.asso.fr\/pages\/index.php?rest_route=%2Fwp%2Fv2%2Fcomments&post=10292"}],"version-history":[{"count":3,"href":"https:\/\/www.imf.asso.fr\/pages\/index.php?rest_route=\/wp\/v2\/pages\/10292\/revisions"}],"predecessor-version":[{"id":16918,"href":"https:\/\/www.imf.asso.fr\/pages\/index.php?rest_route=\/wp\/v2\/pages\/10292\/revisions\/16918"}],"wp:attachment":[{"href":"https:\/\/www.imf.asso.fr\/pages\/index.php?rest_route=%2Fwp%2Fv2%2Fmedia&parent=10292"}],"curies":[{"name":"wp","href":"https:\/\/api.w.org\/{rel}","templated":true}]}}